{"id":2192,"date":"2019-10-02T15:48:25","date_gmt":"2019-10-02T18:48:25","guid":{"rendered":"http:\/\/www.cchla.ufpb.br\/entrad2019\/?page_id=2192"},"modified":"2021-12-01T05:46:28","modified_gmt":"2021-12-01T07:46:28","slug":"teste-programacao","status":"publish","type":"page","link":"http:\/\/www.cchla.ufpb.br\/entrad2019\/?page_id=2192","title":{"rendered":"Programa\u00e7\u00e3o"},"content":{"rendered":"\t\t<div data-elementor-type=\"wp-page\" data-elementor-id=\"2192\" class=\"elementor elementor-2192\" data-elementor-settings=\"[]\">\n\t\t\t<div class=\"elementor-inner\">\n\t\t\t\t<div class=\"elementor-section-wrap\">\n\t\t\t\t\t\t\t<section class=\"elementor-element elementor-element-3f70dac elementor-section-boxed elementor-section-height-default elementor-section-height-default elementor-section elementor-top-section\" data-id=\"3f70dac\" data-element_type=\"section\">\n\t\t\t\t\t\t<div class=\"elementor-container elementor-column-gap-default\">\n\t\t\t\t<div class=\"elementor-row\">\n\t\t\t\t<div class=\"elementor-element elementor-element-2ad41c8 elementor-column elementor-col-100 elementor-top-column\" data-id=\"2ad41c8\" data-element_type=\"column\">\n\t\t\t<div class=\"elementor-column-wrap  elementor-element-populated\">\n\t\t\t\t\t<div class=\"elementor-widget-wrap\">\n\t\t\t\t<div class=\"elementor-element elementor-element-e2f5ede elementor-tabs-view-horizontal elementor-widget elementor-widget-tabs\" data-id=\"e2f5ede\" data-element_type=\"widget\" id=\"h-tabs\" data-widget_type=\"tabs.default\">\n\t\t\t\t<div class=\"elementor-widget-container\">\n\t\t\t\t\t<div class=\"elementor-tabs\" role=\"tablist\">\n\t\t\t<div class=\"elementor-tabs-wrapper\">\n\t\t\t\t\t\t\t\t\t<div id=\"elementor-tab-title-2371\" class=\"elementor-tab-title elementor-tab-desktop-title\" data-tab=\"1\" role=\"tab\" aria-controls=\"elementor-tab-content-2371\"><a href=\"\">Programa\u00e7\u00e3o Geral<\/a><\/div>\n\t\t\t\t\t\t\t\t\t<div id=\"elementor-tab-title-2372\" class=\"elementor-tab-title elementor-tab-desktop-title\" data-tab=\"2\" role=\"tab\" aria-controls=\"elementor-tab-content-2372\"><a href=\"\">Comunica\u00e7\u00f5es e P\u00f4steres (por Simp\u00f3sio)<\/a><\/div>\n\t\t\t\t\t\t\t\t\t<div id=\"elementor-tab-title-2373\" class=\"elementor-tab-title elementor-tab-desktop-title\" data-tab=\"3\" role=\"tab\" aria-controls=\"elementor-tab-content-2373\"><a href=\"\">Comunica\u00e7\u00f5es e P\u00f4steres (por Dia)<\/a><\/div>\n\t\t\t\t\t\t\t<\/div>\n\t\t\t<div class=\"elementor-tabs-content-wrapper\">\n\t\t\t\t\t\t\t\t\t<div class=\"elementor-tab-title elementor-tab-mobile-title\" data-tab=\"1\" role=\"tab\">Programa\u00e7\u00e3o Geral<\/div>\n\t\t\t\t\t<div id=\"elementor-tab-content-2371\" class=\"elementor-tab-content elementor-clearfix\" data-tab=\"1\" role=\"tabpanel\" aria-labelledby=\"elementor-tab-title-2371\"><table style=\"width: 100%; height: 4570px;\" width=\"99%\"><tbody><tr style=\"height: 45px;\"><td style=\"width: 98%; height: 45px;\" colspan=\"2\" width=\"99%\"><p style=\"text-align: center; margin: 0px;\"><strong>07\/10\/2019 Segunda-feira<\/strong><\/p><\/td><\/tr><tr style=\"height: 45px;\"><td style=\"width: 21%; height: 45px;\" width=\"21%\"><p style=\"margin: 0px;\"><strong>HOR\u00c1RIO<\/strong><\/p><\/td><td style=\"width: 77%; height: 45px;\" width=\"77%\"><p style=\"margin: 0px;\"><strong>ATIVIDADE<\/strong><\/p><\/td><\/tr><tr style=\"height: 45px;\"><td style=\"width: 21%; height: 45px;\" width=\"21%\"><p style=\"margin: 0px;\">09h00 \u2013 15h00<\/p><\/td><td style=\"width: 77%; height: 45px;\" width=\"77%\"><p style=\"margin: 0px;\">Credenciamento. Local Hall do CCHLA<\/p><\/td><\/tr><tr style=\"height: 45px;\"><td style=\"width: 21%; height: 45px;\" width=\"21%\"><p style=\"margin: 0px;\">17h00 \u2013 18h00<\/p><\/td><td style=\"width: 77%; height: 45px;\" width=\"77%\"><p style=\"margin: 0px;\">Credenciamento. <strong>Local<\/strong>: <a href=\"https:\/\/beach.aramhoteis.com.br\/pt#_ga=2.106930371.1706677857.1567846309-1997317257.1567846309\">Aram Beach &amp; Convention Hotel<\/a><\/p><\/td><\/tr><tr style=\"height: 45px;\"><td style=\"width: 21%; height: 45px;\" width=\"21%\"><p style=\"margin: 0px;\">18h00 \u2013 19h00<\/p><\/td><td style=\"width: 77%; height: 45px;\" width=\"77%\"><p style=\"margin: 0px;\">Abertura Oficial. <strong>Local<\/strong>: <a href=\"https:\/\/beach.aramhoteis.com.br\/pt#_ga=2.106930371.1706677857.1567846309-1997317257.1567846309\">Aram Beach &amp; Convention Hotel<\/a> .\u00a0<\/p><\/td><\/tr><tr style=\"height: 72px;\"><td style=\"width: 21%; height: 72px;\" width=\"21%\"><p style=\"margin: 0px;\">19h00 \u2013 20h00<\/p><\/td><td style=\"width: 77%; height: 72px;\" width=\"77%\"><p style=\"text-align: justify; margin: 0px;\">Confer\u00eancia 1: <strong>Tradu\u00e7\u00f5es, retradu\u00e7\u00f5es e adapta\u00e7\u00f5es de cl\u00e1ssicos no Brasil.<\/strong> Marcia Amaral Peixoto Martins (PUC-Rio)<\/p><\/td><\/tr><tr style=\"height: 45px;\"><td style=\"width: 21%; height: 45px;\" width=\"21%\"><p style=\"margin: 0px;\">20h00 \u2013 22h00<\/p><\/td><td style=\"width: 77%; height: 45px;\" width=\"77%\"><p style=\"margin: 0px;\">Confraterniza\u00e7\u00e3o<\/p><\/td><\/tr><tr style=\"height: 45px;\"><td style=\"width: 98%; height: 45px;\" colspan=\"2\" width=\"99%\"><p style=\"text-align: center; margin: 0px;\"><strong>08\/10\/2019 Ter\u00e7a-feira (Local &#8211; UFPB, Campus I)<\/strong><\/p><\/td><\/tr><tr style=\"height: 518px;\"><td style=\"width: 21%; height: 518px;\" width=\"21%\"><p style=\"margin: 0px;\">08h30 \u2013 10h00<\/p><\/td><td style=\"width: 77%; height: 518px;\" width=\"77%\"><p>Mesa Redonda 1: <strong>Forma\u00e7\u00e3o de int\u00e9rpretes no Brasil, EUA e Chile.<\/strong>\u00a0 Reynaldo Pagura (University of Illinois at Urbana-Champaign, EUA) &#8220;A forma\u00e7\u00e3o de int\u00e9rpretes nos Estados Unidos no s\u00e9culo XXI \u2013 Um novo paradigma?&#8221;; Stephanie Diaz Galaz (Pontificia Universidad Catolica de Valparaiso, Chile) &#8220;A student-centered approach to interpreting training at undergraduate level&#8221;; Tito L\u00edvio Cruz Rom\u00e3o (UFC) &#8220;Interpreta\u00e7\u00e3o juramentada no Brasil: forma\u00e7\u00e3o te\u00f3rico-pr\u00e1tica, atua\u00e7\u00e3o profissional e riscos \u00e0 seguran\u00e7a jur\u00eddica&#8221;. <strong>Local<\/strong>: Audit\u00f3rio CCHLA 411<\/p><p style=\"text-align: justify;\">Mesa Redonda 2: <strong>Expertise em tradu\u00e7\u00e3o: percurso e intera\u00e7\u00e3o em pauta<\/strong> \u2013 Fabio Alves da Silva J\u00fanior (UFMG), &#8220;A rela\u00e7\u00e3o homem-m\u00e1quina em tradu\u00e7\u00e3o pautada pelas no\u00e7\u00f5es de cogni\u00e7\u00e3o situada e cogni\u00e7\u00e3o estendida&#8221;; Igor Ant\u00f4nio Louren\u00e7o da Silva (UFU), &#8220;Expertise em tradu\u00e7\u00e3o na era digital \u2014 desafios e oportunidades&#8221;; Mediadora: Camila Nath\u00e1lia de Oliveira Braga (UFPB). <strong>Local<\/strong>: Audit\u00f3rio CCHLA 412<\/p><p style=\"text-align: justify; margin: 0px;\">Mesa Redonda 3: <strong>Tradu\u00e7\u00e3o e Ensino de l\u00ednguas Estrangeiras.<\/strong> Meta Elisabeth Zipser (UFSC), &#8220;Uma experi\u00eancia funcionalista na aula de literatura alem\u00e3: \u00e9 poss\u00edvel?&#8221;; Maria Jos\u00e9 Roslindo Damiani Costa (UFSC), &#8220;Refra\u00e7\u00e3o ou reflexo cultural: o di\u00e1logo constru\u00eddo entre a cultura-base e cultura-meta no ELE&#8221;. <strong>Local<\/strong>: Audit\u00f3rio CE 211<\/p><\/td><\/tr><tr style=\"height: 45px;\"><td style=\"width: 21%; height: 45px;\" width=\"21%\"><p style=\"margin: 0px;\">10h00 \u2013 10h30<\/p><\/td><td style=\"width: 77%; height: 45px;\" width=\"77%\"><p style=\"margin: 0px;\">Intervalo<\/p><\/td><\/tr><tr style=\"height: 72px;\"><td style=\"width: 21%; height: 72px;\" width=\"21%\"><p style=\"margin: 0px;\">10h30 \u2013 12h00<\/p><\/td><td style=\"width: 77%; height: 72px;\" width=\"77%\"><p style=\"margin: 0px;\">Simp\u00f3sios (Comunica\u00e7\u00f5es e p\u00f4steres):<\/p><p style=\"margin: 0px;\">(4.2) (5.1) (8.1\/8.2) (9.3) (10.1) (11.2) (17.1) <b>Local<\/b>: Ver programa\u00e7\u00e3o detalhada<\/p><\/td><\/tr><tr style=\"height: 45px;\"><td style=\"width: 21%; height: 45px;\" width=\"21%\"><p style=\"margin: 0px;\">12h00 \u2013 13h30<\/p><\/td><td style=\"width: 77%; height: 45px;\" width=\"77%\"><p style=\"margin: 0px;\">Almo\u00e7o<\/p><\/td><\/tr><tr style=\"height: 72px;\"><td style=\"width: 21%; height: 72px;\" width=\"21%\"><p style=\"margin: 0px;\">13h30 \u2013 15h00<\/p><\/td><td style=\"width: 77%; height: 72px;\" width=\"77%\"><p style=\"margin: 0px;\">Simp\u00f3sios (Comunica\u00e7\u00f5es e p\u00f4steres)<\/p><p style=\"margin: 0px;\">(1.1) (4.2) (5.1) (8.1\/8.2) (9.3) (10.1) (11.2) (14.1) (17.1) <b>Local<\/b>: Ver programa\u00e7\u00e3o detalhada<\/p><\/td><\/tr><tr style=\"height: 45px;\"><td style=\"width: 21%; height: 45px;\" width=\"21%\"><p style=\"margin: 0px;\">15h00 \u2013 15h30<\/p><\/td><td style=\"width: 77%; height: 45px;\" width=\"77%\"><p style=\"margin: 0px;\">Intervalo<\/p><\/td><\/tr><tr style=\"height: 72px;\"><td style=\"width: 21%; height: 72px;\" width=\"21%\"><p style=\"margin: 0px;\">15h30 \u2013 17h00<\/p><\/td><td style=\"width: 77%; height: 72px;\" width=\"77%\"><p style=\"margin: 0px;\">Simp\u00f3sios (Comunica\u00e7\u00f5es e p\u00f4steres)<\/p><p style=\"margin: 0px;\">(1.1) (4.2) (5.1) (8.1\/8.2) (10.1) (14.1) (17.1) <b>Local<\/b>: Ver programa\u00e7\u00e3o detalhada<\/p><\/td><\/tr><tr style=\"height: 99px;\"><td style=\"width: 21%; height: 99px;\" width=\"21%\"><p style=\"margin: 0px;\">17h30 \u2013 18h30<\/p><\/td><td style=\"width: 77%; height: 99px;\" width=\"77%\"><p style=\"text-align: justify; margin: 0px;\">Confer\u00eancia 2: <strong>A tradu\u00e7\u00e3o como paradigma emergente central no mundo contempor\u00e2neo.<\/strong> Micha\u00ebl Oustinoff, Universidade Nice Sophia-Antipolis (UCA), Fran\u00e7a <strong>Local<\/strong>: Audit\u00f3rio CCHLA 411, com transmiss\u00e3o para Audit\u00f3rio CCHLA 412<\/p><\/td><\/tr><tr><td style=\"width: 21%;\"><p>19h00<\/p><p style=\"margin: 0px;\">\u00a0<\/p><\/td><td style=\"width: 77%;\"><p>Performance: <strong>O inferno \u00e9 verde,<\/strong> por Isaura Tupiniquim e Z\u00e9fere.<\/p><p>Lan\u00e7amento de Livros<\/p><p style=\"text-align: justify; margin: 0px;\"><strong>Local<\/strong>: Audit\u00f3rio CCHLA 411<\/p><\/td><\/tr><tr style=\"height: 45px;\"><td style=\"width: 98%; height: 45px;\" colspan=\"2\" width=\"99%\"><p style=\"text-align: center; margin: 0px;\"><strong>09\/10\/2019 Quarta-feira (Local &#8211; UFPB, Campus I)<\/strong><\/p><\/td><\/tr><tr style=\"height: 572px;\"><td style=\"width: 21%; height: 572px;\" width=\"21%\"><p style=\"margin: 0px;\">08h30 \u2013 10h00<\/p><\/td><td style=\"width: 77%; height: 572px;\" width=\"77%\"><p style=\"text-align: justify;\">Mesa Redonda 4: <strong>Hist\u00f3ria da Tradu\u00e7\u00e3o no Brasil<\/strong>. Cristina Carneiro Rodrigues (Unesp), &#8220;Entre a ci\u00eancia e o encantamento: o Brasil visto por cientistas do s\u00e9culo XIX em tradu\u00e7\u00f5es do s\u00e9culo XX&#8221;; Germana Henriques Pereira (UnB), &#8220;Escrever e descrever a hist\u00f3ria da Tradu\u00e7\u00e3o no Brasil&#8221;. <strong>Local<\/strong>: Audit\u00f3rio CCHLA 411<\/p><p style=\"text-align: justify;\">Mesa Redonda 5: <strong>Forma\u00e7\u00e3o de Tradutoras e Tradutores.<\/strong> Jos\u00e9 Luiz Vila Real Gon\u00e7alves (UFOP), &#8220;Forma\u00e7\u00e3o de tradutores\/as e os estudos sobre compet\u00eancia tradut\u00f3ria: rela\u00e7\u00f5es entre teorias e pr\u00e1ticas&#8221;; Marileide Dias Esqueda (UFU), &#8220;Ensino de Tradu\u00e7\u00e3o: perfis e abordagens pedag\u00f3gicas de docentes brasileiros e canadenses&#8221;; Mediadora: Luciane Leipnitz (UFPB) <strong>Local<\/strong>: Audit\u00f3rio CCHLA 412<\/p><p style=\"text-align: justify; margin: 0px;\">Mesa Redonda 6: <strong>Circula\u00e7\u00e3o de Tradu\u00e7\u00f5es e Transfer\u00eancias Culturais<\/strong>. Val\u00e9ria dos Santos Guimar\u00e3es (Unesp\/Fapesp\/CapesPrint), &#8220;Imprensa franc\u00f3fona e media\u00e7\u00e3o como tradu\u00e7\u00e3o cultural sob a perspectiva da hist\u00f3ria global \u2013 projetos e oportunidades de pesquisas&#8221;; Fab\u00edola Reis (UNIFAP), &#8220;A alian\u00e7a Waj\u00e3pi-Saramaka na fronteira Brasil-Guiana Francesa: a tradu\u00e7\u00e3o de poemas do guianense Waddy Many Camby Beno\u00eet pelos ind\u00edgenas do curso de Licenciatura Intercultural Ind\u00edgena da UNIFAP&#8221;; Mediadora: Marta Pragana Dantas (UFPB). <strong>Local<\/strong>: Audit\u00f3rio CE 211<\/p><\/td><\/tr><tr style=\"height: 45px;\"><td style=\"width: 21%; height: 45px;\" width=\"21%\"><p style=\"margin: 0px;\">10h00 \u2013 10h30<\/p><\/td><td style=\"width: 77%; height: 45px;\" width=\"77%\"><p style=\"margin: 0px;\">Intervalo<\/p><\/td><\/tr><tr style=\"height: 72px;\"><td style=\"width: 21%; height: 72px;\" width=\"21%\"><p style=\"margin: 0px;\">10h30 \u2013 12h00<\/p><\/td><td style=\"width: 77%; height: 72px;\" width=\"77%\"><p style=\"margin: 0px;\">Simp\u00f3sios (Comunica\u00e7\u00f5es e p\u00f4steres)<\/p><p style=\"margin: 0px;\">(4.2) (5.1) (7.1\/7.2) (9.2) (10.1) (15.1) <b>Local<\/b>: Ver programa\u00e7\u00e3o detalhada<\/p><\/td><\/tr><tr style=\"height: 45px;\"><td style=\"width: 21%; height: 45px;\" width=\"21%\"><p style=\"margin: 0px;\">12h00 \u2013 13h30<\/p><\/td><td style=\"width: 77%; height: 45px;\" width=\"77%\"><p style=\"margin: 0px;\">Almo\u00e7o<\/p><\/td><\/tr><tr style=\"height: 72px;\"><td style=\"width: 21%; height: 72px;\" width=\"21%\"><p style=\"margin: 0px;\">13h30 \u2013 15h00<\/p><\/td><td style=\"width: 77%; height: 72px;\" width=\"77%\"><p style=\"margin: 0px;\">Simp\u00f3sios (Comunica\u00e7\u00f5es e p\u00f4steres)<\/p><p style=\"margin: 0px;\">(4.2) (5.3) (7.1\/7.2) (8.1\/8.2) (9.2) (10.1) (15.1) (17.1) (18.3) <b>Local<\/b>: Ver programa\u00e7\u00e3o detalhada<\/p><\/td><\/tr><tr style=\"height: 45px;\"><td style=\"width: 21%; height: 45px;\" width=\"21%\"><p style=\"margin: 0px;\">15h00 \u2013 15h30<\/p><\/td><td style=\"width: 77%; height: 45px;\" width=\"77%\"><p style=\"margin: 0px;\">Intervalo<\/p><\/td><\/tr><tr style=\"height: 72px;\"><td style=\"width: 21%; height: 72px;\" width=\"21%\"><p style=\"margin: 0px;\">15h30 \u2013 17h00<\/p><\/td><td style=\"width: 77%; height: 72px;\" width=\"77%\"><p style=\"margin: 0px;\">Simp\u00f3sios (Comunica\u00e7\u00f5es e p\u00f4steres)<\/p><p style=\"margin: 0px;\">(3.1) (4.2) (5.3) (7.1\/7.2) (8.1\/8.2) (9.1) (10.1) (15.1) (18.3) <b>Local<\/b>: Ver programa\u00e7\u00e3o detalhada<\/p><\/td><\/tr><tr style=\"height: 221px;\"><td style=\"width: 21%; height: 221px;\" width=\"21%\"><p style=\"margin: 0px;\">17h30 \u2013 19h00<\/p><\/td><td style=\"width: 77%; height: 221px;\" width=\"77%\"><p style=\"text-align: justify;\">Palestra 1: <strong>Migra\u00e7\u00f5es e fronteiras sociolingu\u00edsticas no Brasil<\/strong>. Sabine Gorovitz (UnB)<br \/>Palestra 2: <strong>Entre tradi\u00e7\u00e3o e trai\u00e7\u00e3o: os caminhos da tradu\u00e7\u00e3o entre l\u00ednguas aparentadas.<\/strong> Regina C\u00e9lia da Silva (UNICAMP)<br \/>Coordenadora: Angela Maria Erazo Mu\u00f1oz (UFPB) <b>Local<\/b>: Audit\u00f3rio CCHLA 411, com transmiss\u00e3o para Audit\u00f3rio CCHLA 412<\/p><\/td><\/tr><tr style=\"height: 45px;\"><td style=\"width: 21%; height: 45px;\" width=\"21%\"><p style=\"margin: 0px;\">21h00<\/p><\/td><td style=\"width: 77%; height: 45px;\" width=\"77%\"><p style=\"margin: 0px;\">Jantar (por ades\u00e3o)<\/p><\/td><\/tr><tr style=\"height: 45px;\"><td style=\"width: 98%; height: 45px;\" colspan=\"2\" width=\"99%\"><p style=\"text-align: center; margin: 0px;\"><strong>10\/10\/2019 Quinta-feira (Local &#8211; UFPB, Campus I)<\/strong><\/p><\/td><\/tr><tr style=\"height: 545px;\"><td style=\"width: 21%; height: 545px;\" width=\"21%\"><p style=\"margin: 0px;\">08h30 \u2013 10h00<\/p><\/td><td style=\"width: 77%; height: 545px;\" width=\"77%\"><p style=\"text-align: justify;\">Mesa Redonda 7: <strong>Tradu\u00e7\u00e3o Audiovisual<\/strong> &#8211; Vera L\u00facia Santiago Ara\u00fajo (UECE) &#8220;A locu\u00e7\u00e3o\/narra\u00e7\u00e3o na audiodescri\u00e7\u00e3o de filmes&#8221;; Patr\u00edcia Ara\u00fajo Vieira (UFC), &#8220;Evid\u00eancias dos movimentos dos olhos de espectadores surdos e ouvintes durante o processamento de legendas&#8221;; Mediadora: Ana Cristina Bezerril Cardoso (UFPB). <b>Local<\/b>: Audit\u00f3rio CCHLA 411<\/p><p style=\"text-align: justify;\">Mesa Redonda 8: <strong>Internacionaliza\u00e7\u00e3o e o papel das associa\u00e7\u00f5es na forma\u00e7\u00e3o em Tradu\u00e7\u00e3o<\/strong>. Ricardo Souza (ABRATES) &#8220;A associa\u00e7\u00e3o profissional na atua\u00e7\u00e3o de mercado e na pesquisa&#8221;;\u00a0 Walter Carlos Costa (ABRAPT \/ UFSC \/ UFC). <b>Local<\/b>: Audit\u00f3rio CCHLA 412<\/p><p style=\"text-align: justify; margin: 0px;\">Mesa Redonda 9: <strong>Haroldo de Campos &#8211; 90 anos.<\/strong> Diana Junkes (UFSCar), &#8220;Neobarroco, p\u00f3s-utopia e transcria\u00e7\u00e3o: reflex\u00f5es sobre poesia e pol\u00edtica na obra de Haroldo de Campos&#8221;; Simone Homem de Mello (Casa Guilherme de Almeida), &#8220;A nota\u00e7\u00e3o constelizadora de Haroldo de Campos&#8221;; Maur\u00edcio Mendon\u00e7a Cardozo (UFPR\/CNPq), &#8220;Transcria\u00e7\u00e3o: encapsulamentos e invisibilidade epistemol\u00f3gica na recep\u00e7\u00e3o do pensamento tradut\u00f3rio de Haroldo de Campos&#8221;. <b>Local<\/b>: Audit\u00f3rio CE 211<\/p><\/td><\/tr><tr style=\"height: 45px;\"><td style=\"width: 21%; height: 45px;\" width=\"21%\"><p style=\"margin: 0px;\">10h00 \u2013 10h30<\/p><\/td><td style=\"width: 77%; height: 45px;\" width=\"77%\"><p style=\"margin: 0px;\">Intervalo (Caf\u00e9 com Slam)<\/p><\/td><\/tr><tr style=\"height: 72px;\"><td style=\"width: 21%; height: 72px;\" width=\"21%\"><p style=\"margin: 0px;\">10h30 \u2013 12h00<\/p><\/td><td style=\"width: 77%; height: 72px;\" width=\"77%\"><p style=\"margin: 0px;\">Simp\u00f3sios (Comunica\u00e7\u00f5es e p\u00f4steres)<\/p><p style=\"margin: 0px;\">\u00a0(4.2) (5.2) (6.1) (7.1\/7.2) (11.1) (16.1) (17.2) (18.1) (18.3) <b>Local<\/b>: Ver programa\u00e7\u00e3o detalhada<\/p><\/td><\/tr><tr style=\"height: 45px;\"><td style=\"width: 21%; height: 45px;\" width=\"21%\"><p style=\"margin: 0px;\">12h00 \u2013 13h30<\/p><\/td><td style=\"width: 77%; height: 45px;\" width=\"77%\"><p style=\"margin: 0px;\">Almo\u00e7o<\/p><\/td><\/tr><tr style=\"height: 72px;\"><td style=\"width: 21%; height: 72px;\" width=\"21%\"><p style=\"margin: 0px;\">13h30 \u2013 15h00<\/p><\/td><td style=\"width: 77%; height: 72px;\" width=\"77%\"><p style=\"margin: 0px;\">Simp\u00f3sios (Comunica\u00e7\u00f5es e p\u00f4steres)<\/p><p style=\"margin: 0px;\">(2.1\/2.2) (4.2) (5.4) (6.1) (9.1) (11.1)\u00a0 (13.1) (17.2) (18.1) (18.3) <b>Local<\/b>: Ver programa\u00e7\u00e3o detalhada<\/p><\/td><\/tr><tr style=\"height: 45px;\"><td style=\"width: 21%; height: 45px;\" width=\"21%\"><p style=\"margin: 0px;\">15h00 \u2013 15h30<\/p><\/td><td style=\"width: 77%; height: 45px;\" width=\"77%\"><p style=\"margin: 0px;\">Intervalo<\/p><\/td><\/tr><tr style=\"height: 72px;\"><td style=\"width: 21%; height: 72px;\" width=\"21%\"><p style=\"margin: 0px;\">15h30 \u2013 17h00<\/p><\/td><td style=\"width: 77%; height: 72px;\" width=\"77%\"><p style=\"margin: 0px;\">Simp\u00f3sios (Comunica\u00e7\u00f5es e p\u00f4steres)<\/p><p style=\"margin: 0px;\">(2.1\/2.2) (3.1) (4.2) (5.4) (6.1) (9.1) (11.1)\u00a0 (13.1) (17.2) (18.1)<\/p><\/td><\/tr><tr style=\"height: 72px;\"><td style=\"width: 21%; height: 72px;\" width=\"21%\"><p style=\"margin: 0px;\">17h30 \u2013 18h30<\/p><\/td><td style=\"width: 77%; height: 72px;\" width=\"77%\"><p style=\"text-align: justify; margin: 0px;\">Confer\u00eancia 3: <strong>O Atlas submerso. Por uma hist\u00f3ria da tradu\u00e7\u00e3o como hist\u00f3ria da n\u00e3o-tradu\u00e7\u00e3o<\/strong>. Roberto Mulinacci (Universit\u00e0 di Bologna, It\u00e1lia) <b>Local<\/b>: Audit\u00f3rio CCHLA 411, com transmiss\u00e3o para Audit\u00f3rio CCHLA 412.<\/p><\/td><\/tr><tr style=\"height: 45px;\"><td style=\"width: 21%; height: 45px;\" width=\"21%\"><p style=\"margin: 0px;\">19h00<\/p><\/td><td style=\"width: 77%; height: 45px;\" width=\"77%\"><p style=\"margin: 0px;\">Primeira Chamada Assembleia da Abrapt &#8211; <b>Local<\/b>: Audit\u00f3rio CCHLA 411<\/p><\/td><\/tr><tr style=\"height: 45px;\"><td style=\"width: 21%; height: 45px;\" width=\"21%\"><p style=\"margin: 0px;\">19h30<\/p><\/td><td style=\"width: 77%; height: 45px;\" width=\"77%\"><p style=\"margin: 0px;\">Segunda Chamada Assemble\u00e1 da Abrapt &#8211; <b>Local<\/b>: Audit\u00f3rio CCHLA 411<\/p><\/td><\/tr><tr style=\"height: 45px;\"><td style=\"width: 98%; height: 45px;\" colspan=\"2\" width=\"99%\"><p style=\"text-align: center; margin: 0px;\"><strong>11\/10\/2019 Sexta-feira (Local &#8211; UFPB, Campus I)<\/strong><\/p><\/td><\/tr><tr style=\"height: 437px;\"><td style=\"width: 21%; height: 437px;\" width=\"21%\"><p style=\"margin: 0px;\">08h30 \u2013 10h00<\/p><\/td><td style=\"width: 77%; height: 437px;\" width=\"77%\"><p style=\"text-align: justify;\">Mesa Redonda 10: <strong>Tradu\u00e7\u00e3o Intersemi\u00f3tica e Adapta\u00e7\u00e3o: <\/strong>John Milton (USP), &#8220;Tradu\u00e7\u00e3o Intersemi\u00f3tica e Adapta\u00e7\u00e3o: a (in)fidelidade mata?&#8221;; C\u00edcera Antoniele Cajazeiras da Silva (UFERSA), &#8220;Adapta\u00e7\u00e3o e autorreflexividade&#8221;; Genilda Azer\u00eado (UFPB), &#8220;Da can\u00e7\u00e3o de Chico Buarque ao conto de Mia Couto: esses olhos (n\u00e3o) est\u00e3o diferentes&#8221;. <b>Local<\/b>: Audit\u00f3rio CCHLA 411<\/p><p style=\"text-align: justify;\">Mesa Redonda 11: <strong>Tradu\u00e7\u00e3o e antropologia<\/strong>. \u00c1lvaro Faleiros (USP); Alice Maria de Ara\u00fajo Ferreira (UnB) &#8220;Tradu\u00e7\u00e3o e Etnografia: para uma teoria cr\u00edtica da escrita tradut\u00f3ria; Mediador: Jos\u00e9 Roberto Andrade F\u00e9res (UFPB). <b>Local<\/b>: Audit\u00f3rio CCHLA 412<\/p><p style=\"text-align: justify; margin: 0px;\">Mesa Redonda 12: <strong>Tradu\u00e7\u00f5es no contexto amer\u00edndio: novos olhares, novos saberes<\/strong>. Rubelise da Cunha (FURG) &#8221; As rainhas da aldeia: a tradu\u00e7\u00e3o teatral como performance decolonial&#8221;; Cl\u00e1udia de Lima Costa (UFSC) &#8220;Tradu\u00e7\u00e3o e a virada ontol\u00f3gica&#8221;;\u00a0 Mediadora: Liane Schneider (UFPB). <b>Local<\/b>: Audit\u00f3rio CE 211.<\/p><\/td><\/tr><tr style=\"height: 45px;\"><td style=\"width: 21%; height: 45px;\" width=\"21%\"><p style=\"margin: 0px;\">10h00 \u2013 10h30<\/p><\/td><td style=\"width: 77%; height: 45px;\" width=\"77%\"><p style=\"margin: 0px;\">Intervalo<\/p><\/td><\/tr><tr style=\"height: 72px;\"><td style=\"width: 21%; height: 72px;\" width=\"21%\"><p style=\"margin: 0px;\">10h30 \u2013 12h00<\/p><\/td><td style=\"width: 77%; height: 72px;\" width=\"77%\"><p style=\"margin: 0px;\">Simp\u00f3sios (Comunica\u00e7\u00f5es e p\u00f4steres)<\/p><p style=\"margin: 0px;\">(3.1) (4.3) (6.1) (11.1)\u00a0 (16.1) (17.2) (18.2) <b>Local<\/b>: Ver programa\u00e7\u00e3o detalhada<\/p><\/td><\/tr><tr style=\"height: 45px;\"><td style=\"width: 21%; height: 45px;\" width=\"21%\"><p style=\"margin: 0px;\">12h00 \u2013 13h30<\/p><\/td><td style=\"width: 77%; height: 45px;\" width=\"77%\"><p style=\"margin: 0px;\">Almo\u00e7o<\/p><\/td><\/tr><tr style=\"height: 72px;\"><td style=\"width: 21%; height: 72px;\" width=\"21%\"><p style=\"margin: 0px;\">13h30 \u2013 15h00<\/p><\/td><td style=\"width: 77%; height: 72px;\" width=\"77%\"><p style=\"margin: 0px;\">Simp\u00f3sios (Comunica\u00e7\u00f5es e p\u00f4steres)<\/p><p style=\"margin: 0px;\">(3.1) (4.1) (4.3) (6.1) (13.1) (19.1) (Independente) <b>Local<\/b>: Ver programa\u00e7\u00e3o detalhada<\/p><\/td><\/tr><tr style=\"height: 45px;\"><td style=\"width: 21%; height: 45px;\" width=\"21%\"><p style=\"margin: 0px;\">15h00 \u2013 15h30<\/p><\/td><td style=\"width: 77%; height: 45px;\" width=\"77%\"><p style=\"margin: 0px;\">Intervalo<\/p><\/td><\/tr><tr style=\"height: 72px;\"><td style=\"width: 21%; height: 72px;\" width=\"21%\"><p style=\"margin: 0px;\">15h30 \u2013 17h00<\/p><\/td><td style=\"width: 77%; height: 72px;\" width=\"77%\"><p style=\"margin: 0px;\">Simp\u00f3sios (Comunica\u00e7\u00f5es e p\u00f4steres)<\/p><p style=\"margin: 0px;\">(4.1) (4.3) (6.1) (13.1)\u00a0 <b>Local<\/b>: Ver programa\u00e7\u00e3o detalhada<\/p><p>Oficina: Fotos para Tocar. <strong>Local<\/strong>: Audit\u00f3rio 412<\/p><\/td><\/tr><tr style=\"height: 45px;\"><td style=\"width: 21%; height: 45px;\" width=\"21%\"><p style=\"margin: 0px;\">17h30 \u2013 18h30<\/p><\/td><td style=\"width: 77%; height: 45px;\" width=\"77%\"><p style=\"margin: 0px; text-align: justify;\">Confer\u00eancia 4: <strong><em>Pr\u00e1ticas emergentes<\/em> na pesquisa sobre forma\u00e7\u00e3o de tradutores: \u2018a \u00faltima fronteira\u2019 e a pesquisa-a\u00e7\u00e3o na PGET-UFSC<\/strong>. Maria L\u00facia Barbosa de Vasconcellos (UFSC). <b>Local<\/b>: Audit\u00f3rio CCHLA 411, com transmiss\u00e3o para Audit\u00f3rio CCHLA 412.<\/p><\/td><\/tr><\/tbody><\/table><p style=\"margin: 0px;\">\u00a0<\/p><\/div>\n\t\t\t\t\t\t\t\t\t<div class=\"elementor-tab-title elementor-tab-mobile-title\" data-tab=\"2\" role=\"tab\">Comunica\u00e7\u00f5es e P\u00f4steres (por Simp\u00f3sio)<\/div>\n\t\t\t\t\t<div id=\"elementor-tab-content-2372\" class=\"elementor-tab-content elementor-clearfix\" data-tab=\"2\" role=\"tabpanel\" aria-labelledby=\"elementor-tab-title-2372\"><div>Veja abaixo as distribui\u00e7\u00f5es das sess\u00f5es para cada simp\u00f3sio.\u00a0<\/div><div>\u00a0<\/div><p style=\"margin-top: -15px;\"><a href=\"http:\/\/www.cchla.ufpb.br\/entrad2019\/wp-content\/uploads\/2019\/09\/1.1-Programa\u00e7\u00e3o-Sess\u00e3o-Simp\u00f3sio.docx.pdf\">1.1. Tradu\u00e7\u00e3o Autom\u00e1tica, P\u00f3s-edi\u00e7\u00e3o, Cogni\u00e7\u00e3o e Forma\u00e7\u00e3o de Tradutores<\/a><\/p><p style=\"margin-top: -15px;\"><a href=\"http:\/\/www.cchla.ufpb.br\/entrad2019\/wp-content\/uploads\/2019\/09\/2.2-Programa\u00e7\u00e3o-Sess\u00e3o-Simp\u00f3sio-1.pdf\">2.2. Inter- e Transculturalidade dos Espa\u00e7os Nacionais: Transfer\u00eancias Culturais via Tradu\u00e7\u00e3o e Circula\u00e7\u00e3o<\/a><\/p><p style=\"margin-top: -15px;\"><a href=\"http:\/\/www.cchla.ufpb.br\/entrad2019\/wp-content\/uploads\/2019\/09\/3.1-Programa\u00e7\u00e3o-Sess\u00e3o-Simp\u00f3sio.docx.pdf\">3.1. Mulheres em Tradu\u00e7\u00e3o <\/a><\/p><p style=\"margin-top: -15px;\"><a href=\"http:\/\/www.cchla.ufpb.br\/entrad2019\/wp-content\/uploads\/2019\/09\/4.1-Programa\u00e7\u00e3o-Sess\u00e3o-Simp\u00f3sio.docx.pdf\">4.1. Tradu\u00e7\u00e3o de Varia\u00e7\u00e3o Lingu\u00edstica em Textos Liter\u00e1rios<\/a><\/p><p style=\"margin-top: -15px;\"><a href=\"http:\/\/www.cchla.ufpb.br\/entrad2019\/wp-content\/uploads\/2019\/10\/4.2-Programa\u00e7\u00e3o-Sess\u00e3o-Simp\u00f3sio-.pdf\">4.2. Tradu\u00e7\u00e3o Liter\u00e1ria: Coment\u00e1rios, Anota\u00e7\u00f5es, Teoria, Hist\u00f3ria, Cr\u00edtica<\/a><\/p><p style=\"margin-top: -15px;\"><a href=\"http:\/\/www.cchla.ufpb.br\/entrad2019\/wp-content\/uploads\/2019\/10\/4.3-Programa\u00e7\u00e3o-Sess\u00e3o-Simp\u00f3sio.pdf\">4.3. Era uma vez&#8230; a Tradu\u00e7\u00e3o de Literatura Infantojuvenil no Brasil<\/a><\/p><p style=\"margin-top: -15px;\"><a href=\"http:\/\/www.cchla.ufpb.br\/entrad2019\/wp-content\/uploads\/2019\/09\/05.1-Programa\u00e7\u00e3o-Sess\u00e3o-Simp\u00f3sio.docx.pdf\">5.1. Did\u00e1tica da Forma\u00e7\u00e3o de Tradutores e Int\u00e9rpretes: Aquisi\u00e7\u00e3o e Desenvolvimento da Compet\u00eancia em Tradu\u00e7\u00e3o e Interpreta\u00e7\u00e3o<\/a><\/p><p style=\"margin-top: -15px;\"><a href=\"http:\/\/www.cchla.ufpb.br\/entrad2019\/wp-content\/uploads\/2019\/09\/5.2-Programa\u00e7\u00e3o-Sess\u00e3o-Simp\u00f3sio.docx.pdf\">5.2. Tradu\u00e7\u00e3o e Emancipa\u00e7\u00e3o: o Conhecimento Multicultural como Base para o Ensino e a Pesquisa em Tradu\u00e7\u00e3o e Interpreta\u00e7\u00e3o<\/a><\/p><p style=\"margin-top: -15px;\"><a href=\"http:\/\/www.cchla.ufpb.br\/entrad2019\/wp-content\/uploads\/2019\/09\/5.3-Programa\u00e7\u00e3o-Sess\u00e3o-Simp\u00f3sio.docx.pdf\">5.3 Pedagogia e Did\u00e1tica da Tradu\u00e7\u00e3o<\/a><\/p><p style=\"margin-top: -15px;\"><a href=\"http:\/\/www.cchla.ufpb.br\/entrad2019\/wp-content\/uploads\/2019\/09\/5.4-Programa\u00e7\u00e3o-Sess\u00e3o-Simp\u00f3sio.docx.pdf\">5.4. Forma\u00e7\u00e3o e Pesquisa em Tradu\u00e7\u00e3o na Contemporaneidade: Panorama e Perspectivas<\/a><\/p><p style=\"margin-top: -15px;\"><a href=\"http:\/\/www.cchla.ufpb.br\/entrad2019\/wp-content\/uploads\/2019\/09\/6.1-Programa\u00e7\u00e3o-Sess\u00e3o-Simp\u00f3sio-1.pdf\">6.1 O Tradutor e a Tradu\u00e7\u00e3o em Hist\u00f3ria<\/a><\/p><p style=\"margin-top: -15px;\"><a href=\"http:\/\/www.cchla.ufpb.br\/entrad2019\/wp-content\/uploads\/2019\/10\/7.1_7.2-Programa\u00e7\u00e3o-Sess\u00e3o-Simp\u00f3sio.pdf\">7.1. | 7.2. Os Estudos da Interpreta\u00e7\u00e3o e suas M\u00faltiplas Possibilidades; Pr\u00e1ticas e Did\u00e1ticas de Interpreta\u00e7\u00e3o e de Media\u00e7\u00f5es Lingu\u00edstico-culturais<\/a><\/p><p style=\"margin-top: -15px;\"><a href=\"http:\/\/www.cchla.ufpb.br\/entrad2019\/wp-content\/uploads\/2019\/09\/8.1_8.2-Programa\u00e7\u00e3o-Sess\u00e3o-Simp\u00f3sio-Libras-1.pdf\">8.1. | 8.2. Tradu\u00e7\u00e3o e Registro da Libras em Escrita de Sinais; Interpreta\u00e7\u00e3o e Tradu\u00e7\u00e3o Envolvendo L\u00ednguas de Sinais: Perspectivas, Deslocamentos e Desafios Contempor\u00e2neos<\/a><\/p><p style=\"margin-top: -15px;\"><a href=\"http:\/\/www.cchla.ufpb.br\/entrad2019\/wp-content\/uploads\/2019\/10\/9.1-Programa\u00e7\u00e3o-Sess\u00e3o-Simp\u00f3sio.pdf\">9.1. Caminhos Cruzados: entre Tradu\u00e7\u00e3o e Cria\u00e7\u00e3o<\/a><\/p><p style=\"margin-top: -15px;\"><a href=\"http:\/\/www.cchla.ufpb.br\/entrad2019\/wp-content\/uploads\/2019\/09\/9.2-Programa\u00e7\u00e3o-Sess\u00e3o-Simp\u00f3sio-1.pdf\">9.2. Pensando (com) Haroldo de Campos: Teoria, Cr\u00edtica e Hist\u00f3ria da Tradu\u00e7\u00e3o Liter\u00e1ria<\/a><\/p><p style=\"margin-top: -15px;\"><a href=\"http:\/\/www.cchla.ufpb.br\/entrad2019\/wp-content\/uploads\/2019\/09\/9.3-Programa\u00e7\u00e3o-Sess\u00e3o-Simp\u00f3sio_.pdf\">9.3. A tradu\u00e7\u00e3o de Textos Teatrais<\/a><\/p><p style=\"margin-top: -15px;\"><a href=\"http:\/\/www.cchla.ufpb.br\/entrad2019\/wp-content\/uploads\/2019\/09\/10.1-Programa\u00e7\u00e3o-Sess\u00e3o-Simp\u00f3sio.docx.pdf\">10.1. Metodologias em Pesquisas na \u00c1rea da Tradu\u00e7\u00e3o Audiovisual (TAV) <\/a>\u00a0<\/p><p style=\"margin-top: -15px;\"><a href=\"http:\/\/www.cchla.ufpb.br\/entrad2019\/wp-content\/uploads\/2019\/10\/11.1-Programa\u00e7\u00e3o-Sess\u00e3o-Simp\u00f3sio.pdf\">11.1. Quando os Opostos Podem se Atrair: Reunindo Diferentes Teorias e M\u00e9todos sobre a Rela\u00e7\u00e3o entre Cultura e Tradu\u00e7\u00e3o<\/a><\/p><p style=\"margin-top: -15px;\"><a href=\"http:\/\/www.cchla.ufpb.br\/entrad2019\/wp-content\/uploads\/2019\/10\/11.2-Programa\u00e7\u00e3o-Sess\u00e3o-Simp\u00f3sio-.pdf\">11.2. Reflex\u00f5es e Pr\u00e1ticas de Tradu\u00e7\u00e3o na era P\u00f3s-colonial<\/a><\/p><p style=\"margin-top: -15px;\"><a href=\"http:\/\/www.cchla.ufpb.br\/entrad2019\/wp-content\/uploads\/2019\/09\/13.1-Programa\u00e7\u00e3o-Sess\u00e3o-Simp\u00f3sio-Pol\u00edticas-1.pdf\">13.1. Pol\u00edticas de Tradu\u00e7\u00e3o e Pol\u00edticas Lingu\u00edsticas<\/a><\/p><p style=\"margin-top: -15px;\"><a href=\"http:\/\/www.cchla.ufpb.br\/entrad2019\/wp-content\/uploads\/2019\/09\/14.1-Programa\u00e7\u00e3o-Sess\u00e3o-Simp\u00f3sio.pdf\">14.1. Traduzir Can\u00e7\u00f5es: Objetivos, Desafios, Estrat\u00e9gias<\/a><\/p><p style=\"margin-top: -15px;\"><a href=\"http:\/\/www.cchla.ufpb.br\/entrad2019\/wp-content\/uploads\/2019\/09\/15.1-Programa\u00e7\u00e3o-Sess\u00e3o-Simp\u00f3sio.pdf\">15.1. Tradu\u00e7\u00e3o e Tecnologias: Teoria, Pr\u00e1tica e Ensino<\/a><\/p><p style=\"margin-top: -15px;\"><a href=\"http:\/\/www.cchla.ufpb.br\/entrad2019\/wp-content\/uploads\/2019\/10\/16.1-Programa\u00e7\u00e3o-Sess\u00e3o-Simp\u00f3sio.pdf\">16.1. Receitas de Tradu\u00e7\u00e3o Culin\u00e1ria: Relatos e Reflex\u00f5es<\/a><\/p><p style=\"margin-top: -15px;\"><a href=\"http:\/\/www.cchla.ufpb.br\/entrad2019\/wp-content\/uploads\/2019\/10\/17.1-Programa\u00e7\u00e3o-Sess\u00e3o-Simp\u00f3sio-1.pdf\">17.1. Tradu\u00e7\u00e3o Intersemi\u00f3tica<\/a><\/p><p style=\"margin-top: -15px;\"><a href=\"http:\/\/www.cchla.ufpb.br\/entrad2019\/wp-content\/uploads\/2019\/09\/17.2-Programa\u00e7\u00e3o-Sess\u00e3o-Simp\u00f3sio.pdf\">17.2. Adapta\u00e7\u00e3o e Tradu\u00e7\u00e3o<\/a><\/p><p style=\"margin-top: -15px;\"><a href=\"http:\/\/www.cchla.ufpb.br\/entrad2019\/wp-content\/uploads\/2019\/09\/18.1-Programa\u00e7\u00e3o-Sess\u00e3o-Simp\u00f3sio.pdf\">18.1. A Tradu\u00e7\u00e3o no Ensino de L\u00ednguas Estrangeiras<\/a><\/p><p style=\"margin-top: -15px;\"><a href=\"http:\/\/www.cchla.ufpb.br\/entrad2019\/wp-content\/uploads\/2019\/09\/18.2-Programa\u00e7\u00e3o-Sess\u00e3o-Simp\u00f3sio.pdf\">18.2 <span class=\"fontstyle0\">A Tradu\u00e7\u00e3o Pedag\u00f3gica para o Ensino de L\u00ednguas sob o Vi\u00e9s Funcionalista<\/span><\/a><\/p><p style=\"margin-top: -15px;\"><a href=\"http:\/\/www.cchla.ufpb.br\/entrad2019\/wp-content\/uploads\/2019\/09\/18.3-Programa\u00e7\u00e3o-Sess\u00e3o-Simp\u00f3sio.pdf\">18.3 <span class=\"fontstyle0\">Tradu\u00e7\u00e3o na Forma\u00e7\u00e3o do Profissional de Letras \u2013 Projetos e Desafios<\/span> <\/a><\/p><p style=\"margin-top: -15px;\"><a href=\"http:\/\/www.cchla.ufpb.br\/entrad2019\/wp-content\/uploads\/2019\/09\/19.1-e-20.1-Programa\u00e7\u00e3o-Sess\u00e3o-Simp\u00f3sio.pdf\">19.1. | 20.1.Tradu\u00e7\u00e3o e Interpreta\u00e7\u00e3o P\u00fablicas: Apostas e Desafios; Propostas Independentes<\/a><\/p><\/div>\n\t\t\t\t\t\t\t\t\t<div class=\"elementor-tab-title elementor-tab-mobile-title\" data-tab=\"3\" role=\"tab\">Comunica\u00e7\u00f5es e P\u00f4steres (por Dia)<\/div>\n\t\t\t\t\t<div id=\"elementor-tab-content-2373\" class=\"elementor-tab-content elementor-clearfix\" data-tab=\"3\" role=\"tabpanel\" aria-labelledby=\"elementor-tab-title-2373\"><table class=\" aligncenter\" style=\"width: 100%;\"><tbody><tr style=\"height: 45px;\"><td style=\"width: 22.7545%; height: 45px; text-align: center;\" width=\"77%\"><p style=\"margin: 0px;\"><strong>TER\u00c7A- FEIRA<br \/>08\/10<\/strong><\/p><\/td><td style=\"width: 27.5449%; text-align: center; height: 45px;\"><p style=\"margin: 0px;\"><strong>QUARTA-FEIRA<br \/>09\/10<br \/><\/strong><\/p><\/td><td style=\"width: 26.6467%; text-align: center; height: 45px;\"><p style=\"margin: 0px;\"><strong>QUINTA-FEIRA<br \/>10\/10<br \/><\/strong><\/p><\/td><td style=\"width: 22.7545%; height: 45px;\"><p style=\"margin: 0px; text-align: center;\"><strong>SEXTA-FEIRA<br \/>11\/10<br \/><\/strong><\/p><\/td><\/tr><tr style=\"height: 45px;\"><td style=\"width: 22.7545%; height: 45px;\" width=\"77%\"><a href=\"http:\/\/www.cchla.ufpb.br\/entrad2019\/wp-content\/uploads\/2019\/10\/Programa\u00e7\u00e3o-da-Ter\u00e7a-Sess\u00e3o-1-10h30-12h00.docx.pdf\">10h30 &#8211; 12h<\/a><\/td><td style=\"width: 27.5449%; height: 45px;\"><p style=\"margin: 0px;\"><a href=\"http:\/\/www.cchla.ufpb.br\/entrad2019\/wp-content\/uploads\/2019\/10\/quarta-10h30-12h00.docx.pdf\">10h30 &#8211; 12h<\/a><\/p><\/td><td style=\"width: 26.6467%; height: 45px;\"><p style=\"margin: 0px;\"><a href=\"http:\/\/www.cchla.ufpb.br\/entrad2019\/wp-content\/uploads\/2019\/10\/Programa\u00e7\u00e3o-da-Quinta-Sess\u00e3o-1-10h30-12h.pdf\">10h30 &#8211; 12h<\/a><\/p><\/td><td style=\"width: 22.7545%; height: 45px;\"><p style=\"margin: 0px;\"><a href=\"http:\/\/www.cchla.ufpb.br\/entrad2019\/wp-content\/uploads\/2019\/10\/Sexta-10h30-12h.docx-1.pdf\">10h30 &#8211; 12h<\/a><\/p><\/td><\/tr><tr style=\"height: 45px;\"><td style=\"width: 22.7545%; height: 45px;\" width=\"77%\"><p style=\"margin: 0px;\"><a href=\"http:\/\/www.cchla.ufpb.br\/entrad2019\/wp-content\/uploads\/2019\/10\/Programa\u00e7\u00e3o-da-Ter\u00e7a-Sess\u00e3o-2-13h30-15h00.pdf\">13h30 &#8211; 15h<\/a><\/p><\/td><td style=\"width: 27.5449%; height: 45px;\"><a href=\"http:\/\/www.cchla.ufpb.br\/entrad2019\/wp-content\/uploads\/2019\/10\/quarta-13h30-15h00.pdf\">13h30 &#8211; 15h<\/a><\/td><td style=\"width: 26.6467%; height: 45px;\"><p style=\"margin: 0px;\"><a href=\"http:\/\/www.cchla.ufpb.br\/entrad2019\/wp-content\/uploads\/2019\/10\/Quinta-13h30-15h.docx.pdf\">13h30 &#8211; 15h<\/a><\/p><\/td><td style=\"width: 22.7545%; height: 45px;\"><p style=\"margin: 0px;\"><a href=\"http:\/\/www.cchla.ufpb.br\/entrad2019\/wp-content\/uploads\/2019\/10\/Programa\u00e7\u00e3o-da-Sexta-Sess\u00e3o-2-13h30-15h.pdf\">13h30 &#8211; 15h<\/a><\/p><\/td><\/tr><tr><td style=\"width: 22.7545%;\"><p style=\"margin: 0px;\"><a href=\"http:\/\/www.cchla.ufpb.br\/entrad2019\/wp-content\/uploads\/2019\/10\/Programa\u00e7\u00e3o-da-Ter\u00e7a-Sess\u00e3o-3-15h30-17h00.pdf\">15h30 &#8211; 17h<\/a><\/p><\/td><td style=\"width: 27.5449%;\"><p style=\"margin: 0px;\"><a href=\"http:\/\/www.cchla.ufpb.br\/entrad2019\/wp-content\/uploads\/2019\/10\/quarta-15h30-17h00.docx.pdf\">15h30 &#8211; 17h<\/a><\/p><\/td><td style=\"width: 26.6467%;\"><p style=\"margin: 0px;\"><a href=\"http:\/\/www.cchla.ufpb.br\/entrad2019\/wp-content\/uploads\/2019\/10\/Programa\u00e7\u00e3o-da-Quinta-Sess\u00e3o-3-15h30-17h.pdf\">15h30 &#8211; 17h<\/a><\/p><\/td><td style=\"width: 22.7545%;\"><p style=\"margin: 0px;\"><a href=\"http:\/\/www.cchla.ufpb.br\/entrad2019\/wp-content\/uploads\/2019\/10\/Programa\u00e7\u00e3o-da-Sexta-Sess\u00e3o-3-15h30-17h.pdf\">15h30 &#8211; 17h<\/a><\/p><\/td><\/tr><\/tbody><\/table><\/div>\n\t\t\t\t\t\t\t<\/div>\n\t\t<\/div>\n\t\t\t\t<\/div>\n\t\t\t\t<\/div>\n\t\t\t\t\t\t<\/div>\n\t\t\t<\/div>\n\t\t<\/div>\n\t\t\t\t\t\t<\/div>\n\t\t\t<\/div>\n\t\t<\/section>\n\t\t\t\t\t\t<\/div>\n\t\t\t<\/div>\n\t\t<\/div>\n\t\t","protected":false},"excerpt":{"rendered":"<p>Programa\u00e7\u00e3o Geral Comunica\u00e7\u00f5es e P\u00f4steres (por Simp\u00f3sio) Comunica\u00e7\u00f5es e P\u00f4steres (por Dia) Programa\u00e7\u00e3o Geral 07\/10\/2019 Segunda-feira HOR\u00c1RIO ATIVIDADE 09h00 \u2013 15h00 Credenciamento. Local Hall do CCHLA 17h00 \u2013 18h00 Credenciamento. Local: Aram Beach &amp; Convention Hotel 18h00 \u2013 19h00 Abertura Oficial. Local: Aram Beach &amp; Convention Hotel . 19h00 \u2013 20h00 Confer\u00eancia 1: Tradu\u00e7\u00f5es, retradu\u00e7\u00f5es &hellip;<\/p>\n<p class=\"read-more\"> <a class=\"\" href=\"http:\/\/www.cchla.ufpb.br\/entrad2019\/?page_id=2192\"> <span class=\"screen-reader-text\">Programa\u00e7\u00e3o<\/span> Leia mais &raquo;<\/a><\/p>\n","protected":false},"author":3,"featured_media":0,"parent":0,"menu_order":0,"comment_status":"closed","ping_status":"closed","template":"","meta":[],"_links":{"self":[{"href":"http:\/\/www.cchla.ufpb.br\/entrad2019\/index.php?rest_route=\/wp\/v2\/pages\/2192"}],"collection":[{"href":"http:\/\/www.cchla.ufpb.br\/entrad2019\/index.php?rest_route=\/wp\/v2\/pages"}],"about":[{"href":"http:\/\/www.cchla.ufpb.br\/entrad2019\/index.php?rest_route=\/wp\/v2\/types\/page"}],"author":[{"embeddable":true,"href":"http:\/\/www.cchla.ufpb.br\/entrad2019\/index.php?rest_route=\/wp\/v2\/users\/3"}],"replies":[{"embeddable":true,"href":"http:\/\/www.cchla.ufpb.br\/entrad2019\/index.php?rest_route=%2Fwp%2Fv2%2Fcomments&post=2192"}],"version-history":[{"count":40,"href":"http:\/\/www.cchla.ufpb.br\/entrad2019\/index.php?rest_route=\/wp\/v2\/pages\/2192\/revisions"}],"predecessor-version":[{"id":2448,"href":"http:\/\/www.cchla.ufpb.br\/entrad2019\/index.php?rest_route=\/wp\/v2\/pages\/2192\/revisions\/2448"}],"wp:attachment":[{"href":"http:\/\/www.cchla.ufpb.br\/entrad2019\/index.php?rest_route=%2Fwp%2Fv2%2Fmedia&parent=2192"}],"curies":[{"name":"wp","href":"https:\/\/api.w.org\/{rel}","templated":true}]}}