{"id":379,"date":"2018-08-22T13:32:25","date_gmt":"2018-08-22T16:32:25","guid":{"rendered":"http:\/\/www.cchla.ufpb.br\/entrad2019\/?page_id=379"},"modified":"2019-10-17T09:40:02","modified_gmt":"2019-10-17T12:40:02","slug":"comissao-organizadora","status":"publish","type":"page","link":"http:\/\/www.cchla.ufpb.br\/entrad2019\/?page_id=379","title":{"rendered":"Comiss\u00e3o Organizadora"},"content":{"rendered":"<ol>\n<li>Ana Cristina Bezerril Cardoso<\/li>\n<li>Camila Nath\u00e1lia de Oliveira Braga<\/li>\n<li>Daniel Antonio de Sousa Alves<\/li>\n<li>Daniel Viana Rodrigues de Sousa<\/li>\n<li>Germana Henriques Pereira<\/li>\n<li>Jos\u00e9 Alves da Silva Junior<\/li>\n<li>Jos\u00e9 Roberto Andrade Feres<\/li>\n<li>Luciane Leipnitz<\/li>\n<li>Maria L\u00edgia Coco Terra<\/li>\n<li>Marta Pragana Dantas<\/li>\n<li>Roberto Carlos de Assis<\/li>\n<li>Sinara de Oliveira Branco<\/li>\n<li>T\u00e2nia Liparini Campos<\/li>\n<li>Vera L\u00facia Santiago Ara\u00fajo<\/li>\n<li>Welison Douglas dos Santos Pereira<\/li>\n<li>Wiebke R\u00f6ben de Alencar Ara\u00fajo<\/li>\n<\/ol>\n","protected":false},"excerpt":{"rendered":"<p>Ana Cristina Bezerril Cardoso Camila Nath\u00e1lia de Oliveira Braga Daniel Antonio de Sousa Alves Daniel Viana Rodrigues de Sousa Germana Henriques Pereira Jos\u00e9 Alves da Silva Junior Jos\u00e9 Roberto Andrade Feres Luciane Leipnitz Maria L\u00edgia Coco Terra Marta Pragana Dantas Roberto Carlos de Assis Sinara de Oliveira Branco T\u00e2nia Liparini Campos Vera L\u00facia Santiago Ara\u00fajo &hellip;<\/p>\n<p class=\"read-more\"> <a class=\"\" href=\"http:\/\/www.cchla.ufpb.br\/entrad2019\/?page_id=379\"> <span class=\"screen-reader-text\">Comiss\u00e3o Organizadora<\/span> Leia mais &raquo;<\/a><\/p>\n","protected":false},"author":3,"featured_media":0,"parent":0,"menu_order":0,"comment_status":"closed","ping_status":"closed","template":"","meta":[],"_links":{"self":[{"href":"http:\/\/www.cchla.ufpb.br\/entrad2019\/index.php?rest_route=\/wp\/v2\/pages\/379"}],"collection":[{"href":"http:\/\/www.cchla.ufpb.br\/entrad2019\/index.php?rest_route=\/wp\/v2\/pages"}],"about":[{"href":"http:\/\/www.cchla.ufpb.br\/entrad2019\/index.php?rest_route=\/wp\/v2\/types\/page"}],"author":[{"embeddable":true,"href":"http:\/\/www.cchla.ufpb.br\/entrad2019\/index.php?rest_route=\/wp\/v2\/users\/3"}],"replies":[{"embeddable":true,"href":"http:\/\/www.cchla.ufpb.br\/entrad2019\/index.php?rest_route=%2Fwp%2Fv2%2Fcomments&post=379"}],"version-history":[{"count":11,"href":"http:\/\/www.cchla.ufpb.br\/entrad2019\/index.php?rest_route=\/wp\/v2\/pages\/379\/revisions"}],"predecessor-version":[{"id":2377,"href":"http:\/\/www.cchla.ufpb.br\/entrad2019\/index.php?rest_route=\/wp\/v2\/pages\/379\/revisions\/2377"}],"wp:attachment":[{"href":"http:\/\/www.cchla.ufpb.br\/entrad2019\/index.php?rest_route=%2Fwp%2Fv2%2Fmedia&parent=379"}],"curies":[{"name":"wp","href":"https:\/\/api.w.org\/{rel}","templated":true}]}}