{"id":142,"date":"2026-03-16T09:50:06","date_gmt":"2026-03-16T12:50:06","guid":{"rendered":"https:\/\/www.cchla.ufpb.br\/espanhol\/?page_id=142"},"modified":"2026-03-16T09:50:06","modified_gmt":"2026-03-16T12:50:06","slug":"postgrado-en-psicologia-social","status":"publish","type":"page","link":"https:\/\/www.cchla.ufpb.br\/espanhol\/postgrado-en-psicologia-social\/","title":{"rendered":"Postgrado en Psicolog\u00eda Social"},"content":{"rendered":"\n<p>La historia de los estudios de posgrado en Psicolog\u00eda Social en Brasil comenz\u00f3 a contarse en 1975 con la aparici\u00f3n de la Maestr\u00eda en Psicolog\u00eda en la UFPB. Este M\u00e1ster se estructur\u00f3 en tres&nbsp;\u00e1reas de concentraci\u00f3n: Psicolog\u00eda Social; Psicolog\u00eda del Desarrollo y del Aprendizaje; Psicolog\u00eda de la Salud Mental. A lo largo de los a\u00f1os, la Psicolog\u00eda Social se ha consolidado como el eje central de los estudios de posgrado y desde entonces ha sido un referente nacional en el \u00e1rea, destacando por integrar en su plantilla a varios profesores formados en el extranjero.<\/p>\n\n\n\n<p>La calidad de la investigaci\u00f3n y la formaci\u00f3n de personal altamente cualificado fue reconocida en 1990 con la m\u00e1xima puntuaci\u00f3n posible para su categor\u00eda en la evaluaci\u00f3n CAPES. A\u00f1os m\u00e1s tarde, en 2003, la UFPB, junto con la Universidad Federal de Rio Grande do Norte (UFRN), propuso la apertura de un curso de doctorado llamado Programa Integrado de Posgrado en Psicolog\u00eda Social.<\/p>\n\n\n\n<p>El \u00e9xito de la asociaci\u00f3n establecida entre la UFPB y la UFRN, la madurez de ambas instituciones y la expansi\u00f3n de su personal docente llevaron al desmembramiento del Programa Integrado. En 2012, la parte del programa con sede en Jo\u00e3o Pessoa gener\u00f3 el Programa de Posgrado en Psicolog\u00eda Social (PPGPS), donde la tradici\u00f3n en el \u00e1rea de Psicolog\u00eda Social ya estaba fuertemente consolidada, lo que permiti\u00f3 formar maestros y doctores en Psicolog\u00eda Social.&nbsp;<\/p>\n\n\n\n<p>La calidad de la investigaci\u00f3n realizada en el PPGPS y la formaci\u00f3n del personal de educaci\u00f3n superior son ampliamente reconocidas a nivel nacional e internacional. Este reconocimiento se refleja en el hecho de que el PPGPS recibe la puntuaci\u00f3n m\u00e1s alta atribuida por la CAPES a un programa de posgrado en Psicolog\u00eda Social.<\/p>\n\n\n\n<p>L\u00edneas de investigaci\u00f3n<\/p>\n\n\n\n<p>Psicolog\u00eda Social del Desarrollo<\/p>\n\n\n\n<p>Esta l\u00ednea de investigaci\u00f3n se dedica al estudio de los factores psicosociales asociados a todas las fases del desarrollo humano.<\/p>\n\n\n\n<p>Analiza estos factores en el contexto de la infancia y la adolescencia en situaciones de riesgo y vulnerabilidad social, en el \u00e1mbito del desarrollo socio-moral y en las m\u00e1s diversas modalidades de interacci\u00f3n social.<\/p>\n\n\n\n<p>Psicolog\u00eda Social de la Salud y el Trabajo<\/p>\n\n\n\n<p>Esta l\u00ednea de investigaci\u00f3n se dedica al estudio de los procesos psicosociales de la relaci\u00f3n salud-enfermedad, as\u00ed como a la investigaci\u00f3n de las diversas modalidades de producci\u00f3n de subjetividades en el contexto del trabajo.<\/p>\n\n\n\n<p>Analiza los mecanismos socio-neurol\u00f3gicos subyacentes a la salud mental, el papel del contexto social en la vulnerabilidad y promoci\u00f3n de la salud colectiva, as\u00ed como los factores subjetivos asociados a la salud en el contexto laboral.<\/p>\n\n\n\n<p>Psicolog\u00eda Social de los Valores y las Desigualdades Sociales<\/p>\n\n\n\n<p>Esta l\u00ednea de investigaci\u00f3n se dedica al estudio de los factores normativos y sociopol\u00edticos que motivan las actitudes y conductas sociales.<\/p>\n\n\n\n<p>Analiza las bases normativas del comportamiento social y los procesos grupales e intergrupales que subyacen a la legitimaci\u00f3n de las diversas formas de manifestaci\u00f3n de las desigualdades sociales en las sociedades contempor\u00e1neas.<\/p>\n\n\n\n<p>M\u00e1s informaci\u00f3n en: <a href=\"https:\/\/www.cchla.ufpb.br\/ppgps\/\">https:\/\/www.cchla.ufpb.br\/cccs<\/a><\/p>\n","protected":false},"excerpt":{"rendered":"<p>La historia de los estudios de posgrado en Psicolog\u00eda Social en Brasil comenz\u00f3 a contarse [&hellip;]<\/p>\n","protected":false},"author":47,"featured_media":0,"parent":0,"menu_order":0,"comment_status":"closed","ping_status":"closed","template":"","meta":{"footnotes":""},"class_list":["post-142","page","type-page","status-publish","hentry"],"_links":{"self":[{"href":"https:\/\/www.cchla.ufpb.br\/espanhol\/wp-json\/wp\/v2\/pages\/142","targetHints":{"allow":["GET"]}}],"collection":[{"href":"https:\/\/www.cchla.ufpb.br\/espanhol\/wp-json\/wp\/v2\/pages"}],"about":[{"href":"https:\/\/www.cchla.ufpb.br\/espanhol\/wp-json\/wp\/v2\/types\/page"}],"author":[{"embeddable":true,"href":"https:\/\/www.cchla.ufpb.br\/espanhol\/wp-json\/wp\/v2\/users\/47"}],"replies":[{"embeddable":true,"href":"https:\/\/www.cchla.ufpb.br\/espanhol\/wp-json\/wp\/v2\/comments?post=142"}],"version-history":[{"count":1,"href":"https:\/\/www.cchla.ufpb.br\/espanhol\/wp-json\/wp\/v2\/pages\/142\/revisions"}],"predecessor-version":[{"id":143,"href":"https:\/\/www.cchla.ufpb.br\/espanhol\/wp-json\/wp\/v2\/pages\/142\/revisions\/143"}],"wp:attachment":[{"href":"https:\/\/www.cchla.ufpb.br\/espanhol\/wp-json\/wp\/v2\/media?parent=142"}],"curies":[{"name":"wp","href":"https:\/\/api.w.org\/{rel}","templated":true}]}}