{"id":144,"date":"2026-03-16T09:50:44","date_gmt":"2026-03-16T12:50:44","guid":{"rendered":"https:\/\/www.cchla.ufpb.br\/espanhol\/?page_id=144"},"modified":"2026-03-16T09:50:44","modified_gmt":"2026-03-16T12:50:44","slug":"programa-de-postgrado-en-trabajo-social-ppgss","status":"publish","type":"page","link":"https:\/\/www.cchla.ufpb.br\/espanhol\/programa-de-postgrado-en-trabajo-social-ppgss\/","title":{"rendered":"Programa De Postgrado en Trabajo Social (PPGSS)"},"content":{"rendered":"\n<p><strong>1. PRESENTACI\u00d3N<\/strong><\/p>\n\n\n\n<p><br>El Curso de Maestr\u00eda Acad\u00e9mica Strictu Sensu del Programa de Posgrado en Trabajo Social de la Universidad Federal de Para\u00edba (PPGSS\/UFPB) se cre\u00f3 por medio de la Resoluci\u00f3n No. 202\/77 del CONSUNI y fue implementado en 1978, con acreditaci\u00f3n en 1985, mediante dictamen N \u00b0 754\/85 del Consejo Federal de Educaci\u00f3n. Presenta, en su trayectoria, la marca de haber sido pionero en la formaci\u00f3n docente en el \u00c1rea de Trabajo Social, como el primer M\u00e1ster en la regi\u00f3n Nordeste y el quinto en el pa\u00eds.<\/p>\n\n\n\n<p>Analizar el Programa de Posgrado en Trabajo Social, a nivel nacional, espec\u00edficamente, la Maestr\u00eda\/PPGSS, requiere que est\u00e9 inscrito en el proceso hist\u00f3rico de expansi\u00f3n del Programa de Posgrado de Brasil y que se sit\u00fae, sobre todo, en el significado del papel que ha estado desempe\u00f1ando, a lo largo de su trayectoria, para consolidar el \u00e1rea de Trabajo Social. En este sentido, el rescate hist\u00f3rico aqu\u00ed planteado recupera la resistencia que es necesaria en el momento de su formaci\u00f3n en medio del r\u00e9gimen de dictadura en Brasil. Cabe mencionar la relevancia de este proceso precisamente en 2018, cuando el Programa cumpli\u00f3 40 a\u00f1os<\/p>\n\n\n\n<p>1.4 \u00c1rea de Concentraci\u00f3n y L\u00edneas de Investigaci\u00f3n<\/p>\n\n\n\n<h2 class=\"wp-block-heading\"><div class=\"linha-header\">Doctorado<\/div><\/h2>\n\n\n\n<ul class=\"wp-block-list\">\n<li><strong>POL\u00cdTICA SOCIAL, TRABAJO SOCIAL Y DESARROLLO REGIONAL<\/strong>\n<ul class=\"wp-block-list\">\n<li><strong>L\u00edneas de Investigaci\u00f3n:<\/strong><ul><li>POL\u00cdTICA SOCIAL, DERECHOS SOCIALES, TERRITORIO Y DESARROLLO REGIONAL<\/li><\/ul><ul><li>FORMACI\u00d3N DE LA SOCIEDAD BRASILE\u00d1A, TEOR\u00cdA SOCIAL Y DIVERSIDAD SOCIOCULTURAL<\/li><\/ul>\n<ul class=\"wp-block-list\">\n<li>TRABAJO SOCIAL, PROBLEMA SOCIAL Y TRABAJO<\/li>\n<\/ul>\n<\/li>\n<\/ul>\n<\/li>\n<\/ul>\n\n\n\n<h2 class=\"wp-block-heading\"><div class=\"linha-header\">Maestr\u00eda<\/div><\/h2>\n\n\n\n<ul class=\"wp-block-list\">\n<li><strong>POL\u00cdTICA SOCIAL, TRABAJO SOCIAL Y DESARROLLO REGIONAL<\/strong>\n<ul class=\"wp-block-list\">\n<li><strong>L\u00edneas de Investigaci\u00f3n:<\/strong><ul><li>TRABAJO SOCIAL, PROBLEMA SOCIAL Y TRABAJO<\/li><\/ul><ul><li>FORMACI\u00d3N DE LA SOCIEDAD BRASILE\u00d1A, TEOR\u00cdA SOCIAL Y DIVERSIDAD SOCIOCULTURAL<\/li><\/ul>\n<ul class=\"wp-block-list\">\n<li>POL\u00cdTICA SOCIAL, DERECHOS SOCIALES, TERRITORIO Y DESARROLLO REGIONAL<\/li>\n<\/ul>\n<\/li>\n<\/ul>\n<\/li>\n<\/ul>\n\n\n\n<p>M\u00e1s informaci\u00f3n en: <a href=\"https:\/\/sigaa.ufpb.br\/sigaa\/public\/programa\/apresentacao.jsf?lc=pt_BR&amp;id=1905\">https:\/\/sigaa.ufpb.br\/sigaa\/public\/programa\/apresentacao.jsf?lc=en_US&amp;id=1905<\/a><\/p>\n","protected":false},"excerpt":{"rendered":"<p>1. PRESENTACI\u00d3N El Curso de Maestr\u00eda Acad\u00e9mica Strictu Sensu del Programa de Posgrado en Trabajo [&hellip;]<\/p>\n","protected":false},"author":47,"featured_media":0,"parent":0,"menu_order":0,"comment_status":"closed","ping_status":"closed","template":"","meta":{"footnotes":""},"class_list":["post-144","page","type-page","status-publish","hentry"],"_links":{"self":[{"href":"https:\/\/www.cchla.ufpb.br\/espanhol\/wp-json\/wp\/v2\/pages\/144","targetHints":{"allow":["GET"]}}],"collection":[{"href":"https:\/\/www.cchla.ufpb.br\/espanhol\/wp-json\/wp\/v2\/pages"}],"about":[{"href":"https:\/\/www.cchla.ufpb.br\/espanhol\/wp-json\/wp\/v2\/types\/page"}],"author":[{"embeddable":true,"href":"https:\/\/www.cchla.ufpb.br\/espanhol\/wp-json\/wp\/v2\/users\/47"}],"replies":[{"embeddable":true,"href":"https:\/\/www.cchla.ufpb.br\/espanhol\/wp-json\/wp\/v2\/comments?post=144"}],"version-history":[{"count":1,"href":"https:\/\/www.cchla.ufpb.br\/espanhol\/wp-json\/wp\/v2\/pages\/144\/revisions"}],"predecessor-version":[{"id":145,"href":"https:\/\/www.cchla.ufpb.br\/espanhol\/wp-json\/wp\/v2\/pages\/144\/revisions\/145"}],"wp:attachment":[{"href":"https:\/\/www.cchla.ufpb.br\/espanhol\/wp-json\/wp\/v2\/media?parent=144"}],"curies":[{"name":"wp","href":"https:\/\/api.w.org\/{rel}","templated":true}]}}