{"id":44,"date":"2024-06-26T13:18:19","date_gmt":"2024-06-26T13:18:19","guid":{"rendered":"https:\/\/www.cchla.ufpb.br\/espanhol\/?page_id=44"},"modified":"2024-06-26T16:54:03","modified_gmt":"2024-06-26T16:54:03","slug":"filosofia","status":"publish","type":"page","link":"https:\/\/www.cchla.ufpb.br\/espanhol\/filosofia\/","title":{"rendered":"Filosof\u00eda"},"content":{"rendered":"\n<p>El Curso de Filosof\u00eda fue creado en 1949, mediante Ley Estatal n\u00b0 341\/1949, con autorizaci\u00f3n para operar el 8 de junio de 1954, mediante Decreto Federal n\u00b0 35.627. El reconocimiento del Ministerio de Educaci\u00f3n ocurri\u00f3 en 1959, un a\u00f1o antes de la creaci\u00f3n de la UFPB, as\u00ed que es el Curso m\u00e1s antiguo del Centro de Ciencias, Letras y Artes (CCHLA). El Curso tiene una duraci\u00f3n m\u00ednima de cuatro a\u00f1os y m\u00e1xima de siete a\u00f1os y ofrece dos titulaciones: Bachillerato (Carga horaria de 2340 horas\/clase, correspondientes a 156 cr\u00e9ditos) y Profesorado en Filosof\u00eda (Carga horaria de 2670 horas\/clase, correspondientes a 178 cr\u00e9ditos).<\/p>\n\n\n\n<p>El Curso de Filosof\u00eda recibe un n\u00famero de 60 (sesenta) estudiantes por cada proceso de selecci\u00f3n en serie organizado cada a\u00f1o.<\/p>\n\n\n\n<p>Actualmente, se encuentran en proceso de elaboraci\u00f3n los nuevos proyectos pedag\u00f3gicos (PPCs).<\/p>\n\n\n\n<p>M\u00e1s informaci\u00f3n en: <a href=\"https:\/\/www.ufpb.br\/cf\/\">https:\/\/www.ufpb.br\/cf\/<\/a><\/p>\n\n\n\n<div style=\"height:25px\" aria-hidden=\"true\" class=\"wp-block-spacer\"><\/div>\n\n\n\n<p class=\"has-small-font-size\"><strong><a href=\"https:\/\/www.instagram.com\/plantao.tradufpb\/\">Traducci\u00f3n: Projeto InELC-Plant\u00e3o de Tradu\u00e7\u00e3o<\/a><\/strong><\/p>\n\n\n\n<p><\/p>\n","protected":false},"excerpt":{"rendered":"<p>El Curso de Filosof\u00eda fue creado en 1949, mediante Ley Estatal n\u00b0 341\/1949, con autorizaci\u00f3n [&hellip;]<\/p>\n","protected":false},"author":63,"featured_media":0,"parent":0,"menu_order":0,"comment_status":"closed","ping_status":"closed","template":"","meta":{"footnotes":""},"class_list":["post-44","page","type-page","status-publish","hentry"],"_links":{"self":[{"href":"https:\/\/www.cchla.ufpb.br\/espanhol\/wp-json\/wp\/v2\/pages\/44","targetHints":{"allow":["GET"]}}],"collection":[{"href":"https:\/\/www.cchla.ufpb.br\/espanhol\/wp-json\/wp\/v2\/pages"}],"about":[{"href":"https:\/\/www.cchla.ufpb.br\/espanhol\/wp-json\/wp\/v2\/types\/page"}],"author":[{"embeddable":true,"href":"https:\/\/www.cchla.ufpb.br\/espanhol\/wp-json\/wp\/v2\/users\/63"}],"replies":[{"embeddable":true,"href":"https:\/\/www.cchla.ufpb.br\/espanhol\/wp-json\/wp\/v2\/comments?post=44"}],"version-history":[{"count":3,"href":"https:\/\/www.cchla.ufpb.br\/espanhol\/wp-json\/wp\/v2\/pages\/44\/revisions"}],"predecessor-version":[{"id":95,"href":"https:\/\/www.cchla.ufpb.br\/espanhol\/wp-json\/wp\/v2\/pages\/44\/revisions\/95"}],"wp:attachment":[{"href":"https:\/\/www.cchla.ufpb.br\/espanhol\/wp-json\/wp\/v2\/media?parent=44"}],"curies":[{"name":"wp","href":"https:\/\/api.w.org\/{rel}","templated":true}]}}