{"id":64,"date":"2024-06-26T13:22:09","date_gmt":"2024-06-26T13:22:09","guid":{"rendered":"https:\/\/www.cchla.ufpb.br\/espanhol\/?page_id=64"},"modified":"2024-06-26T16:56:28","modified_gmt":"2024-06-26T16:56:28","slug":"trabajo-social","status":"publish","type":"page","link":"https:\/\/www.cchla.ufpb.br\/espanhol\/trabajo-social\/","title":{"rendered":"Trabajo Social"},"content":{"rendered":"\n<p>El graduado en Trabajo Social es un profesional que act\u00faa en las expresiones de las cuestiones sociales, planteando e implementando propuestas de intervenci\u00f3n, a trav\u00e9s de pol\u00edticas p\u00fablicas sociales, empresariales, organizaciones de la sociedad civil y movimientos sociales. El profesional estar\u00e1 dotado de formaci\u00f3n intelectual y cultural generalista cr\u00edtica, competente em su \u00e1rea de actuaci\u00f3n, con capacidad de inserci\u00f3n creativa y propositiva, en el conjunto de las relaciones sociales y en el mercado laboral. Deber\u00e1 estar comprometido con los valores y principios \u00e9ticos, los derechos humanos y el Proyecto \u00c9tico-Pol\u00edtico de la profesi\u00f3n.<\/p>\n\n\n\n<p>M\u00e1s informaci\u00f3n en: <a href=\"https:\/\/sigaa.ufpb.br\/sigaa\/public\/curso\/ppp.jsf?lc=en_US&amp;id=1626882\">https:\/\/sigaa.ufpb.br\/sigaa\/public\/curso\/ppp.jsf?lc=en_US&amp;id=1626882<\/a><\/p>\n\n\n\n<div style=\"height:25px\" aria-hidden=\"true\" class=\"wp-block-spacer\"><\/div>\n\n\n\n<p class=\"has-small-font-size\"><strong><a href=\"https:\/\/www.instagram.com\/plantao.tradufpb\/\">Traducci\u00f3n: Projeto InELC-Plant\u00e3o de Tradu\u00e7\u00e3o<\/a><\/strong><\/p>\n","protected":false},"excerpt":{"rendered":"<p>El graduado en Trabajo Social es un profesional que act\u00faa en las expresiones de las [&hellip;]<\/p>\n","protected":false},"author":63,"featured_media":0,"parent":0,"menu_order":0,"comment_status":"closed","ping_status":"closed","template":"","meta":{"footnotes":""},"class_list":["post-64","page","type-page","status-publish","hentry"],"_links":{"self":[{"href":"https:\/\/www.cchla.ufpb.br\/espanhol\/wp-json\/wp\/v2\/pages\/64","targetHints":{"allow":["GET"]}}],"collection":[{"href":"https:\/\/www.cchla.ufpb.br\/espanhol\/wp-json\/wp\/v2\/pages"}],"about":[{"href":"https:\/\/www.cchla.ufpb.br\/espanhol\/wp-json\/wp\/v2\/types\/page"}],"author":[{"embeddable":true,"href":"https:\/\/www.cchla.ufpb.br\/espanhol\/wp-json\/wp\/v2\/users\/63"}],"replies":[{"embeddable":true,"href":"https:\/\/www.cchla.ufpb.br\/espanhol\/wp-json\/wp\/v2\/comments?post=64"}],"version-history":[{"count":3,"href":"https:\/\/www.cchla.ufpb.br\/espanhol\/wp-json\/wp\/v2\/pages\/64\/revisions"}],"predecessor-version":[{"id":105,"href":"https:\/\/www.cchla.ufpb.br\/espanhol\/wp-json\/wp\/v2\/pages\/64\/revisions\/105"}],"wp:attachment":[{"href":"https:\/\/www.cchla.ufpb.br\/espanhol\/wp-json\/wp\/v2\/media?parent=64"}],"curies":[{"name":"wp","href":"https:\/\/api.w.org\/{rel}","templated":true}]}}