{"id":12,"date":"2014-08-26T14:00:33","date_gmt":"2014-08-26T14:00:33","guid":{"rendered":"http:\/\/www.cchla.ufpb.br\/laept\/?page_id=12"},"modified":"2022-07-29T13:02:13","modified_gmt":"2022-07-29T13:02:13","slug":"artigos","status":"publish","type":"page","link":"https:\/\/www.cchla.ufpb.br\/laept\/?page_id=12","title":{"rendered":"Artigos"},"content":{"rendered":"<p>&nbsp;<\/p>\n<hr \/>\n<p style=\"text-align: justify;\"><span style=\"color: #000000;\"><img loading=\"lazy\" class=\"alignleft size-full wp-image-272\" src=\"http:\/\/www.cchla.ufpb.br\/laept\/wp-content\/uploads\/2014\/08\/downloads-folder-icon-9.png\" alt=\"downloads folder icon 9\" width=\"54\" height=\"54\" \/>CARVALHO, Rejane Gomes. <a href=\"http:\/\/periodicos.ufpb.br\/ojs\/index.php\/abet\/article\/view\/15605\/8918\" target=\"_blank\" rel=\"noopener\"><strong>Pol\u00edtica P\u00fablica de Qualifica\u00e7\u00e3o Profissional na Para\u00edba: desafios na execu\u00e7\u00e3o do PLANTEQ<\/strong><\/a>. Revista ABET, Associa\u00e7\u00e3o Brasileira de Estudos do Trabalho, Vol. X, n\u00ba 2, Jul.\/Dez. 2011.<\/span><\/p>\n<hr \/>\n<p style=\"text-align: justify;\"><span style=\"color: #000000;\"><a href=\"http:\/\/www.cchla.ufpb.br\/laept\/wp-content\/uploads\/2014\/08\/02-texto-rejane.pdf\" target=\"_blank\" rel=\"attachment wp-att-272 noopener\"><img loading=\"lazy\" class=\"alignleft size-full wp-image-272\" src=\"http:\/\/www.cchla.ufpb.br\/laept\/wp-content\/uploads\/2014\/08\/downloads-folder-icon-9.png\" alt=\"downloads folder icon 9\" width=\"54\" height=\"54\" \/><\/a>CARVALHO, Rejane Gomes. <strong><a href=\"http:\/\/www.cchla.ufpb.br\/laept\/wp-content\/uploads\/2014\/08\/02-texto-rejane.pdf\" target=\"_blank\" rel=\"noopener\">Desafios da pol\u00edtica p\u00fablica de qualifica\u00e7\u00e3o profissional no estado da Para\u00edba<\/a><\/strong>. Revista da ABET, Associa\u00e7\u00e3o Brasileira de Estudos do Trabalho, v. VI, p. 171-191, 2006.<\/span><\/p>\n<hr \/>\n<div class=\"layout-cell-pad-5\" style=\"text-align: justify;\"><span style=\"color: #000000;\"><img loading=\"lazy\" class=\"alignleft size-full wp-image-272\" src=\"http:\/\/www.cchla.ufpb.br\/laept\/wp-content\/uploads\/2014\/08\/downloads-folder-icon-9.png\" alt=\"downloads folder icon 9\" width=\"54\" height=\"54\" \/>COSTA, <b><span style=\"font-family: verdana; font-size: small;\">M\u00e1rcia da Silva<\/span><\/b>. <a href=\"http:\/\/www.scielo.br\/pdf\/ccrh\/v23n58\/v23n58a11.pdf\" target=\"_blank\" rel=\"noopener\"><strong>Trabalho informal: um problema estrutural b\u00e1sico no entendimento das desigualdades na sociedade brasileira<\/strong><\/a>. Cadernos do CRH (UFBA), v. 23, p. 171-190, 2010.<br \/>\n<\/span><\/div>\n<div class=\"layout-cell layout-cell-11\">\n<div class=\"layout-cell-pad-5\" style=\"text-align: justify;\"><\/div>\n<div class=\"layout-cell-pad-5\" style=\"text-align: justify;\">\n<hr \/>\n<\/div>\n<\/div>\n<div class=\"layout-cell-pad-5\" style=\"text-align: justify;\"><span style=\"color: #000000;\"><img loading=\"lazy\" class=\"alignleft size-full wp-image-272\" src=\"http:\/\/www.cchla.ufpb.br\/laept\/wp-content\/uploads\/2014\/08\/downloads-folder-icon-9.png\" alt=\"downloads folder icon 9\" width=\"54\" height=\"54\" \/>COSTA, <b><span style=\"font-family: verdana; font-size: small;\">M\u00e1rcia da Silva<\/span><\/b>. <a href=\"http:\/\/www.portalseer.ufba.br\/index.php\/revistaoes\/article\/view\/11119\/8032\" target=\"_blank\" rel=\"noopener\"><strong>Rela\u00e7\u00f5es de trabalho e os regimes contempor\u00e2neos de emprego na Espanha e no Brasil: um breve paralelo<\/strong><\/a>. Organiza\u00e7\u00f5es &amp; Sociedade, v. 17, p. 499-525, 2010.<\/span><\/div>\n<div class=\"layout-cell-pad-5\" style=\"text-align: justify;\"><\/div>\n<div class=\"layout-cell-pad-5\" style=\"text-align: justify;\">\n<hr \/>\n<\/div>\n<div class=\"layout-cell-pad-5\" style=\"text-align: justify;\"><span style=\"color: #000000;\"><img loading=\"lazy\" class=\"alignleft size-full wp-image-272\" src=\"http:\/\/www.cchla.ufpb.br\/laept\/wp-content\/uploads\/2014\/08\/downloads-folder-icon-9.png\" alt=\"downloads folder icon 9\" width=\"54\" height=\"54\" \/>COSTA, <b><span style=\"font-family: verdana; font-size: small;\">M\u00e1rcia da Silva<\/span><\/b>. <strong><a href=\"http:\/\/www.scielo.br\/pdf\/raeel\/v6n2\/v6n2a06.pdf\" target=\"_blank\" rel=\"noopener\">Rela\u00e7\u00f5es de Trabalho e Regimes de Emprego no Canad\u00e1 e no Brasil<\/a>.<\/strong> RAE Eletr\u00f4nica (FGV), v. 6 no 2, p. 1\/16-29, 2007.<\/span><\/div>\n<div class=\"layout-cell-pad-5\" style=\"text-align: justify;\"><\/div>\n<div class=\"layout-cell-pad-5\" style=\"text-align: justify;\">\n<hr \/>\n<\/div>\n<div class=\"layout-cell-pad-5\" style=\"text-align: justify;\"><span style=\"color: #000000;\"><img loading=\"lazy\" class=\"alignleft size-full wp-image-272\" src=\"http:\/\/www.cchla.ufpb.br\/laept\/wp-content\/uploads\/2014\/08\/downloads-folder-icon-9.png\" alt=\"downloads folder icon 9\" width=\"54\" height=\"54\" \/>COSTA, <b>M\u00e1rcia da Silva<\/b>. <strong><a href=\"http:\/\/www.scielo.br\/pdf\/rbcsoc\/v20n59\/a08v2059.pdf\" target=\"_blank\" rel=\"noopener\">O sistema de rela\u00e7\u00f5es de trabalho no Brasil: alguns tra\u00e7os hist\u00f3ricos e sua precariza\u00e7\u00e3o atual<\/a><\/strong>. Revista Brasileira de Ci\u00eancias Sociais (Anpocs), S\u00e3o Paulo, v. 20\/59, n.59, p. 111-131, 2005.<\/span><\/div>\n<div class=\"layout-cell-pad-5\" style=\"text-align: justify;\"><\/div>\n<div class=\"layout-cell-pad-5\" style=\"text-align: justify;\">\n<hr \/>\n<p><span style=\"color: #000000;\"><img loading=\"lazy\" class=\"alignleft size-full wp-image-272\" src=\"http:\/\/www.cchla.ufpb.br\/laept\/wp-content\/uploads\/2014\/08\/downloads-folder-icon-9.png\" alt=\"downloads folder icon 9\" width=\"54\" height=\"54\" \/>COSTA, <b>M\u00e1rcia da Silva<\/b>. MOREL, C. ; FERREIRA, Marcio ; BRAND\u00c3O, Roberto . <a href=\"http:\/\/periodicos.ufpb.br\/ojs\/index.php\/abet\/article\/view\/15719\/8968\" target=\"_blank\" rel=\"noopener\"><strong>Flexibiliza\u00e7\u00e3o do Trabalho no Com\u00e9rcio: o caso de um shopping center<\/strong><\/a>. Revista da ABET, Associa\u00e7\u00e3o Brasileira de Estudos do Trabalho, v. VI, p. 127-151, 2006.<\/span><\/p>\n<\/div>\n<div class=\"layout-cell-pad-5\" style=\"text-align: justify;\">\n<hr \/>\n<p><span style=\"color: #000000;\"><img loading=\"lazy\" class=\"alignleft size-full wp-image-272\" src=\"http:\/\/www.cchla.ufpb.br\/laept\/wp-content\/uploads\/2014\/08\/downloads-folder-icon-9.png\" alt=\"downloads folder icon 9\" width=\"54\" height=\"54\" \/>COSTA, <b>M\u00e1rcia da Silva<\/b>. <strong><a href=\"http:\/\/www.scielo.br\/pdf\/raeel\/v2n2\/v2n2a10\" target=\"_blank\" rel=\"noopener\">Reestrutura\u00e7\u00e3o Produtiva, Sindicatos e a flexibiliza\u00e7\u00e3o das rela\u00e7\u00f5es de trabalho no Brasil<\/a><\/strong>. RAE Eletr\u00f4nica (FGV), Rio de Janeiro, v. 2, n.2, p. 2-14, 2003.<\/span><\/p>\n<\/div>\n<div class=\"layout-cell-pad-5\" style=\"text-align: justify;\">\n<hr \/>\n<\/div>\n<div class=\"layout-cell-pad-5\" style=\"text-align: justify;\"><span style=\"color: #000000;\"><img loading=\"lazy\" class=\"alignleft size-full wp-image-272\" src=\"http:\/\/www.cchla.ufpb.br\/laept\/wp-content\/uploads\/2014\/08\/downloads-folder-icon-9.png\" alt=\"downloads folder icon 9\" width=\"54\" height=\"54\" \/>COSTA, <b>M\u00e1rcia da Silva<\/b>. <a href=\"http:\/\/www.scielo.br\/pdf\/rae\/v34n1\/a02v34n1.pdf\" target=\"_blank\" rel=\"noopener\"><strong>Terceiriza\u00e7\u00e3o, parceria e suas implica\u00e7\u00f5es no \u00e2mbito jur\u00eddico sindical<\/strong><\/a>. RAE. Revista de Administra\u00e7\u00e3o de Empresas (FGV), Rio de Janeiro, v. 34, n.n\u00ba1, p. 17-29, 1994.<\/span><\/div>\n<div class=\"layout-cell-pad-5\" style=\"text-align: justify;\"><\/div>\n<div class=\"layout-cell-pad-5\" style=\"text-align: justify;\">\n<hr \/>\n<\/div>\n<div class=\"layout-cell-pad-5\" style=\"text-align: justify;\">\n<p style=\"text-align: justify;\"><span style=\"color: #000000;\"><a href=\"http:\/\/www.cchla.ufpb.br\/laept\/wp-content\/uploads\/2014\/08\/downloads-folder-icon-9.png\"><img loading=\"lazy\" class=\"alignleft size-full wp-image-272\" src=\"http:\/\/www.cchla.ufpb.br\/laept\/wp-content\/uploads\/2014\/08\/downloads-folder-icon-9.png\" alt=\"downloads folder icon 9\" width=\"54\" height=\"54\" \/><\/a>CRISPIM, Kellly dos Santos;<\/span>\u00a0<span style=\"color: #000000;\"><b>GODOY, Jos\u00e9 Henrique Artigas de<\/b>. <a href=\"http:\/\/csonline.ufjf.emnuvens.com.br\/csonline\/article\/view\/513\/469\" target=\"_blank\" rel=\"noopener\"><strong>Juventude e a quest\u00e3o social no contexto das pol\u00edticas p\u00fablicas de trabalho e emprego<\/strong><\/a>. CSOnline (PPGCS-UFJF), v. 3, p. 173\/8-188, 2010.<\/span><\/p>\n<hr \/>\n<\/div>\n<p style=\"text-align: justify;\"><span style=\"color: #000000;\"><b><img loading=\"lazy\" class=\"alignleft size-full wp-image-272\" src=\"http:\/\/www.cchla.ufpb.br\/laept\/wp-content\/uploads\/2014\/08\/downloads-folder-icon-9.png\" alt=\"downloads folder icon 9\" width=\"54\" height=\"54\" \/>FARIA, Maur\u00edcio Sard\u00e1 de<\/b>. <a style=\"color: #000000;\" href=\"http:\/\/repositorio.ipea.gov.br\/bitstream\/11058\/3961\/1\/bmt48_econ02_oitoanos_senaes.pdf\" target=\"_blank\" rel=\"noopener\"><strong>Oito Anos da Secretaria Nacional de Economia Solid\u00e1ria (SENAES): significados e perspectivas<\/strong><\/a>. Mercado de Trabalho (Rio de Janeiro. 1996), v. 48, p. 57-70, 2011.<\/span><\/p>\n<div class=\"layout-cell-pad-5\" style=\"text-align: justify;\">\n<hr \/>\n<\/div>\n<div class=\"layout-cell-pad-5\" style=\"text-align: justify;\"><span style=\"color: #000000;\"><b><img loading=\"lazy\" class=\"alignleft size-full wp-image-272\" src=\"http:\/\/www.cchla.ufpb.br\/laept\/wp-content\/uploads\/2014\/08\/downloads-folder-icon-9.png\" alt=\"downloads folder icon 9\" width=\"54\" height=\"54\" \/>GODOY, Jos\u00e9 Henrique Artigas de<\/b>. <a href=\"https:\/\/www.google.com.br\/url?sa=t&amp;rct=j&amp;q=&amp;esrc=s&amp;source=web&amp;cd=1&amp;ved=0CB0QFjAAahUKEwjYwPTSj4THAhUG0IAKHZY9BSs&amp;url=https%3A%2F%2Fperiodicos.ufsc.br%2Findex.php%2Fpolitica%2Farticle%2Fdownload%2F2175-7984.2013v12n24p61%2F25560&amp;ei=gMK6VdiAHoaggwSW-5TYAg&amp;usg=AFQjCNEeMibBymiC-w5XHVU-7eYizRTylw&amp;bvm=bv.99028883,d.eXY&amp;cad=rja\" target=\"_blank\" rel=\"noopener\"><strong>Os Nordestes de Freyre e Furtado<\/strong><\/a>. Pol\u00edtica &amp; Sociedade. Florian\u00f3polis, Vol. 12, n\u00ba 24, p61-88, mai.\/ago. de 2013.<\/span><\/div>\n<div class=\"layout-cell-pad-5\" style=\"text-align: justify;\"><\/div>\n<div class=\"layout-cell-pad-5\" style=\"text-align: justify;\">\n<hr \/>\n<\/div>\n<div class=\"post-pages clear\"><\/div>\n<div class=\"post-pages clear\"><\/div>\n<div class=\"post-pages clear\"><\/div>\n<p style=\"text-align: justify;\"><span style=\"color: #000000;\">\u00a0<\/span><\/p>\n<p style=\"text-align: justify;\"><span style=\"color: #000000;\"><b><img loading=\"lazy\" class=\"alignleft size-full wp-image-272\" src=\"http:\/\/www.cchla.ufpb.br\/laept\/wp-content\/uploads\/2014\/08\/downloads-folder-icon-9.png\" alt=\"downloads folder icon 9\" width=\"54\" height=\"54\" \/>GODOY, Jos\u00e9 Henrique Artigas de<\/b>. <a href=\"http:\/\/www.fafich.ufmg.br\/revistasociedade\/index.php\/rts\/article\/view\/77\/64\" target=\"_blank\" rel=\"noopener\"><strong>Um passado que encurrala o presente: cidadania, equidade e pol\u00edticas afirmativas no pensamento brasileiro<\/strong><\/a>. Teoria &amp; Sociedade (UFMG), v. 21, p. 177-209, jan\/jun de 2015.<\/span><\/p>\n<div class=\"layout-cell-pad-5\">\n<hr \/>\n<\/div>\n<div class=\"layout-cell-pad-5\"><\/div>\n<div class=\"layout-cell-pad-5\">\n<p style=\"text-align: justify;\"><span style=\"color: #000000;\"><img loading=\"lazy\" class=\"alignleft size-full wp-image-272\" src=\"http:\/\/www.cchla.ufpb.br\/laept\/wp-content\/uploads\/2014\/08\/downloads-folder-icon-9.png\" alt=\"downloads folder icon 9\" width=\"54\" height=\"54\" \/>LADOSKY, M\u00e1rio Henrique; V\u00c9RAS DE OLIVEIRA, Roberto. <strong><a style=\"color: #000000;\" href=\"https:\/\/periodicos.ufsc.br\/index.php\/mundosdotrabalho\/article\/viewFile\/1984-9222.2014v6n11p147\/28599\" target=\"_blank\" rel=\"noopener\">O novo sindicalismo pela \u00f3tica dos estudos do trabalho<\/a><\/strong>. Revista Mundos do Trabalho (UFSC), v. 6, p. 147-170, 2015.<\/span><\/p>\n<hr \/>\n<p style=\"text-align: justify;\">\n<\/div>\n<p style=\"text-align: justify;\"><span style=\"color: #000000;\"><b><img loading=\"lazy\" class=\"alignleft size-full wp-image-272\" src=\"http:\/\/www.cchla.ufpb.br\/laept\/wp-content\/uploads\/2014\/08\/downloads-folder-icon-9.png\" alt=\"downloads folder icon 9\" width=\"54\" height=\"54\" \/>LADOSKY, Mario Henrique<\/b>. <a href=\"http:\/\/periodicos.ufpb.br\/ojs\/index.php\/abet\/article\/view\/25704\/13880\" target=\"_blank\" rel=\"noopener\"><strong>A Nova Estrutura Sindical no Brasil<\/strong><\/a>. Revista da ABET (Associa\u00e7\u00e3o Brasileira de Estudos do Trabalho), v. 14, p. 114-140, 2015.<\/span><\/p>\n<div class=\"layout-cell-pad-5\">\n<hr \/>\n<p style=\"text-align: justify;\"><span style=\"color: #000000;\"><a href=\"http:\/\/www.periodicoseletronicos.ufma.br\/index.php\/rpcsoc\/article\/view\/3641\/1639\" target=\"_blank\" rel=\"attachment wp-att-272 noopener\"><img loading=\"lazy\" class=\"alignleft size-full wp-image-272\" src=\"http:\/\/www.cchla.ufpb.br\/laept\/wp-content\/uploads\/2014\/08\/downloads-folder-icon-9.png\" alt=\"downloads folder icon 9\" width=\"54\" height=\"54\" \/><\/a>MEDEIROS, Rog\u00e9rio de Souza;\u00a0<b>GODOY, Jos\u00e9 Henrique Artigas de<\/b>. <a style=\"color: #000000;\" href=\"http:\/\/www.periodicoseletronicos.ufma.br\/index.php\/rpcsoc\/article\/view\/3641\/1639\" target=\"_blank\" rel=\"noopener\"><strong>Desenvolvimento, territ\u00f3rio e pol\u00edticas sociais: Suape e uma nova agenda de pesquisa sobre os impactos sociais de grandes projetos<\/strong><\/a>. Revista P\u00f3s Ci\u00eancias Sociais (UFMA), v. 12, p. 77-99, 2015.\u00a0<\/span><\/p>\n<\/div>\n<div class=\"layout-cell-pad-5\">\n<hr \/>\n<\/div>\n<div class=\"layout-cell-pad-5\"><\/div>\n<div class=\"layout-cell-pad-5\">\n<div class=\"layout-cell layout-cell-11\">\n<div class=\"layout-cell-pad-5\" style=\"text-align: justify;\"><span style=\"color: #000000;\"><a href=\"http:\/\/www.cchla.ufpb.br\/laept\/wp-content\/uploads\/2014\/08\/01-texto-rejane.pdf\" target=\"_blank\" rel=\"attachment wp-att-272 noopener\"><img loading=\"lazy\" class=\"alignleft size-full wp-image-272\" src=\"http:\/\/www.cchla.ufpb.br\/laept\/wp-content\/uploads\/2014\/08\/downloads-folder-icon-9.png\" alt=\"downloads folder icon 9\" width=\"54\" height=\"54\" \/><\/a>MOREIRA, Eliana Monteiro ; <b>CARVALHO, R<b>ejane<\/b> Gomes.<\/b> <strong><a href=\"http:\/\/www.cchla.ufpb.br\/laept\/wp-content\/uploads\/2014\/08\/01-texto-rejane.pdf\" target=\"_blank\" rel=\"noopener\">Inclus\u00e3o precarizada e identidades sequestradas na nova ordem social do trabalho<\/a><\/strong>. Pol\u00edtica &amp; Trabalho (PPGS-UFPB), v. 1, p. 81-99, 2009.<\/span><\/div>\n<\/div>\n<\/div>\n<div class=\"layout-cell-pad-5\"><\/div>\n<div class=\"layout-cell-pad-5\">\n<hr \/>\n<\/div>\n<div class=\"layout-cell-pad-5\">\n<div class=\"layout-cell layout-cell-1 text-align-right\" style=\"text-align: justify;\"><\/div>\n<div class=\"layout-cell layout-cell-11\">\n<div class=\"layout-cell-pad-5\" style=\"text-align: justify;\"><span style=\"color: #000000;\"><b><img loading=\"lazy\" class=\"alignleft size-full wp-image-272\" src=\"http:\/\/www.cchla.ufpb.br\/laept\/wp-content\/uploads\/2014\/08\/downloads-folder-icon-9.png\" alt=\"downloads folder icon 9\" width=\"54\" height=\"54\" \/>ROMBALDI, M<b>aur\u00edcio<\/b><\/b>; TOMIZAKI, Kimi. <a href=\"http:\/\/www.scielo.br\/pdf\/pp\/v20n2\/v20n2a07.pdf\" target=\"_blank\" rel=\"noopener\"><strong>Construindo a legitimidade: reflex\u00f5es sobre as transforma\u00e7\u00f5es das pr\u00e1ticas de milit\u00e2ncia no movimento sindical<\/strong><\/a>. Pro-Posi\u00e7\u00f5es (Unicamp), v. 20, p. 93-112, 2009.<\/span><\/div>\n<\/div>\n<\/div>\n<div class=\"layout-cell-pad-5\" style=\"text-align: justify;\"><\/div>\n<div class=\"layout-cell-pad-5\" style=\"text-align: justify;\">\n<hr \/>\n<\/div>\n<div class=\"layout-cell-pad-5\"><\/div>\n<div class=\"layout-cell-pad-5\" style=\"text-align: justify;\"><span style=\"color: #000000;\"> <img loading=\"lazy\" class=\"alignleft size-full wp-image-272\" src=\"http:\/\/www.cchla.ufpb.br\/laept\/wp-content\/uploads\/2014\/08\/downloads-folder-icon-9.png\" alt=\"downloads folder icon 9\" width=\"54\" height=\"54\" \/><b>ROMBALDI, Maur\u00edcio<\/b>. <a href=\"http:\/\/periodicos.ufpb.br\/ojs\/index.php\/abet\/article\/view\/25671\/13860\" target=\"_blank\" rel=\"noopener\"><strong>A Copa de 2014 e os trabalhadores da constru\u00e7\u00e3o: estrat\u00e9gias globais, mobiliza\u00e7\u00f5es locais<\/strong><\/a>. Revista da ABET (Associa\u00e7\u00e3o Brasileira de Estudos do Trabalho), v. 13, p. 184-198, 2014.<\/span><\/div>\n<div class=\"layout-cell-pad-5\" style=\"text-align: justify;\"><\/div>\n<div class=\"layout-cell-pad-5\" style=\"text-align: justify;\">\n<hr \/>\n<\/div>\n<div class=\"layout-cell-pad-5\"><\/div>\n<div class=\"layout-cell-pad-5\"><\/div>\n<div class=\"layout-cell-pad-5\" style=\"text-align: justify;\"><span style=\"color: #000000;\"><img loading=\"lazy\" class=\"alignleft size-full wp-image-272\" src=\"http:\/\/www.cchla.ufpb.br\/laept\/wp-content\/uploads\/2014\/08\/downloads-folder-icon-9.png\" alt=\"downloads folder icon 9\" width=\"54\" height=\"54\" \/>SANCHES, F\u00e1bio; <b>FARIA, Maur\u00edcio Sard\u00e1 de<\/b>. <a style=\"color: #000000;\" href=\"http:\/\/base.socioeco.org\/docs\/_empresasrecuperadas_pdf_pdf_09_bechara_sanchez_espanol_dossier.pdf\" target=\"_blank\" rel=\"noopener\"><strong>Pol\u00edticas P\u00fablicas pra o Trabalho Autogestion\u00e1rio no Brasil: participa\u00e7\u00e3o e intersetorialidade<\/strong><\/a>. Osera &#8211; Observatorio social sobre empresas recuperadas autogestionadas, v. 1, p. 1-15, 2013.<\/span><\/div>\n<div class=\"layout-cell-pad-5\"><\/div>\n<div class=\"layout-cell-pad-5\">\n<hr \/>\n<\/div>\n<div class=\"layout-cell-pad-5\"><\/div>\n<p style=\"text-align: justify;\"><span style=\"color: #000000;\"><img loading=\"lazy\" class=\"alignleft size-full wp-image-272\" src=\"http:\/\/www.cchla.ufpb.br\/laept\/wp-content\/uploads\/2014\/08\/downloads-folder-icon-9.png\" alt=\"downloads folder icon 9\" width=\"54\" height=\"54\" \/>V\u00c9RAS DE OLIVEIRA, Roberto. <a style=\"color: #000000;\" href=\"http:\/\/www.scielo.br\/pdf\/ccrh\/v26n68\/a03v26n68.pdf\" target=\"_blank\" rel=\"noopener\"><strong>Suape em constru\u00e7\u00e3o, pe\u00f5es em luta: o novo desenvolvimento e os conflitos do trabalho<\/strong><\/a>. Caderno CRH (UFBA), v. 26, p. 233-252, 2013.<\/span><\/p>\n<hr \/>\n<p style=\"text-align: justify;\"><span style=\"color: #000000;\"> <img loading=\"lazy\" class=\"alignleft size-full wp-image-272\" src=\"http:\/\/www.cchla.ufpb.br\/laept\/wp-content\/uploads\/2014\/08\/downloads-folder-icon-9.png\" alt=\"downloads folder icon 9\" width=\"54\" height=\"54\" \/>V\u00c9RAS DE OLIVEIRA, Roberto. RAMALHO, Jos\u00e9 Ricardo. <strong><a href=\"http:\/\/www.scielo.br\/pdf\/ccrh\/v26n68\/a01v26n68.pdf\" target=\"_blank\" rel=\"noopener\">A atualidade do debate sobre trabalho e desenvolvimento<\/a><\/strong>. Caderno CRH (UFBA), v. 26, p. 211-215, 2013. <\/span><\/p>\n<hr \/>\n<p style=\"text-align: justify;\"><span style=\"color: #000000;\"><img loading=\"lazy\" class=\"alignleft size-full wp-image-272\" src=\"http:\/\/www.cchla.ufpb.br\/laept\/wp-content\/uploads\/2014\/08\/downloads-folder-icon-9.png\" alt=\"downloads folder icon 9\" width=\"54\" height=\"54\" \/>V\u00c9RAS DE OLIVEIRA, Roberto. BRAGA, Bruno Mota. <a href=\"http:\/\/periodicos.ufpb.br\/ojs\/index.php\/politicaetrabalho\/article\/view\/21820\/12655\" target=\"_blank\" rel=\"noopener\"><strong>Territ\u00f3rio Comercial de Toritama: persist\u00eancia e metamorfoses da inform<span style=\"color: #000000;\">alidade.<\/span><\/strong><\/a> Pol\u00edtica &amp; Trabalho (PPGS-UFPB), v. 41, p. 193-225, 2014.\u00a0<\/span><\/p>\n<hr \/>\n<p style=\"text-align: justify;\"><span style=\"color: #000000;\"><img loading=\"lazy\" class=\"alignleft size-full wp-image-272\" src=\"http:\/\/www.cchla.ufpb.br\/laept\/wp-content\/uploads\/2014\/08\/downloads-folder-icon-9.png\" alt=\"downloads folder icon 9\" width=\"54\" height=\"54\" \/>V\u00c9RAS DE OLIVEIRA, Roberto; <b>MOREIRA, Eliana M<b>onteiro<\/b><\/b>. <a style=\"color: #000000;\" href=\"http:\/\/www.ufcg.edu.br\/~raizes\/artigos\/Artigo_201.pdf\" target=\"_blank\" rel=\"noopener\"><strong>Sentidos da globaliza\u00e7\u00e3o: um desafio ao pensamento sociol\u00f3gico<\/strong><\/a>. Raizes. Revista de Ci\u00eancias Sociais e Econ\u00f4micas (UFCG), v. 27, p. 43-55, 2008.<\/span><\/p>\n<hr \/>\n<div class=\"layout-cell layout-cell-1 text-align-right\" style=\"text-align: justify;\"><span style=\"color: #000000;\">\u00a0<\/span><\/div>\n<div class=\"layout-cell layout-cell-11\">\n<div class=\"layout-cell-pad-5\" style=\"text-align: justify;\"><span style=\"color: #000000;\">\u00a0<\/span><a href=\"http:\/\/www.scielo.br\/pdf\/ccrh\/v28n75\/0103-4979-ccrh-28-75-0545.pdf\" target=\"_blank\" rel=\"attachment wp-att-272 noopener\"><img loading=\"lazy\" class=\"alignleft size-full wp-image-272\" src=\"http:\/\/www.cchla.ufpb.br\/laept\/wp-content\/uploads\/2014\/08\/downloads-folder-icon-9.png\" alt=\"downloads folder icon 9\" width=\"54\" height=\"54\" \/><\/a><span style=\"color: #000000;\">V\u00c9RAS DE OLIVEIRA, Roberto. <a href=\"http:\/\/www.scielo.br\/pdf\/ccrh\/v28n75\/0103-4979-ccrh-28-75-0545.pdf\" target=\"_blank\" rel=\"noopener\"><strong>Sindicalismo e Terceiriza\u00e7\u00e3o no Brasil: pontos para reflex\u00e3o<\/strong><\/a>. Caderno CRH (UFBA), v.28, n\u00ba75, p. 545-567, 2015.<\/span><\/div>\n<\/div>\n<div class=\"layout-cell-pad-5\" style=\"text-align: justify;\"><\/div>\n<div class=\"layout-cell-pad-5\" style=\"text-align: justify;\">\n<hr \/>\n<\/div>\n<div class=\"layout-cell-pad-5\" style=\"text-align: justify;\"><\/div>\n<div class=\"layout-cell-pad-5\" style=\"text-align: justify;\">\n<div class=\"layout-cell layout-cell-1 text-align-right\"><\/div>\n<div class=\"layout-cell layout-cell-11\">\n<div class=\"layout-cell-pad-5\"><span style=\"color: #000000;\">\u00a0<\/span><\/div>\n<\/div>\n<\/div>\n","protected":false},"excerpt":{"rendered":"<p>&nbsp; CARVALHO, Rejane Gomes. Pol\u00edtica P\u00fablica de Qualifica\u00e7\u00e3o Profissional na Para\u00edba: desafios na execu\u00e7\u00e3o do PLANTEQ. Revista ABET, Associa\u00e7\u00e3o Brasileira de Estudos do Trabalho, Vol. X, n\u00ba 2, Jul.\/Dez. 2011. CARVALHO, Rejane Gomes. Desafios da pol\u00edtica p\u00fablica de qualifica\u00e7\u00e3o profissional no estado da Para\u00edba. Revista da ABET, Associa\u00e7\u00e3o Brasileira de Estudos do Trabalho, v. VI, [&hellip;]<\/p>\n","protected":false},"author":5,"featured_media":0,"parent":0,"menu_order":0,"comment_status":"closed","ping_status":"open","template":"","meta":[],"_links":{"self":[{"href":"https:\/\/www.cchla.ufpb.br\/laept\/index.php?rest_route=\/wp\/v2\/pages\/12"}],"collection":[{"href":"https:\/\/www.cchla.ufpb.br\/laept\/index.php?rest_route=\/wp\/v2\/pages"}],"about":[{"href":"https:\/\/www.cchla.ufpb.br\/laept\/index.php?rest_route=\/wp\/v2\/types\/page"}],"author":[{"embeddable":true,"href":"https:\/\/www.cchla.ufpb.br\/laept\/index.php?rest_route=\/wp\/v2\/users\/5"}],"replies":[{"embeddable":true,"href":"https:\/\/www.cchla.ufpb.br\/laept\/index.php?rest_route=%2Fwp%2Fv2%2Fcomments&post=12"}],"version-history":[{"count":23,"href":"https:\/\/www.cchla.ufpb.br\/laept\/index.php?rest_route=\/wp\/v2\/pages\/12\/revisions"}],"predecessor-version":[{"id":493,"href":"https:\/\/www.cchla.ufpb.br\/laept\/index.php?rest_route=\/wp\/v2\/pages\/12\/revisions\/493"}],"wp:attachment":[{"href":"https:\/\/www.cchla.ufpb.br\/laept\/index.php?rest_route=%2Fwp%2Fv2%2Fmedia&parent=12"}],"curies":[{"name":"wp","href":"https:\/\/api.w.org\/{rel}","templated":true}]}}