{"id":102,"date":"2014-11-27T13:37:53","date_gmt":"2014-11-27T13:37:53","guid":{"rendered":"http:\/\/www.cchla.ufpb.br\/laprol2\/?page_id=102"},"modified":"2024-12-04T22:59:01","modified_gmt":"2024-12-05T01:59:01","slug":"teses-e-dissertacoes","status":"publish","type":"page","link":"https:\/\/www.cchla.ufpb.br\/laprol\/?page_id=102","title":{"rendered":"Teses e Disserta\u00e7\u00f5es"},"content":{"rendered":"<h3>2023<\/h3>\n<p>SILVA, D. M. B. <em>Processo de antecipa\u00e7\u00e3o no processamento da linguagem por brasileiros aprendizes de ingl\u00eas como L2<\/em>. 2023. Disserta\u00e7\u00e3o (Mestrado em Ling\u00fc\u00edstica) &#8211; Universidade Federal da Para\u00edba. <a href=\"https:\/\/repositorio.ufpb.br\/jspui\/handle\/tede\/6352?locale=pt_BR\">PDF<\/a><\/p>\n<p>MARINHO, A. S. B. A<em> PART\u00cdCULA -SE NOS CONTEXTOS DE CONSTRU\u00c7\u00c3O DA VOZ M\u00c9DIA E DA VOZ PASSIVA SINT\u00c9TICA EM PORTUGU\u00caS BRASILEIRO ? UM ESTUDO EXPERIMENTAL<\/em>. 2022. Disserta\u00e7\u00e3o (Mestrado em Ling\u00fc\u00edstica) &#8211; Universidade Federal da Para\u00edba.<\/p>\n<h3><\/h3>\n<h3>2022<\/h3>\n<p>GUEDES, R. B. <em>Animacidade e o processamento de ora\u00e7\u00f5es relativas de sujeito e objeto por bil\u00edngues portugu\u00eas-ingl\u00eas<\/em>. 2022. Disserta\u00e7\u00e3o (Mestrado em Ling\u00fc\u00edstica) &#8211; Universidade Federal da Para\u00edba. <a href=\"https:\/\/repositorio.ufpb.br\/jspui\/handle\/123456789\/24069?locale=pt_BR\">PDF<\/a><\/p>\n<p>FERNANDES, M. S. <em>ORGANIZA\u00c7\u00c3O LEXICAL EM BIL\u00cdNGUES: UMA INVESTIGA\u00c7\u00c3O SOBRE OS EFEITOS DA PROFICI\u00caNCIA EM L2 NA DIRECIONALIDADE DO PRIMING ENCOBERTO DE PALAVRAS COGNATAS E N\u00c3O COGNATAS.<\/em> 2022. Disserta\u00e7\u00e3o (Mestrado em Ling\u00fc\u00edstica) &#8211; Universidade Federal da Para\u00edba. <a href=\"https:\/\/repositorio.ufpb.br\/jspui\/handle\/123456789\/29683\">PDF<\/a><\/p>\n<p>DUARTE, M. S. M. D. <em>O PROCESSAMENTO DE SUBSTANTIVOS COMPOSTOS EM BIL\u00cdNGUES PORTUGU\u00caS-INGL\u00caS: UM ESTUDO DE PRIMING<\/em>. 2022. Disserta\u00e7\u00e3o (Mestrado em Ling\u00fc\u00edstica) &#8211; Universidade Federal da Para\u00edba.<\/p>\n<p>SOARES, N. L. S. <em>A influ\u00eancia da compet\u00eancia leitora no acesso lexical de estudantes do ensino m\u00e9dio regular e EJA e do ensino superior<\/em>. 2022. Disserta\u00e7\u00e3o (Mestrado em Ling\u00fc\u00edstica) &#8211; Universidade Federal da Para\u00edba. <a href=\"https:\/\/repositorio.ufpb.br\/jspui\/handle\/123456789\/27038?locale=pt_BR\">PDF<\/a><\/p>\n<p>LEITE, A. M. <em>A rela\u00e7\u00e3o entre a Mem\u00f3ria de Trabalho e a aposi\u00e7\u00e3o de ora\u00e7\u00f5es relativas amb\u00edguas no portugu\u00eas brasileiro sob a perspectiva da Psicolingu\u00edstica Experimental.<\/em> 2022. Disserta\u00e7\u00e3o (Mestrado em Ling\u00fc\u00edstica) &#8211; Universidade Federal da Para\u00edba. <a href=\"https:\/\/repositorio.ufpb.br\/jspui\/handle\/123456789\/26684\">PDF<\/a><\/p>\n<p>CHAVES, M. de C. S. <em>UM ESTUDO EXPERIMENTAL SOBRE A LEITURA DE PER\u00cdODOS NA EDUCA\u00c7\u00c3O B\u00c1SICA.<\/em> 2022. Disserta\u00e7\u00e3o (Mestrado em Ling\u00fc\u00edstica).<\/p>\n<p>HENRIQUE, J. G. <em>A influ\u00eancia da reflexividade verbal no processamento da an\u00e1fora se<\/em>.. 2022. Tese (Doutorado em Ling\u00fc\u00edstica) &#8211; Universidade Federal da Para\u00edba. <a href=\"https:\/\/repositorio.ufpb.br\/jspui\/handle\/123456789\/29942\">PDF<\/a><\/p>\n<h3><\/h3>\n<h3>2021<\/h3>\n<p>LIMEIRA, J. <em>Mem\u00f3ria de Trabalho de Estudantes Universit\u00e1rios e Sua Rela\u00e7\u00e3o com o Desempenho Acad\u00eamico.<\/em> 2021. Disserta\u00e7\u00e3o (Mestrado em Ling\u00fc\u00edstica). <a href=\"https:\/\/repositorio.ufpb.br\/jspui\/handle\/123456789\/13225?locale=pt_BR\">PDF<\/a><\/p>\n<h3><\/h3>\n<h3>2020<\/h3>\n<p>PINHEIRO, K. A. <em>Compet\u00eancia Morfol\u00f3gica e Consci\u00eancia Morfol\u00f3gica no Processamento Lexical.<\/em> 2020. Disserta\u00e7\u00e3o (Mestrado em Ling\u00fc\u00edstica). <a href=\"https:\/\/repositorio.ufpb.br\/jspui\/handle\/123456789\/13303?locale=pt_BR\">PDF<\/a><\/p>\n<p>SOUZA, F. G. C. S. <em>O PROCESSAMENTO DA LOGOFORICIDADE EM PORTUGU\u00caS BRASILEIRO.<\/em> 2020. Tese (Doutorado em Letras).\u00a0 <a href=\"https:\/\/repositorio.ufpb.br\/jspui\/handle\/123456789\/21606\">PDF<\/a><\/p>\n<h3>2019<\/h3>\n<p>SILVA, A. P. S. <em>A INFLU\u00caNCIA DA L2 NO PROCESSAMENTO SEM\u00c2NTICO EM BRASILEIROS FALANTES DE INGL\u00caS EM N\u00cdVEL AVAN\u00c7ADO<\/em>. 2019. Disserta\u00e7\u00e3o (Mestrado em Ling\u00fc\u00edstica).<\/p>\n<p>SILVA, D. C. L. <em>A Transpar\u00eancia Sem\u00e2ntica e o Processamento das Palavras com Prefixo DES- no Portugu\u00eas Brasileiro<\/em>. 2019. Disserta\u00e7\u00e3o (Mestrado em Ling\u00fc\u00edstica).\u00a0 <a href=\"https:\/\/repositorio.ufpb.br\/jspui\/handle\/123456789\/18638?locale=pt_BR\">PDF<\/a><\/p>\n<h3><\/h3>\n<h3 style=\"text-align: justify;\"><strong>2018<\/strong><\/h3>\n<p style=\"text-align: justify;\">BEZERRA, J. T. G. M.\u00a0<em>Objetos de aprendizagem para o ensino de L\u00edngua Portuguesa em reposit\u00f3rios brasileiros<\/em>. Tese de Doutorado em Lingu\u00edstica. Universidade Federal da Para\u00edba, UFPB. Jo\u00e3o Pessoa, 2018. <a title=\"ALVES (2012)\" href=\"https:\/\/repositorio.ufpb.br\/jspui\/bitstream\/123456789\/13240\/1\/Arquivototal.pdf\" target=\"_blank\" rel=\"noopener\">PDF<\/a><\/p>\n<p>MARINHO, N. F. I. <em>Aquisi\u00e7\u00e3o dos Princ\u00edpios de Liga\u00e7\u00e3o em Portugu\u00eas Brasileiro<\/em>.\u00a0Disserta\u00e7\u00e3o de mestrado. Universidade Federal da Para\u00edba, UFPB. Jo\u00e3o Pessoa, 2018.<\/p>\n<p>BEZERRA, R. F. <em>Processamento Morfol\u00f3gico no Transtorno de Espectro Autista<\/em>.\u00a0Disserta\u00e7\u00e3o de mestrado. Universidade Federal da Para\u00edba, UFPB. Jo\u00e3o Pessoa, 2018.<\/p>\n<p>FERREIRA, J. G. C. F. <em>A Influ\u00eancia da Dist\u00e2ncia Sint\u00e1tica no Processamento Anaf\u00f3rico em Portugu\u00eas Brasileiro<\/em>. 2018. Disserta\u00e7\u00e3o (Mestrado em Ling\u00fc\u00edstica).\u00a0 <a href=\"https:\/\/repositorio.ufpb.br\/jspui\/handle\/123456789\/18518?locale=pt_BR\">PDF<\/a><\/p>\n<p>ALMEIDA, P. A. A. <em>A Compreens\u00e3o Leitora de Indiv\u00edduos com TDAH e sua Rela\u00e7\u00e3o com a Mem\u00f3ria de Trabalho.<\/em> 2018. Disserta\u00e7\u00e3o (Mestrado em Ling\u00fc\u00edstica). <a href=\"https:\/\/repositorio.ufpb.br\/jspui\/bitstream\/123456789\/20880\/1\/PriscillaDeAlbuquerqueAlmeida_Dissert.pdf\">PDF<\/a><\/p>\n<p>VASCONCELOS, L. F.\u00a0 N. <em>O Processamento Anaf\u00f3rico de Sintagmas Complexos.<\/em> 2018. Disserta\u00e7\u00e3o (Mestrado em Ling\u00fc\u00edstica) . <a href=\"https:\/\/sigaa.ufpb.br\/sigaa\/public\/programa\/defesas.jsf?lc=en_US&amp;id=1901\">PDF<\/a><\/p>\n<h3><\/h3>\n<h3 style=\"text-align: justify;\"><strong>2017<\/strong><\/h3>\n<p style=\"text-align: justify;\">SANTANA, J. D. <em>Processamento bil\u00edngue e transfer\u00eancia lingu\u00edstica : o processamento da ordem do adjetivo e do adv\u00e9rbio em L\u00edngua Inglesa<\/em>. Tese de Doutorado em Lingu\u00edstica. Universidade Federal da Para\u00edba, UFPB. Jo\u00e3o Pessoa, 2017. <a title=\"ALVES (2012)\" href=\"https:\/\/repositorio.ufpb.br\/jspui\/bitstream\/tede\/9192\/2\/arquivototal.pdf\" target=\"_blank\" rel=\"noopener\">PDF<\/a><\/p>\n<p style=\"text-align: justify;\">ARA\u00daJO, E. M.\u00a0<em>Processamento correferencial das express\u00f5es &#8220;ele(a) mesmo(a)&#8221; e &#8220;ele(a) pr\u00f3prio(a)&#8221; em Portugu\u00eas Brasileiro<\/em>. Disserta\u00e7\u00e3o de mestrado. Universidade Federal da Para\u00edba, UFPB. Jo\u00e3o Pessoa, 2017.\u00a0<a title=\"BEZERRA (2013)\" href=\"https:\/\/repositorio.ufpb.br\/jspui\/bitstream\/123456789\/12052\/1\/Arquivototal.pdf\" target=\"_blank\" rel=\"noopener\">PDF<\/a><\/p>\n<p style=\"text-align: justify;\">LUNA, L. P. D.\u00a0<em>As restri\u00e7\u00f5es do Princ\u00edpio A da Teoria da Liga\u00e7\u00e3o no processamento de pronomes reflexivos por Brasileiros falantes de Ingl\u00eas como L2<\/em>. Disserta\u00e7\u00e3o de mestrado. Universidade Federal da Para\u00edba, UFPB. Jo\u00e3o Pessoa, 2017.\u00a0<a title=\"BEZERRA (2013)\" href=\"https:\/\/repositorio.ufpb.br\/jspui\/bitstream\/123456789\/12061\/1\/Arquivototal.pdf\" target=\"_blank\" rel=\"noopener\">PDF<\/a><\/p>\n<p>GONDIM, E. V. A. C. <em>Investiga\u00e7\u00e3o te\u00f3rico-metodol\u00f3gica sobre a Penalidade do Nome Repetido em Portugu\u00eas Brasileiro<\/em>. Disserta\u00e7\u00e3o de Mestrado.\u00a0Universidade Federal da Para\u00edba, UFPB. Jo\u00e3o Pessoa, 2017.\u00a0<a title=\"BEZERRA (2013)\" href=\"https:\/\/repositorio.ufpb.br\/jspui\/bitstream\/123456789\/14788\/1\/Arquivototal.pdf\" target=\"_blank\" rel=\"noopener\">PDF<\/a><\/p>\n<p>BARBOSA, M. A. <em>Processamento da correfer\u00eancia na posi\u00e7\u00e3o de sujeito e de objeto por Brasileiros falantes de Ingl\u00eas como L2<\/em>. Disserta\u00e7\u00e3o de Mestrado.\u00a0Universidade Federal da Para\u00edba, UFPB. Jo\u00e3o Pessoa, 2017.\u00a0<a title=\"BEZERRA (2013)\" href=\"https:\/\/repositorio.ufpb.br\/jspui\/bitstream\/123456789\/12049\/1\/Arquivototal.pdf\" target=\"_blank\" rel=\"noopener\">PDF<\/a><\/p>\n<p>BEZERRA, G. B.\u00a0<em>A influ\u00eancia da referencialidade no processamento de ora\u00e7\u00f5es relativas associadas a NPs complexos do tipo &#8220;subst\u00e2ncia&#8221;<\/em>. Tese de Doutorado em Lingu\u00edstica. Universidade Federal da Para\u00edba, UFPB. Jo\u00e3o Pessoa, 2017.<\/p>\n<p>VASCONCELOS, R. C. F. <em>Processamento da Correfer\u00eancia por Bilingues Espanhol-Portugu\u00eas<\/em>. 2017. Tese (Doutorado em Ling\u00fc\u00edstica). <a href=\"https:\/\/repositorio.ufpb.br\/jspui\/bitstream\/123456789\/20753\/1\/RitadeC%C3%A1ssiaFreiredeMelo_Tese.pdf\">PDF<\/a><\/p>\n<p>ARAUJO, E. M. <em>Processamento correferencial das express\u00f5es anaf\u00f3ricas &#8216;ele(a) mesmo(a)&#8217; e &#8216;ele(a) pr\u00f3prio(a)&#8217; em portugu\u00eas brasileiro.<\/em> 2017. Disserta\u00e7\u00e3o (Mestrado em Programa de P\u00f3s-Gradua\u00e7\u00e3o em Lingu\u00edstica (Proling)). <a href=\"https:\/\/repositorio.ufpb.br\/jspui\/handle\/123456789\/12052\">PDF<\/a><\/p>\n<h3><\/h3>\n<h3 style=\"text-align: justify;\"><strong>2016<\/strong><\/h3>\n<p style=\"text-align: justify;\">ALMEIDA, P. M. N. S.\u00a0<em>Processamento da correfer\u00eancia cataf\u00f3rica pronominal pessoal em Portugu\u00eas Brasileiro<\/em>. Disserta\u00e7\u00e3o de mestrado. Universidade Federal da Para\u00edba, UFPB. Jo\u00e3o Pessoa, 2016.\u00a0<a title=\"BEZERRA (2013)\" href=\"https:\/\/repositorio.ufpb.br\/jspui\/bitstream\/123456789\/15119\/1\/Arquivototal.pdf\" target=\"_blank\" rel=\"noopener\">PDF<\/a><\/p>\n<p>ROCHA, J. A. <em>Acesso e representa\u00e7\u00e3o das formas nominais flexionadas em n\u00famero em Portugu\u00eas Brasileiro: um estudo sobre o l\u00e9xico mental<\/em>. Disserta\u00e7\u00e3o de mestrado. Universidade Federal da Para\u00edba, UFPB. Jo\u00e3o Pessoa, 2016.\u00a0<a title=\"BEZERRA (2013)\" href=\"https:\/\/repositorio.ufpb.br\/jspui\/bitstream\/tede\/8697\/2\/arquivototal.pdf\" target=\"_blank\" rel=\"noopener\">PDF<\/a><\/p>\n<p>SOUZA, F. G. C.\u00a0<em>A logoforicidade em Portugu\u00eas Brasileiro: um estudo experiemental<\/em>. Disserta\u00e7\u00e3o de mestrado. Universidade Federal da Para\u00edba, UFPB. Jo\u00e3o Pessoa, 2016.\u00a0<a title=\"BEZERRA (2013)\" href=\"https:\/\/repositorio.ufpb.br\/jspui\/bitstream\/tede\/8693\/2\/arquivototal.pdf\" target=\"_blank\" rel=\"noopener\">PDF<\/a><\/p>\n<p style=\"text-align: justify;\">HENRIQUE, J. G. <em>A influ\u00eancia da Reflexividade verbal no Processamento Anaf\u00f3rico<\/em>. Disserta\u00e7\u00e3o de mestrado. Universidade Federal da Para\u00edba, UFPB. Jo\u00e3o Pessoa, 2016.\u00a0<a title=\"BEZERRA (2013)\" href=\"https:\/\/repositorio.ufpb.br\/jspui\/bitstream\/tede\/9211\/2\/arquivototal.pdf\" target=\"_blank\" rel=\"noopener\">PDF<\/a><\/p>\n<p>CABRAL, A. F. V.\u00a0<em>A influ\u00eancia da animacidade no processamento de relativas de sujeito e de objeto no Portugu\u00eas Brasileiro e Europeu<\/em>. Tese de Doutorado em Lingu\u00edstica. Universidade Federal da Para\u00edba, UFPB. Jo\u00e3o Pessoa, 2015.<\/p>\n<p>ARAUJO, A. M.\u00a0 <em>Mem\u00f3ria de Trabalho e Processamento Lingu\u00edstico<\/em>. 2016. Disserta\u00e7\u00e3o (Mestrado em Ling\u00fc\u00edstica). <a href=\"https:\/\/repositorio.ufpb.br\/jspui\/handle\/123456789\/26384\">PDF<\/a><\/p>\n<p>GLENDAY, C. H. <em>Processamento da Voz Pasiva Por Bil\u00edngues Ingl\u00eas e Portugu\u00eas.<\/em> 2016. Tese (Doutorado em Ling\u00fc\u00edstica). <a href=\"https:\/\/repositorio.ufpb.br\/jspui\/bitstream\/123456789\/20803\/1\/CandiceHelenGlenday_Tese.pdf\">PDF<\/a><\/p>\n<p>SOUZA, F. G. C. <em>A logoforicidade em portug\u00eas brasileiro: um estudo experimental<\/em>. 2016. Disserta\u00e7\u00e3o (Mestrado em Ling\u00fc\u00edstica). <a href=\"https:\/\/repositorio.ufpb.br\/jspui\/handle\/tede\/8693\">PDF<\/a><\/p>\n<h3 style=\"text-align: justify;\"><strong>2015<\/strong><\/h3>\n<p style=\"text-align: justify;\">SOUZA, L. B.\u00a0<em>Processamento da morfologia derivacional do Portugu\u00eas Brasileiro (PB) por crian\u00e7as com dificuldade de leitura<\/em>. Disserta\u00e7\u00e3o de mestrado. Universidade Federal da Para\u00edba, UFPB. Jo\u00e3o Pessoa, 2015.\u00a0<a title=\"BEZERRA (2013)\" href=\"https:\/\/repositorio.ufpb.br\/jspui\/bitstream\/tede\/6470\/1\/arquivototal.pdf\" target=\"_blank\" rel=\"noopener\">PDF<\/a><\/p>\n<p>FARIAS, S. C.\u00a0<em>O Processamento da An\u00e1fora Conceitual por aprendizes de L\u00edngua Inglesa<\/em>. Tese de Doutorado em Lingu\u00edstica. Universidade Federal da Para\u00edba, UFPB. Jo\u00e3o Pessoa, 2015.<\/p>\n<p>Nath\u00e1lya Fernandes In\u00e1cio Marinho. Aquisi\u00e7\u00e3o dos Princ\u00edpios de Liga\u00e7\u00e3o em Portugu\u00eas Brasileiro. 2015. Disserta\u00e7\u00e3o (Mestrado em Ling\u00fc\u00edstica) &#8211; Universidade Federal da Para\u00edba, . Orientador: Jos\u00e9 Ferrari Neto. <a href=\"https:\/\/repositorio.ufpb.br\/jspui\/handle\/123456789\/24505?locale=pt_BR\">PDF<\/a><\/p>\n<p>BEZERRA, R. F. <em>Processamento Morfol\u00f3gico no Transtorno de Espectro Autista<\/em>. 2015. Disserta\u00e7\u00e3o (Mestrado em Ling\u00fc\u00edstica). <a href=\"https:\/\/repositorio.ufpb.br\/jspui\/bitstream\/123456789\/19178\/1\/RafaellyFerreiraBezerra_Dissert.pdf\">PDF<\/a><\/p>\n<h3 style=\"text-align: justify;\"><strong>2014<\/strong><\/h3>\n<p>LIMA, M. A. F.\u00a0<em>Aquisi\u00e7\u00e3o da morfologia flexional verbal em Portugu\u00eas Brasileiro: um estudo experimental com dados de compreens\u00e3o<\/em>. Disserta\u00e7\u00e3o de Mestrado.\u00a0Universidade Federal da Para\u00edba, UFPB. Jo\u00e3o Pessoa, 2014.\u00a0<a title=\"BEZERRA (2013)\" href=\"https:\/\/repositorio.ufpb.br\/jspui\/bitstream\/tede\/7702\/2\/arquivototal.pdf\" target=\"_blank\" rel=\"noopener\">PDF<\/a><\/p>\n<p>LACERDA, M. C. M.\u00a0<em>O processamento da an\u00e1fora Se em Portugu\u00eas Brasileiro: comparando dados de Minas Gerais e Para\u00edba<\/em>. Disserta\u00e7\u00e3o de Mestrado.\u00a0Universidade Federal da Para\u00edba, UFPB. Jo\u00e3o Pessoa, 2014.\u00a0<a title=\"BEZERRA (2013)\" href=\"https:\/\/repositorio.ufpb.br\/jspui\/bitstream\/123456789\/13994\/1\/Arquivototal.pdf\" target=\"_blank\" rel=\"noopener\">PDF<\/a><\/p>\n<p>CORREIA, D. V.\u00a0<em>Rela\u00e7\u00f5es entre mem\u00f3ria procedimental e linguagem em pessoas que gaguejam: um estudo com base no processamento da correfer\u00eancia anaf\u00f3rica em Portugu\u00eas Brasileiro<\/em>. Disserta\u00e7\u00e3o de Mestrado.\u00a0Universidade Federal da Para\u00edba, UFPB. Jo\u00e3o Pessoa, 2014.\u00a0<a title=\"BEZERRA (2013)\" href=\"https:\/\/repositorio.ufpb.br\/jspui\/bitstream\/tede\/6426\/1\/arquivototal.pdf\" target=\"_blank\" rel=\"noopener\">PDF<\/a><\/p>\n<p>COSTA, A. C. D. <em>O processamento sint\u00e1tico de frases contendo o pronome her em contexto de ambiguidade por Brasileiros aprendizes de Ingl\u00eas como L2<\/em>. Disserta\u00e7\u00e3o de Mestrado.\u00a0Universidade Federal da Para\u00edba, UFPB. Jo\u00e3o Pessoa, 2014.\u00a0<a title=\"BEZERRA (2013)\" href=\"https:\/\/repositorio.ufpb.br\/jspui\/bitstream\/tede\/7714\/2\/arquivototal.pdf\" target=\"_blank\" rel=\"noopener\">PDF<\/a><\/p>\n<p>BEZERRA, J. T. G. M. <em>Objeto de aprendizagem para compreens\u00e3o do Princ\u00edpio da Aposi\u00e7\u00e3o Local<\/em>. Disserta\u00e7\u00e3o de Mestrado.\u00a0Universidade Federal da Para\u00edba, UFPB. Jo\u00e3o Pessoa, 2014.\u00a0<a title=\"BEZERRA (2013)\" href=\"https:\/\/repositorio.ufpb.br\/jspui\/bitstream\/tede\/8904\/2\/arquivo%20total.pdf\" target=\"_blank\" rel=\"noopener\">PDF<\/a><\/p>\n<p>LIMA, J. N. <em>Paralelismo e Foco estrutural no processamento da Correfer\u00eancia de pronomes e nomes repetidos<\/em>. Disserta\u00e7\u00e3o de Mestrado.\u00a0Universidade Federal da Para\u00edba, UFPB. Jo\u00e3o Pessoa, 2014.\u00a0<a title=\"BEZERRA (2013)\" href=\"https:\/\/repositorio.ufpb.br\/jspui\/bitstream\/tede\/8418\/2\/arquivo%20total.pdf\" target=\"_blank\" rel=\"noopener\">PDF<\/a><\/p>\n<p>SIM\u00d5ES, A. B. G. <em>A influ\u00eancia da coes\u00e3o e da coer\u00eancia no processamento correferencial de pronomes e nomes repetidos em Portugu\u00eas Brasileiro<\/em>. Disserta\u00e7\u00e3o de Mestrado.\u00a0Universidade Federal da Para\u00edba, UFPB. Jo\u00e3o Pessoa, 2014.\u00a0<a title=\"BEZERRA (2013)\" href=\"https:\/\/repositorio.ufpb.br\/jspui\/bitstream\/tede\/8899\/2\/arquivototal.pdf\" target=\"_blank\" rel=\"noopener\">PDF<\/a><\/p>\n<p>ROCHA, J. A. <em>Acesso e Representa\u00e7\u00e3o Lexical de Formas Flexionadas em G\u00eanero e N\u00famero em Portugu\u00eas Brasileiro.<\/em> 2014. Disserta\u00e7\u00e3o (Mestrado em Ling\u00fc\u00edstica). <a href=\"https:\/\/repositorio.ufpb.br\/jspui\/handle\/tede\/8697?locale=pt_BR\">PDF<\/a><\/p>\n<p>LACERDA, M. C. M.\u00a0 <em>O processamento da an\u00e1fora se em portugu\u00eas brasileiro: comparando dados de Minas Gerais e Para\u00edba<\/em>. 2014. Disserta\u00e7\u00e3o (Mestrado em Ling\u00fc\u00edstica). <a href=\"https:\/\/repositorio.ufpb.br\/jspui\/handle\/123456789\/13994\">PDF<\/a><\/p>\n<h3 style=\"text-align: justify;\"><strong>2013<\/strong><\/h3>\n<p style=\"text-align: justify;\">BEZERRA, G. B.\u00a0<em>O processamento de argumentos e adjuntos em estruturas sint\u00e1ticas sem ambiguidade e em estruturas com correfer\u00eancia<\/em>. Disserta\u00e7\u00e3o de mestrado. Universidade Federal da Para\u00edba, UFPB. Jo\u00e3o Pessoa, 2013.\u00a0<a title=\"BEZERRA (2013)\" href=\"https:\/\/www.cchla.ufpb.br\/laprol\/wp-content\/uploads\/2014\/11\/Bezerra-2013.pdf\" target=\"_blank\" rel=\"noopener\">PDF<\/a><\/p>\n<p style=\"text-align: justify;\">DIAS, A. D.\u00a0<em>O processamento morfol\u00f3gico de palavras formadas com bases presas no Portugu\u00eas Brasileiro<\/em>. Disserta\u00e7\u00e3o de mestrado. Universidade Federal da Para\u00edba, UFPB. Jo\u00e3o Pessoa, 2013.\u00a0<a title=\"DIAS (2013)\" href=\"https:\/\/www.cchla.ufpb.br\/laprol\/wp-content\/uploads\/2014\/11\/Dias-2013.pdf\" target=\"_blank\" rel=\"noopener\">PDF<\/a><\/p>\n<p>ALBUQUERQUE, H. M. C. T. <em>Processamento Morfol\u00f3gico em adultos com gagueira<\/em>.\u00a0Disserta\u00e7\u00e3o de mestrado. Universidade Federal da Para\u00edba, UFPB. Jo\u00e3o Pessoa, 2013.<\/p>\n<p>Souza, L. B. <em>Processamento da Morfologia Derivacional do Portugu\u00eas Brasileiro (PB) por Crian\u00e7as com Dificuldades de Leitura.<\/em> 2013. Disserta\u00e7\u00e3o (Mestrado em Ling\u00fc\u00edstica).\u00a0 <a href=\"https:\/\/repositorio.ufpb.br\/jspui\/handle\/tede\/6470?locale=pt_BR\">PDF<\/a><\/p>\n<h3 style=\"text-align: justify;\"><strong>2012<\/strong><\/h3>\n<p style=\"text-align: justify;\">ALVES, G. A. S. <em>Processamento correferencial em idosos com e sem doen\u00e7a e Alzheimer<\/em>. Tese de Doutorado em Lingu\u00edstica. Universidade Federal da Para\u00edba, UFPB. Jo\u00e3o Pessoa, 2012. <a title=\"ALVES (2012)\" href=\"https:\/\/www.cchla.ufpb.br\/laprol\/wp-content\/uploads\/2014\/11\/Alves2012.pdf\" target=\"_blank\" rel=\"noopener\">PDF<\/a><\/p>\n<p>GADELHA, L. A. P.\u00a0<em>Processamento da correfer\u00eancia anaf\u00f3rica de pronomes e nomes repetidos em Brasileiros aprendizes de Franc\u00eas como L2<\/em>. Disserta\u00e7\u00e3o de Mestrado. Universidade Federal da Para\u00edba, UFPB. Jo\u00e3o Pessoa, 2012. <a title=\"ALVES (2012)\" href=\"https:\/\/repositorio.ufpb.br\/jspui\/bitstream\/tede\/6461\/1\/arquivototal.pdf\" target=\"_blank\" rel=\"noopener\">PDF<\/a><\/p>\n<p>VASCONCELOS, M. L.\u00a0<em>Processamento da correfer\u00eancia em pacientes com afasia de express\u00e3o<\/em>. Disserta\u00e7\u00e3o de Mestrado. Universidade Federal da Para\u00edba, UFPB. Jo\u00e3o Pessoa, 2012. <a title=\"ALVES (2012)\" href=\"https:\/\/repositorio.ufpb.br\/jspui\/bitstream\/tede\/8427\/2\/arquivo%20total.pdf\" target=\"_blank\" rel=\"noopener\">PDF<\/a><\/p>\n<p>PESSOA, L. S. F. P.\u00a0<em>O processamento do tempo verbal nos af\u00e1sicos n\u00e3o fluentes<\/em>. Tese de Doutorado em Lingu\u00edstica. Universidade Federal da Para\u00edba, UFPB. Jo\u00e3o Pessoa, 2012.<\/p>\n<h3 style=\"text-align: justify;\"><strong>2011<\/strong><\/h3>\n<p style=\"text-align: justify;\">GON\u00c7ALVES, A. A. <em>O processamento sint\u00e1tico de ora\u00e7\u00f5es relativas por Brasileiros aprendizes de Ingl\u00eas como L2<\/em>. Disserta\u00e7\u00e3o de Mestrado. Universidade Federal da Para\u00edba, UFPB. Jo\u00e3o Pessoa, 2011. <a title=\"ALVES (2012)\" href=\"https:\/\/repositorio.ufpb.br\/jspui\/bitstream\/tede\/6352\/1\/arquivototal.pdf\" target=\"_blank\" rel=\"noopener\">PDF<\/a><\/p>\n<h3 style=\"text-align: justify;\"><strong>2010<\/strong><\/h3>\n<p>SILVA, L. M.\u00a0<em>Ordem de constituintes em Macassae<\/em>. Disserta\u00e7\u00e3o de\u00a0Mestrado. Universidade Federal da Para\u00edba, UFPB. Jo\u00e3o Pessoa, 2010.<\/p>\n<h3 style=\"text-align: justify;\"><strong>2009<\/strong><\/h3>\n<p>QUEIROZ, K. L. <em>Processamento co-referencial do sujeito em Portugu\u00eas Brasileiro<\/em>. Disserta\u00e7\u00e3o de\u00a0Mestrado. Universidade Federal da Para\u00edba, UFPB. Jo\u00e3o Pessoa, 2009.<\/p>\n<h3 style=\"text-align: justify;\"><strong>2008<\/strong><\/h3>\n<p style=\"text-align: justify;\">ALVES, G. A. S. <em>Processamento do sufixo \u201c-eiro\u201d: uma an\u00e1lise comparativa do acesso lexical em adultos e crian\u00e7as com e sem dificuldades de leitura e escrita<\/em>. Disserta\u00e7\u00e3o de Mestrado. Universidade Federal da Para\u00edba, UFPB. Jo\u00e3o Pessoa, 2008.\u00a0<a title=\"ALVES (20O8)\" href=\"https:\/\/www.cchla.ufpb.br\/laprol\/wp-content\/uploads\/2014\/11\/Alves-2008.pdf\" target=\"_blank\" rel=\"noopener\">PDF<\/a><\/p>\n<h3 style=\"text-align: justify;\"><strong>2007<\/strong><\/h3>\n<p>PESSOA, L. S. F. <em>O\u00a0 processamento de formas verbais contendo a s\u00edlaba RE- inicial com e sem natureza morf\u00eamica no Portugu\u00eas Brasileiro<\/em>. Disserta\u00e7\u00e3o de Mestrado. Universidade Federal da Para\u00edba, UFPB. Jo\u00e3o Pessoa, 2007.<\/p>\n<h3 style=\"text-align: justify;\"><strong>2005<\/strong><\/h3>\n<p style=\"text-align: justify;\">LEIT\u00c3O, M. M.\u00a0<em>O processamento do objeto direto anaf\u00f3rico em Portugu\u00eas Brasileiro<\/em>. Tese de Doutorado em Lingu\u00edstica. Faculdade de Letras, UFRJ. Rio de Janeiro, 2005.\u00a0<a href=\"https:\/\/www.cchla.ufpb.br\/laprol\/wp-content\/uploads\/2014\/11\/Leit\u00e3o-2005a.pdf\">PDF<\/a><\/p>\n","protected":false},"excerpt":{"rendered":"<p>2023 SILVA, D. M. B. Processo de antecipa\u00e7\u00e3o no processamento da linguagem por brasileiros aprendizes de ingl\u00eas como L2. 2023. Disserta\u00e7\u00e3o (Mestrado em Ling\u00fc\u00edstica) &#8211; Universidade Federal da Para\u00edba. PDF MARINHO, A. S. B. A PART\u00cdCULA -SE NOS CONTEXTOS DE CONSTRU\u00c7\u00c3O DA VOZ M\u00c9DIA E DA VOZ PASSIVA SINT\u00c9TICA EM PORTUGU\u00caS BRASILEIRO ? UM ESTUDO [&hellip;]<\/p>\n","protected":false},"author":2,"featured_media":0,"parent":0,"menu_order":0,"comment_status":"closed","ping_status":"open","template":"","meta":[],"_links":{"self":[{"href":"https:\/\/www.cchla.ufpb.br\/laprol\/index.php?rest_route=\/wp\/v2\/pages\/102"}],"collection":[{"href":"https:\/\/www.cchla.ufpb.br\/laprol\/index.php?rest_route=\/wp\/v2\/pages"}],"about":[{"href":"https:\/\/www.cchla.ufpb.br\/laprol\/index.php?rest_route=\/wp\/v2\/types\/page"}],"author":[{"embeddable":true,"href":"https:\/\/www.cchla.ufpb.br\/laprol\/index.php?rest_route=\/wp\/v2\/users\/2"}],"replies":[{"embeddable":true,"href":"https:\/\/www.cchla.ufpb.br\/laprol\/index.php?rest_route=%2Fwp%2Fv2%2Fcomments&post=102"}],"version-history":[{"count":29,"href":"https:\/\/www.cchla.ufpb.br\/laprol\/index.php?rest_route=\/wp\/v2\/pages\/102\/revisions"}],"predecessor-version":[{"id":1074,"href":"https:\/\/www.cchla.ufpb.br\/laprol\/index.php?rest_route=\/wp\/v2\/pages\/102\/revisions\/1074"}],"wp:attachment":[{"href":"https:\/\/www.cchla.ufpb.br\/laprol\/index.php?rest_route=%2Fwp%2Fv2%2Fmedia&parent=102"}],"curies":[{"name":"wp","href":"https:\/\/api.w.org\/{rel}","templated":true}]}}