{"id":422,"date":"2015-08-03T17:36:33","date_gmt":"2015-08-03T17:36:33","guid":{"rendered":"http:\/\/www.cchla.ufpb.br\/laprol\/?page_id=422"},"modified":"2016-05-12T18:02:45","modified_gmt":"2016-05-12T18:02:45","slug":"articles","status":"publish","type":"page","link":"https:\/\/www.cchla.ufpb.br\/laprol\/?page_id=422","title":{"rendered":"Articles"},"content":{"rendered":"<p>&nbsp;<\/p>\n<div>\n<h3 style=\"text-align: justify;\"><strong>2014<\/strong><\/h3>\n<p style=\"text-align: justify;\">FERRARI-NETO, J.; CORREIA, D. V. Minimalismo em um enfoque psicolingu\u00edstico: os princ\u00edpios de liga\u00e7\u00e3o e sua atua\u00e7\u00e3o no processamento on-line da correfer\u00eancia<em>\u00a0Cadernos de Letras da UFF\u00a0<\/em>&#8211; Dossi\u00ea: An\u00e1fora e correfer\u00eancia: temas, teorias e m\u00e9todos n. 49, 2014.\u00a0<a title=\"FERRARI-NETO E CORREIA (2014)\" href=\"https:\/\/www.cchla.ufpb.br\/laprol\/wp-content\/uploads\/2014\/11\/Ferrari-Neto-Correia-2014.pdf\" target=\"_blank\">PDF<\/a><\/p>\n<p style=\"text-align: justify;\">LEIT\u00c3O, M. M; BEZERRA, G. B.; BRITO, D. B.S. Restri\u00e7\u00f5es da teoria da liga\u00e7\u00e3o e o processamento da correfer\u00eancia pronominal em dois est\u00e1gios.\u00a0<em>Cadernos de Letras da UFF<\/em>\u00a0&#8211; Dossi\u00ea: An\u00e1fora e correfer\u00eancia: temas, teorias e m\u00e9todos n. 49, 2014.\u00a0<a title=\"LEITAO ET AL (2014)\" href=\"https:\/\/www.cchla.ufpb.br\/laprol\/wp-content\/uploads\/2014\/11\/Leit\u00e3o-et-al.-2014.pdf\" target=\"_blank\">PDF<\/a><\/p>\n<p style=\"text-align: justify;\">LEIT\u00c3O, M. M; OLIVEIRA, R.C; TEIXEIRA, E. N; FERRARI NETO, J.; BRITO, D.B.S. Evid\u00eancias Experimentais do processamento da correfer\u00eancia e dos princ\u00edpios de Liga\u00e7\u00e3o em portugu\u00eas brasileiro.\u00a0<em>Revista da ABRALIN<\/em>, v.13, n.1, 2014.\u00a0<a title=\"LEITAO ET AL (2014)\" href=\"https:\/\/www.cchla.ufpb.br\/laprol\/wp-content\/uploads\/2014\/11\/Leit\u00e3o-Oliveira-Teixeira-Ferrari-Neto-Brito-2014.pdf\" target=\"_blank\">PDF<\/a><\/p>\n<p style=\"text-align: justify;\">SIM\u00d5ES, A. S; LEIT\u00c3O, M. M. A influ\u00eancia da coes\u00e3o e da coer\u00eancia no processamento correferencial de pronomes e nomes repetidos em Portugu\u00eas Brasileiro.\u00a0<em>Letr\u00f4nica<\/em>, Porto Alegre, v. 7, n. 1, 2014.\u00a0<a title=\"SIMOES E LEITAO (2014)\" href=\"https:\/\/www.cchla.ufpb.br\/laprol\/wp-content\/uploads\/2014\/11\/Sim\u00f5es-e-Leit\u00e3o-2014.pdf\" target=\"_blank\">PDF<\/a><\/p>\n<h3 style=\"text-align: justify;\"><strong>2013<\/strong><\/h3>\n<p style=\"text-align: justify;\">BEZERRA, G. B. ; LEITAO, M. M. . O processamento de argumentos e adjuntos em constru\u00e7\u00f5es sem ambiguidade estrutural.\u00a0<em>Veredas On-line, \u00a0<\/em>v.\u00a017. Juiz de Fora: UFJF, 2013.\u00a0<a title=\"BEZERRA E LEITAO (2013)\" href=\"https:\/\/www.cchla.ufpb.br\/laprol\/wp-content\/uploads\/2014\/11\/Bezerra-Leit\u00e3o-2013.pdf\" target=\"_blank\">PDF<\/a><\/p>\n<h3 style=\"text-align: justify;\"><strong>2012<\/strong><\/h3>\n<p style=\"text-align: justify;\">BEZERRA, G. B. ; LEITAO, M. M. . Enfoque estrutural do parsing de argumentos e adjuntos.\u00a0<em>Letr\u00f4nica<\/em>\u00a0, v. 5, 2012.\u00a0<a title=\"BEZERRA E LEITAO (2012)\" href=\"https:\/\/www.cchla.ufpb.br\/laprol\/wp-content\/uploads\/2014\/11\/Bezerra-Leit\u00e3o-2012.pdf\" target=\"_blank\">PDF<\/a><\/p>\n<p style=\"text-align: justify;\">FARIAS, S. C.; LEIT\u00c3O, M. M.; FERRARI-NETO, J. G\u00eanero e n\u00famero no processamento da an\u00e1fora conceitual com nomes coletivos em portugu\u00eas brasileiro.\u00a0<em>ReVEL<\/em>, edi\u00e7\u00e3o especial n. 6, 2012.\u00a0<a title=\"FARIAS ET AL. (2012)\" href=\"https:\/\/www.cchla.ufpb.br\/laprol\/wp-content\/uploads\/2014\/11\/Farias-et-al.-2012.pdf\" target=\"_blank\">PDF<\/a><\/p>\n<p style=\"text-align: justify;\">FERRARI-NETO, J.\u00a0<em>Letras de Hoje<\/em>, Porto Alegre, v. 47, n. 1, 2012.\u00a0<a title=\"FERRARI-NETO (2012)\" href=\"https:\/\/www.cchla.ufpb.br\/laprol\/wp-content\/uploads\/2014\/11\/Ferrari-Neto-2012.pdf\" target=\"_blank\">PDF<\/a><\/p>\n<p style=\"text-align: justify;\">LEIT\u00c3O, M. M.; BEZERRA, G. B. Resenha da tese &#8220;The overt pronoun penalty: a processing delay in spanish anaphora comprehension&#8221;.\u00a0<em>Revista Lingu\u00ed\u222btica. \u00a0<\/em>Revista do Programa de P\u00f3s-Gradua\u00e7\u00e3o em Lingu\u00edstica da Universidade Federal do Rio de Janeiro, v. 8, n. 2, 2012.\u00a0<a title=\"LEITAO E BEZERRA (2012)\" href=\"https:\/\/www.cchla.ufpb.br\/laprol\/wp-content\/uploads\/2014\/11\/Leit\u00e3o-Bezerra-2012.pdf\" target=\"_blank\">PDF<\/a><\/p>\n<p style=\"text-align: justify;\">LEIT\u00c3O, M. M.; RIBEIRO, A. J. C.; MAIA, M. Penalidade do nome repetido e rastreamento ocular em portugu\u00eas brasileiro.\u00a0<em>Revista Lingu\u00ed\u222btica<\/em>\u00a0\/ Revista do Programa de P\u00f3s-Gradua\u00e7\u00e3o em Lingu\u00edstica da Universidade Federal do Rio de Janeiro, v. 8, n. 2, 2012.\u00a0<a title=\"LEITAO ET AL (2012)\" href=\"https:\/\/www.cchla.ufpb.br\/laprol\/wp-content\/uploads\/2014\/11\/Leit\u00e3o-et-al.-2012.pdf\" target=\"_blank\">PDF<\/a><\/p>\n<p style=\"text-align: justify;\">OLIVEIRA, R. C.; LEIT\u00c3O, M. M.; HENRIQUE, J. G. A influ\u00eancia dos antecedentes vinculados e n\u00e3o vinculados no processamento da an\u00e1fora \u201ca si mesmo(a)\u201d .\u00a0<em>Revista Lingu\u00ed\u222btica<\/em>\u00a0\/ Revista do Programa de P\u00f3s-Gradua\u00e7\u00e3o em Lingu\u00edstica da Universidade Federal do Rio de Janeiro, v. 8, n. 2, 2012.\u00a0<a title=\"OLIVEIRA ET AL (2012)\" href=\"https:\/\/www.cchla.ufpb.br\/laprol\/wp-content\/uploads\/2014\/11\/Oliveira-et-al.-2012.pdf\" target=\"_blank\">PDF<\/a><\/p>\n<p style=\"text-align: justify;\">VASCONCELOS, M. L.; LEIT\u00c3O, M. M. Processamento correferencial de pronomes e nomes repetidos em pacientes com afasia de Broca.\u00a0<em>ReVEL<\/em>, v. 10, n. 18, 2012.\u00a0<a title=\"VASCONECELOS E LEITAO (2012)\" href=\"https:\/\/www.cchla.ufpb.br\/laprol\/wp-content\/uploads\/2014\/11\/Vasconcelos-Leit\u00e3o-2012.pdf\" target=\"_blank\">PDF<\/a><\/p>\n<h3 style=\"text-align: justify;\"><strong>2011<\/strong><\/h3>\n<p style=\"text-align: justify;\">GON\u00c7ALVES, A. A.; LEITAO, M.M. O processamento de ora\u00e7\u00f5es relativas com e sem o pronome \u201cthat\u201d por brasileiros aprendizes tardios de ingl\u00eas como L2,\u00a0<em>Organon,<\/em>\u00a0Porto Alegre, n. 51, 2011.\u00a0<a title=\"GON\u00c7ALVES E LEITAO (2011)\" href=\"https:\/\/www.cchla.ufpb.br\/laprol\/wp-content\/uploads\/2014\/11\/Gon\u00e7alves-Leit\u00e3o-2011.pdf\" target=\"_blank\">PDF<\/a><\/p>\n<p style=\"text-align: justify;\">LEIT\u00c3O, M.M.; SIM\u00d5ES, A.B.G. A influ\u00eancia da dist\u00e2ncia no processamento correferencial de pronomes e nomes repetidos em portugu\u00eas brasileiro.\u00a0<em>Veredas on-line<\/em>. Atem\u00e1tica, 2011.\u00a0<a title=\"LEITAO E SIMOES (2011)\" href=\"https:\/\/www.cchla.ufpb.br\/laprol\/wp-content\/uploads\/2014\/11\/Leit\u00e3o-Sim\u00f5es-20111.pdf\" target=\"_blank\">PDF<\/a><\/p>\n<h3 style=\"text-align: justify;\"><strong>2008<\/strong><\/h3>\n<p style=\"text-align: justify;\">ALVES, A.; LEIT\u00c3O, M.; MELO, M. de F. Processamento morfol\u00f3gico em adultos e crian\u00e7as com e sem dificuldades de Leitura e Escrita.\u00a0<em>Veredas On-line,\u00a0<\/em>v<em>.<\/em>\u00a002. Juiz de Fora: UFJF, 2008.\u00a0<a title=\"ALVES et al. (2008)\" href=\"https:\/\/www.cchla.ufpb.br\/laprol\/wp-content\/uploads\/2014\/11\/Alves-et-al.-2008.pdf\" target=\"_blank\">PDF<\/a><\/p>\n<p style=\"text-align: justify;\"><span style=\"color: #545454;\">LEIT\u00c3O<\/span><span style=\"color: #545454;\">,\u00a0<\/span><span style=\"color: #545454;\">M<\/span><span style=\"color: #545454;\">. M.\u00a0<\/span><span style=\"color: #545454;\">Psicolingu\u00edstica Experimental<\/span><span style=\"color: #545454;\">:\u00a0<\/span><span style=\"color: #545454;\">focalizando<\/span><span style=\"color: #545454;\">\u00a0o\u00a0<\/span><span style=\"color: #545454;\">processamento<\/span><span style=\"color: #545454;\">\u00a0da<\/span><span style=\"color: #545454;\">linguagem<\/span><span style=\"color: #545454;\">. In:\u00a0<\/span><span style=\"color: #545454;\">MARTELOTTA<\/span><span style=\"color: #545454;\">,\u00a0<\/span><span style=\"color: #545454;\">M<\/span><span style=\"color: #545454;\">. (<\/span><span style=\"color: #545454;\">Org<\/span><span style=\"color: #545454;\">.).\u00a0<\/span><em><span style=\"color: #545454;\">Manual<\/span><span style=\"color: #545454;\">\u00a0de\u00a0<\/span><span style=\"color: #545454;\">Lingu\u00edstica<\/span><\/em><span style=\"color: #545454;\">.\u00a0<\/span><span style=\"color: #545454;\">S\u00e3o Paulo<\/span><span style=\"color: #545454;\">:<\/span><span style=\"color: #545454;\">Contexto<\/span>, 2008.\u00a0<a title=\"LEITAO (2008)\" href=\"https:\/\/www.cchla.ufpb.br\/laprol\/wp-content\/uploads\/2014\/11\/Leit\u00e3o-2008.pdf\" target=\"_blank\">PDF<\/a><\/p>\n<p style=\"text-align: justify;\">LEIT\u00c3O, M. M.; PEIXOTO, P.; SANTOS; S. Processamento da co-refer\u00eancia intra-sentencial em portugu\u00eas brasileiro.\u00a0<em>Veredas on-line,\u00a0<\/em>v<em>.\u00a0<\/em>02, Juiz de Fora: UFJF, 2008.\u00a0<a title=\"LEITAO ET AL (2008)\" href=\"https:\/\/www.cchla.ufpb.br\/laprol\/wp-content\/uploads\/2014\/11\/Leit\u00e3o-et-al.-2008.pdf\" target=\"_blank\">PDF<\/a><\/p>\n<p style=\"text-align: justify;\">QUEIROZ, K.; LEIT\u00c3O, M. M. Processamento do sujeito anaf\u00f3rico em portugu\u00eas brasileiro.\u00a0<em>Veredas On-line<\/em>, v. 02. Juiz de Fora: UFJF, 2008.\u00a0<a title=\"QUEIROZ E LEITAO (2008)\" href=\"https:\/\/www.cchla.ufpb.br\/laprol\/wp-content\/uploads\/2014\/11\/Queiroz-Leit\u00e3o-2008.pdf\" target=\"_blank\">PDF<\/a><\/p>\n<h3><strong>2005<\/strong><\/h3>\n<p style=\"text-align: justify;\">LEIT\u00c3O, M. M. Processamento co-referencial de nomes e pronomes em Portugu\u00eas\u00a0Brasileiro.\u00a0<em>Revista Lingu\u00ed\u222btica<\/em>. Revista do Programa de P\u00f3s-Gradua\u00e7\u00e3o em Lingu\u00edstica da Universidade Federal do Rio de Janeiro, v.1. n. 2, 2005.\u00a0<a title=\"LEITAO (2005)\" href=\"https:\/\/www.cchla.ufpb.br\/laprol\/wp-content\/uploads\/2014\/11\/Leit\u00e3o-2005b.pdf\" target=\"_blank\">PDF<\/a><\/p>\n<\/div>\n","protected":false},"excerpt":{"rendered":"<p>&nbsp; 2014 FERRARI-NETO, J.; CORREIA, D. V. Minimalismo em um enfoque psicolingu\u00edstico: os princ\u00edpios de liga\u00e7\u00e3o e sua atua\u00e7\u00e3o no processamento on-line da correfer\u00eancia\u00a0Cadernos de Letras da UFF\u00a0&#8211; Dossi\u00ea: An\u00e1fora e correfer\u00eancia: temas, teorias e m\u00e9todos n. 49, 2014.\u00a0PDF LEIT\u00c3O, M. M; BEZERRA, G. B.; BRITO, D. B.S. Restri\u00e7\u00f5es da teoria da liga\u00e7\u00e3o e o [&hellip;]<\/p>\n","protected":false},"author":2,"featured_media":0,"parent":0,"menu_order":0,"comment_status":"closed","ping_status":"closed","template":"","meta":[],"_links":{"self":[{"href":"https:\/\/www.cchla.ufpb.br\/laprol\/index.php?rest_route=\/wp\/v2\/pages\/422"}],"collection":[{"href":"https:\/\/www.cchla.ufpb.br\/laprol\/index.php?rest_route=\/wp\/v2\/pages"}],"about":[{"href":"https:\/\/www.cchla.ufpb.br\/laprol\/index.php?rest_route=\/wp\/v2\/types\/page"}],"author":[{"embeddable":true,"href":"https:\/\/www.cchla.ufpb.br\/laprol\/index.php?rest_route=\/wp\/v2\/users\/2"}],"replies":[{"embeddable":true,"href":"https:\/\/www.cchla.ufpb.br\/laprol\/index.php?rest_route=%2Fwp%2Fv2%2Fcomments&post=422"}],"version-history":[{"count":4,"href":"https:\/\/www.cchla.ufpb.br\/laprol\/index.php?rest_route=\/wp\/v2\/pages\/422\/revisions"}],"predecessor-version":[{"id":541,"href":"https:\/\/www.cchla.ufpb.br\/laprol\/index.php?rest_route=\/wp\/v2\/pages\/422\/revisions\/541"}],"wp:attachment":[{"href":"https:\/\/www.cchla.ufpb.br\/laprol\/index.php?rest_route=%2Fwp%2Fv2%2Fmedia&parent=422"}],"curies":[{"name":"wp","href":"https:\/\/api.w.org\/{rel}","templated":true}]}}