{"id":474,"date":"2016-03-30T19:10:33","date_gmt":"2016-03-30T19:10:33","guid":{"rendered":"http:\/\/www.cchla.ufpb.br\/laprol\/?page_id=474"},"modified":"2018-12-14T03:02:42","modified_gmt":"2018-12-14T03:02:42","slug":"graduate-students","status":"publish","type":"page","link":"https:\/\/www.cchla.ufpb.br\/laprol\/?page_id=474","title":{"rendered":"Graduate students"},"content":{"rendered":"<p style=\"text-align: center;\"><a href=\"https:\/\/www.cchla.ufpb.br\/laprol\/wp-content\/uploads\/2014\/11\/Alcimar3.jpg\"><img loading=\"lazy\" class=\"aligncenter size-thumbnail wp-image-255\" src=\"https:\/\/www.cchla.ufpb.br\/laprol\/wp-content\/uploads\/2014\/11\/Alcimar3-150x150.jpg\" alt=\"Alcimar3\" width=\"150\" height=\"150\" \/><\/a><br \/>\n<a href=\"http:\/\/lattes.cnpq.br\/1535255948826511\"><span style=\"font-weight: 400;\">Curr\u00edculo<\/span> <i><span style=\"font-weight: 400;\">Lattes<\/span><\/i><\/a><\/p>\n<p><b>Alcimar Dantas Dias<\/b><span style=\"font-weight: 400;\">. Bachelor of Arts in Portuguese Language and Literatures (UFPB), Master in Linguistics (UFPB) and PhD student in Linguistics (UFPB) . Currently developing work in the area of morphological processing of suffixes under the guidance of Prof. Dr. Jos\u00e9 Ferrari Neto.<\/span><\/p>\n<hr \/>\n<p><a href=\"https:\/\/www.cchla.ufpb.br\/laprol\/wp-content\/uploads\/2014\/11\/Althiere-Frank-Valadares-Cabral1.jpg\"><img loading=\"lazy\" class=\"wp-image-126 size-thumbnail aligncenter\" src=\"https:\/\/www.cchla.ufpb.br\/laprol\/wp-content\/uploads\/2014\/11\/Althiere-Frank-Valadares-Cabral1-150x150.jpg\" alt=\"Althiere Frank Valadares Cabral\" width=\"150\" height=\"150\" \/><\/a><br \/>\n<a href=\"http:\/\/buscatextual.cnpq.br\/buscatextual\/visualizacv.do?id=K4511476T0\"><span style=\"font-weight: 400;\">Curr\u00edculo<\/span> <i><span style=\"font-weight: 400;\">Lattes<\/span><\/i><\/a><\/p>\n<p><b>Althiere Frank Valadares Cabral<\/b><span style=\"font-weight: 400;\">. Bachelor of Arts in Portuguese and English from the State University of Montes Claros, Minas Gerais, Brazil (2004) . Master in Linguistics from PUCMinas (2010) and PhD student in Linguistics from UFPB . Currently developing studies in the area of Experimental Psycholinguistics, focusing on subject and object relative sentence processing.<\/span><\/p>\n<hr \/>\n<p><a href=\"https:\/\/www.cchla.ufpb.br\/laprol\/wp-content\/uploads\/2014\/11\/PERFIL-2.jpg\"><img loading=\"lazy\" class=\"wp-image-128 size-thumbnail aligncenter\" src=\"https:\/\/www.cchla.ufpb.br\/laprol\/wp-content\/uploads\/2014\/11\/PERFIL-2-150x150.jpg\" alt=\"PERFIL 2\" width=\"150\" height=\"150\" \/><\/a><br \/>\n<a href=\"http:\/\/lattes.cnpq.br\/5732892727333298\"><span style=\"font-weight: 400;\">Curr\u00edculo<\/span> <i><span style=\"font-weight: 400;\">Lattes<\/span><\/i><\/a><\/p>\n<p><b>Antonia Barros Gibson Sim\u00f5es.<\/b><span style=\"font-weight: 400;\"> Bachelor of Arts in Portuguese Language and Literatures<\/span> <span style=\"font-weight: 400;\">from the Federal University of Para\u00edba (2011), Master in Psycholinguistics at the Graduate Program in Linguistics (PROLING\/UFPB) (2014), also being a member of the Language Processing Laboratory (LAPROL) . She is currently a Ph.D. student in the Graduate Program in Linguistics (PROLING) of the Federal University of Para\u00edba (UFPB) investigating the psychological reality of assumptions regarding Textual Linguistics.<\/span><\/p>\n<hr \/>\n<p style=\"text-align: center;\"><a href=\"https:\/\/www.cchla.ufpb.br\/laprol\/wp-content\/uploads\/2014\/11\/Debora2.jpg\"><img loading=\"lazy\" class=\"aligncenter size-thumbnail wp-image-261\" src=\"https:\/\/www.cchla.ufpb.br\/laprol\/wp-content\/uploads\/2014\/11\/Debora2-150x150.jpg\" alt=\"Debora2\" width=\"150\" height=\"150\" \/><\/a><br \/>\n<a href=\"http:\/\/lattes.cnpq.br\/5145639566113960\"><span style=\"font-weight: 400;\">Curr\u00edculo<\/span> <i><span style=\"font-weight: 400;\">Lattes<\/span><\/i><\/a><\/p>\n<p><b>D\u00e9bora Vasconcelos Correia<\/b><span style=\"font-weight: 400;\">.<\/span> <span style=\"font-weight: 400;\">Degree in Speech Therapy from the University Center of Jo\u00e3o Pessoa &#8211; UNIP\u00ca . Master and, currently, \u00a0PhD student in Linguistics from the Federal University of Para\u00edba &#8211; UFPB with research work directed to the linguistic processing of people who stutter . Assistant Professor at the \u00a0Speech Therapy Course at the Federal University of Para\u00edba &#8211; UFPB and Educational Assistant at the \u00a0Brazilian Institute of \u00a0Fluency &#8211; IBF .<\/span><\/p>\n<hr \/>\n<p style=\"text-align: center;\"><a href=\"https:\/\/www.cchla.ufpb.br\/laprol\/wp-content\/uploads\/2014\/11\/Elionai.jpg\"><img loading=\"lazy\" class=\"aligncenter size-thumbnail wp-image-370\" src=\"https:\/\/www.cchla.ufpb.br\/laprol\/wp-content\/uploads\/2014\/11\/Elionai-150x150.jpg\" alt=\"Elionai\" width=\"150\" height=\"150\" \/><\/a><br \/>\n<a href=\"http:\/\/lattes.cnpq.br\/7342835430677445\"><span style=\"font-weight: 400;\">Curr\u00edculo <\/span><i><span style=\"font-weight: 400;\">Lattes<\/span><\/i><\/a><\/p>\n<p><b>Elioenai Macena de Ara\u00fajo<\/b><span style=\"font-weight: 400;\">. Bachelor of Arts in Portuguese Language and Literatures from the Federal University of Para\u00edba (UFPB). Master\u2019s student in the Graduate Program of Linguistics from UFPB. Currently conducting research in LAPROL in the area of Experimental Psycholinguistics, more specifically in anaphoric processing.<\/span><\/p>\n<hr \/>\n<p style=\"text-align: center;\"><a href=\"https:\/\/www.cchla.ufpb.br\/laprol\/wp-content\/uploads\/2014\/11\/site.jpg\"><img loading=\"lazy\" class=\"aligncenter size-thumbnail wp-image-280\" src=\"https:\/\/www.cchla.ufpb.br\/laprol\/wp-content\/uploads\/2014\/11\/site-150x150.jpg\" alt=\"site\" width=\"150\" height=\"150\" \/><\/a><br \/>\n<a href=\"http:\/\/lattes.cnpq.br\/8092263534338446\"><span style=\"font-weight: 400;\">Curr\u00edculo<\/span> <i><span style=\"font-weight: 400;\">Lattes<\/span><\/i><\/a><\/p>\n<p><b>Eva Vilma Aires Cabral Gondim<\/b><span style=\"font-weight: 400;\">. Bachelor of Arts in Portuguese Language and Literatures from the Federal University of Para\u00edba (2014) and in Internet system by Faculdade de Tecnologia de Jo\u00e3o Pessoa (2008). She holds a MBA in Human Resources Management from the Instituto de Educa\u00e7\u00e3o Superior da Para\u00edba (2010). Master\u2019s student at the Graduate Program in Linguistics ( PROLING) UFPB and conducts studies in the Experimental Psycholinguistics area focusing on coreferential processing.<\/span><\/p>\n<hr \/>\n<p style=\"text-align: center;\"><a href=\"https:\/\/www.cchla.ufpb.br\/laprol\/wp-content\/uploads\/2014\/11\/Flavia2.jpg\"><img loading=\"lazy\" class=\"aligncenter wp-image-248 size-thumbnail\" src=\"https:\/\/www.cchla.ufpb.br\/laprol\/wp-content\/uploads\/2014\/11\/Flavia2-150x150.jpg\" alt=\"Flavia2\" width=\"150\" height=\"150\" \/><\/a><br \/>\n<a href=\"http:\/\/lattes.cnpq.br\/4939279345111431\"><span style=\"font-weight: 400;\">Curr\u00edculo<\/span> <i><span style=\"font-weight: 400;\">Lattes<\/span><\/i><\/a><\/p>\n<p><b>Flavia Gon\u00e7alves Cala\u00e7a de Souza<\/b><span style=\"font-weight: 400;\">. Bachelor of Arts in Portuguese Language and Literatures and Master in Linguistics from the Federal University of Para\u00edba. She is a Ph.D. student in the Graduate Program in Linguistics at UFPB and a volunteer in the Language Processing Laboratory ( LAPROL) with an interest in the Experimental Psycholinguistics area, especially in the processing of coreference .<\/span><\/p>\n<hr \/>\n<p style=\"text-align: center;\"><a href=\"https:\/\/www.cchla.ufpb.br\/laprol\/wp-content\/uploads\/2014\/11\/Gitanna2.jpg\"><img loading=\"lazy\" class=\"aligncenter wp-image-249 size-thumbnail\" src=\"https:\/\/www.cchla.ufpb.br\/laprol\/wp-content\/uploads\/2014\/11\/Gitanna2-150x150.jpg\" alt=\"Gitanna2\" width=\"150\" height=\"150\" \/><\/a><br \/>\n<a href=\"http:\/\/lattes.cnpq.br\/6100300236628209\"><span style=\"font-weight: 400;\">Curr\u00edculo<\/span> <i><span style=\"font-weight: 400;\">Lattes<\/span><\/i><\/a><\/p>\n<p><b>Gitanna Brito Bezerra<\/b><span style=\"font-weight: 400;\">. Bachelor of Arts in Portuguese from the State University of Para\u00edba (2010) . Master in Linguistics from the Graduate Program in Linguistics\/UFPB (2013) and PhD student in Linguistics in the same program. She develops studies in the Experimental Psycholinguistics area, focusing on sentences processing. At the moment, she is attending a sandwich PhD course at the University of Massachusetts, Amherst.<\/span><\/p>\n<hr \/>\n<p style=\"text-align: center;\"><a href=\"https:\/\/www.cchla.ufpb.br\/laprol\/wp-content\/uploads\/2016\/03\/Jefferson-Alves-da-Rocha-e1459392168973.jpg\" rel=\"attachment wp-att-507\"><img loading=\"lazy\" class=\"alignnone size-thumbnail wp-image-507\" src=\"https:\/\/www.cchla.ufpb.br\/laprol\/wp-content\/uploads\/2016\/03\/Jefferson-Alves-da-Rocha-e1459392168973-150x150.jpg\" alt=\"Jefferson Alves da Rocha\" width=\"150\" height=\"150\" \/><\/a><\/p>\n<p style=\"text-align: center;\"><a href=\"http:\/\/lattes.cnpq.br\/9387470561164715\"><span style=\"font-weight: 400;\">Curr\u00edculo<\/span> <i><span style=\"font-weight: 400;\">Lattes<\/span><\/i><\/a><\/p>\n<p><b>Jefferson Alves da Rocha<\/b><span style=\"font-weight: 400;\">. Master in Linguistics from the\u00a0Graduate Program in Linguistics\u00a0(Proling) of the Federal University of Para\u00edba (UFPB).\u00a0Bachelor\u00a0of Arts in Portuguese Language and Literatures also from UFPB. Member of\u00a0LAPROL , he conducts researches on morphological and lexical processing in Brazilian Portuguese.<\/span><\/p>\n<div id=\"tw-target-text-container\" class=\"tw-ta-container tw-nfl\"><\/div>\n<hr \/>\n<p style=\"text-align: center;\"><a href=\"https:\/\/www.cchla.ufpb.br\/laprol\/wp-content\/uploads\/2014\/11\/Jessica2.jpg\"><img loading=\"lazy\" class=\"aligncenter wp-image-251 size-thumbnail\" src=\"https:\/\/www.cchla.ufpb.br\/laprol\/wp-content\/uploads\/2014\/11\/Jessica2-150x150.jpg\" alt=\"Jessica2\" width=\"150\" height=\"150\" \/><\/a><br \/>\n<a href=\"http:\/\/lattes.cnpq.br\/9880788414949504\"><span style=\"font-weight: 400;\">Curr\u00edculo<\/span> <i><span style=\"font-weight: 400;\">Lattes<\/span><\/i><\/a><\/p>\n<p><b>J\u00e9ssica Tayrine Gomes de Melo Bezerra<\/b><span style=\"font-weight: 400;\">.<\/span><\/p>\n<hr \/>\n<p style=\"text-align: center;\"><a href=\"https:\/\/www.cchla.ufpb.br\/laprol\/wp-content\/uploads\/2016\/03\/joelton.jpg\" rel=\"attachment wp-att-537\"><img loading=\"lazy\" class=\"aligncenter size-thumbnail wp-image-537\" src=\"https:\/\/www.cchla.ufpb.br\/laprol\/wp-content\/uploads\/2016\/03\/joelton-147x150.jpg\" alt=\"joelton\" width=\"147\" height=\"150\" \/><\/a><\/p>\n<p style=\"text-align: center;\"><a href=\"http:\/\/lattes.cnpq.br\/3802713462675877\"><span style=\"font-weight: 400;\">Curr\u00edculo<\/span> <i><span style=\"font-weight: 400;\">Lattes<\/span><\/i><\/a><\/p>\n<p><b>Joelton Duarte de Santana<\/b><span style=\"font-weight: 400;\">.<\/span><\/p>\n<hr \/>\n<p style=\"text-align: center;\"><a href=\"https:\/\/www.cchla.ufpb.br\/laprol\/wp-content\/uploads\/2014\/11\/Judithe2.png\"><img loading=\"lazy\" class=\"aligncenter wp-image-252 size-thumbnail\" src=\"https:\/\/www.cchla.ufpb.br\/laprol\/wp-content\/uploads\/2014\/11\/Judithe2-150x150.png\" alt=\"Judithe2\" width=\"150\" height=\"150\" \/><\/a><br \/>\n<a href=\"http:\/\/lattes.cnpq.br\/5028281201263130\"><span style=\"font-weight: 400;\">Curr\u00edculo<\/span> <i><span style=\"font-weight: 400;\">Lattes<\/span><\/i><\/a><\/p>\n<p><b>Judithe Genu\u00edno Henrique<\/b><span style=\"font-weight: 400;\">.<\/span> <span style=\"font-weight: 400;\">Bachelor of Arts in Portuguese Language and Literatures from the Federal University of Para\u00edba ( UFPB ) . Master\u2019s student in the Graduate Program in Linguistics at UFPB . She conducts researches as a volunteer in the Language Processing Laboratory ( LAPROL) in the Experimental Psycholinguistics area, specifically in anaphoric processing.<\/span><\/p>\n<hr \/>\n<p style=\"text-align: center;\"><a href=\"https:\/\/www.cchla.ufpb.br\/laprol\/wp-content\/uploads\/2014\/11\/Lorena_Laprol1.png\"><img loading=\"lazy\" class=\"aligncenter size-thumbnail wp-image-328\" src=\"https:\/\/www.cchla.ufpb.br\/laprol\/wp-content\/uploads\/2014\/11\/Lorena_Laprol1-150x150.png\" alt=\"Lorena_Laprol\" width=\"150\" height=\"150\" srcset=\"https:\/\/www.cchla.ufpb.br\/laprol\/wp-content\/uploads\/2014\/11\/Lorena_Laprol1-150x150.png 150w, https:\/\/www.cchla.ufpb.br\/laprol\/wp-content\/uploads\/2014\/11\/Lorena_Laprol1-300x300.png 300w, https:\/\/www.cchla.ufpb.br\/laprol\/wp-content\/uploads\/2014\/11\/Lorena_Laprol1-600x600.png 600w, https:\/\/www.cchla.ufpb.br\/laprol\/wp-content\/uploads\/2014\/11\/Lorena_Laprol1.png 720w\" sizes=\"(max-width: 150px) 100vw, 150px\" \/><\/a><br \/>\n<a href=\"http:\/\/lattes.cnpq.br\/5781355279508225\"><span style=\"font-weight: 400;\">Curr\u00edculo <\/span><i><span style=\"font-weight: 400;\">Lattes<\/span><\/i><\/a><\/p>\n<p><b>Lorena Priscila Dantas de Luna<\/b><span style=\"font-weight: 400;\">. Master\u2019s student in the Graduate Program in Linguistics ( Proling) of the Federal University of Para\u00edba (UFPB). Bachelor of Arts in Social Communication also from the Federal University of Para\u00edba (2011) .She has experience in the area of \u00a0Languages, with emphasis on Modern Foreign Languages \u200b\u200b.<\/span><\/p>\n<hr \/>\n<p style=\"text-align: center;\"><a href=\"https:\/\/www.cchla.ufpb.br\/laprol\/wp-content\/uploads\/2014\/11\/148943_10151384548691071_457326808_n.jpg\"><img loading=\"lazy\" class=\"aligncenter wp-image-282 size-thumbnail\" src=\"https:\/\/www.cchla.ufpb.br\/laprol\/wp-content\/uploads\/2014\/11\/148943_10151384548691071_457326808_n-150x150.jpg\" alt=\"Matheus\" width=\"150\" height=\"150\" srcset=\"https:\/\/www.cchla.ufpb.br\/laprol\/wp-content\/uploads\/2014\/11\/148943_10151384548691071_457326808_n-150x150.jpg 150w, https:\/\/www.cchla.ufpb.br\/laprol\/wp-content\/uploads\/2014\/11\/148943_10151384548691071_457326808_n-300x300.jpg 300w, https:\/\/www.cchla.ufpb.br\/laprol\/wp-content\/uploads\/2014\/11\/148943_10151384548691071_457326808_n.jpg 480w\" sizes=\"(max-width: 150px) 100vw, 150px\" \/><\/a><br \/>\n<a href=\"http:\/\/lattes.cnpq.br\/9122318574212670\"><span style=\"font-weight: 400;\">Curr\u00edculo<\/span> <i><span style=\"font-weight: 400;\">Lattes<\/span><\/i><\/a><\/p>\n<p><b>Matheus de Almeida Barbosa<\/b><span style=\"font-weight: 400;\">. BA in English and DDS from the Federal University of Para\u00edba. Master in Linguistics from the same institution. He is a Ph.D. in Linguistics Graduate student at UFPB, currently attending a one year sandwich Ph.D. internship at the University of Massachusetts, Amherst, USA. His main interests are in Experimental Psycholinguistics area with emphasis to Language Processing in Bilinguals and Second Language Acquisition.<\/span><\/p>\n<hr \/>\n<p style=\"text-align: center;\"><a href=\"https:\/\/www.cchla.ufpb.br\/laprol\/wp-content\/uploads\/2014\/11\/Nathalia.jpg\" rel=\"attachment wp-att-264\"><img loading=\"lazy\" class=\"aligncenter wp-image-264 size-thumbnail\" src=\"https:\/\/www.cchla.ufpb.br\/laprol\/wp-content\/uploads\/2014\/11\/Nathalia-150x150.jpg\" alt=\"Nathalia\" width=\"150\" height=\"150\" \/><\/a><br \/>\n<a href=\"http:\/\/lattes.cnpq.br\/1533821409836669\"><span style=\"font-weight: 400;\">Curr\u00edculo <\/span><i><span style=\"font-weight: 400;\">Lattes<\/span><\/i><\/a><\/p>\n<p><b>Nath\u00e1lya Fernandes In\u00e1cio Marinho<\/b><span style=\"font-weight: 400;\">. Bachelor of Arts in Portuguese Language and Literatures at the Federal University of Para\u00edba ( UFPB) . Master\u2019s student at the Graduate Program in Linguistics from UFPB . She worksas a volunteer in the Language Processing Laboratory (LAPROL) in the Experimental Psycholinguistics area, conducting research with particular focus on the acquisition and processing of the Government and Binding Principles.<\/span><\/p>\n<hr \/>\n<p style=\"text-align: center;\"><a href=\"https:\/\/www.cchla.ufpb.br\/laprol\/wp-content\/uploads\/2014\/11\/Pablos.jpg\"><img loading=\"lazy\" class=\"aligncenter size-thumbnail wp-image-253\" src=\"https:\/\/www.cchla.ufpb.br\/laprol\/wp-content\/uploads\/2014\/11\/Pablos-150x150.jpg\" alt=\"Pablos\" width=\"150\" height=\"150\" \/><\/a><br \/>\n<a href=\"http:\/\/lattes.cnpq.br\/4508890973487596\"><span style=\"font-weight: 400;\">Curr\u00edculo<\/span> <i><span style=\"font-weight: 400;\">Lattes<\/span><\/i><\/a><\/p>\n<p><b>Pablo Machel Nabot Silva de Almeida<\/b><span style=\"font-weight: 400;\">. Bachelor of Arts in Portuguese and English Languages and Literatures by UFPB (Federal University of Para\u00edba) in 2012. He was a fellow teacher, during his undergraduate course in the institutional academic program \u00a0PIBID (Institutional Program Initiation Scholarships to Teaching) in which he taught in four state schools for three years, between 2009 and 2012; and also worked \u00a0as a teacher trainee at the university extracurricular internship project &#8211; in partnership with PMJP (City of Jo\u00e3o Pessoa-PB) &#8211; Educational Support through which taught in a school throughout the year 2012. Currently he is a Master\u2019s student in Linguistics is in the area of Linguistic \u200b\u200bTheory and Analysis at Proling, also at UFPB during the biennium 2014-2015, specializing and carrying out studies on the Psycholinguistics field and more precisely in the field of Experimental Psycholinguistics and Language Processing. In addition, he conducts research around the established interface between linguistic generative theory with psycholinguistic theory, specifically through the implications of the Government and Binding Theory in the performance of human language computing, as well as research on phoric processes, and about sentence processing, syntactic and coreferential endophoric and\/or anaphoric with special focus on research on the cataphoric coreferential processing, pronominal cataphoric relations and immanent linguistic phenomena to cataphora. He is a researcher of Laprol (Language Processing Laboratory), based in UFPB, as a member of Geprol (Group of Studies in Language Processing), which is registered in the Research Group directory of Brazil at Capes\/Cnpq in Bras\u00edlia, Brazil.<\/span><\/p>\n<hr \/>\n<p style=\"text-align: center;\"><a href=\"https:\/\/www.cchla.ufpb.br\/laprol\/wp-content\/uploads\/2014\/11\/Sheila2.jpg\"><img loading=\"lazy\" class=\"aligncenter size-thumbnail wp-image-254\" src=\"https:\/\/www.cchla.ufpb.br\/laprol\/wp-content\/uploads\/2014\/11\/Sheila2-150x150.jpg\" alt=\"Sheila2\" width=\"150\" height=\"150\" \/><\/a><br \/>\n<a href=\"http:\/\/lattes.cnpq.br\/2950552229032787\"><span style=\"font-weight: 400;\">Curr\u00edculo<\/span> <i><span style=\"font-weight: 400;\">Lattes<\/span><\/i><\/a><\/p>\n<p><b>Sheila Costa de Farias<\/b><span style=\"font-weight: 400;\">.<\/span><\/p>\n","protected":false},"excerpt":{"rendered":"<p>Curr\u00edculo Lattes Alcimar Dantas Dias. Bachelor of Arts in Portuguese Language and Literatures (UFPB), Master in Linguistics (UFPB) and PhD student in Linguistics (UFPB) . Currently developing work in the area of morphological processing of suffixes under the guidance of Prof. Dr. Jos\u00e9 Ferrari Neto. Curr\u00edculo Lattes Althiere Frank Valadares Cabral. Bachelor of Arts in [&hellip;]<\/p>\n","protected":false},"author":2,"featured_media":0,"parent":0,"menu_order":0,"comment_status":"closed","ping_status":"closed","template":"","meta":[],"_links":{"self":[{"href":"https:\/\/www.cchla.ufpb.br\/laprol\/index.php?rest_route=\/wp\/v2\/pages\/474"}],"collection":[{"href":"https:\/\/www.cchla.ufpb.br\/laprol\/index.php?rest_route=\/wp\/v2\/pages"}],"about":[{"href":"https:\/\/www.cchla.ufpb.br\/laprol\/index.php?rest_route=\/wp\/v2\/types\/page"}],"author":[{"embeddable":true,"href":"https:\/\/www.cchla.ufpb.br\/laprol\/index.php?rest_route=\/wp\/v2\/users\/2"}],"replies":[{"embeddable":true,"href":"https:\/\/www.cchla.ufpb.br\/laprol\/index.php?rest_route=%2Fwp%2Fv2%2Fcomments&post=474"}],"version-history":[{"count":13,"href":"https:\/\/www.cchla.ufpb.br\/laprol\/index.php?rest_route=\/wp\/v2\/pages\/474\/revisions"}],"predecessor-version":[{"id":691,"href":"https:\/\/www.cchla.ufpb.br\/laprol\/index.php?rest_route=\/wp\/v2\/pages\/474\/revisions\/691"}],"wp:attachment":[{"href":"https:\/\/www.cchla.ufpb.br\/laprol\/index.php?rest_route=%2Fwp%2Fv2%2Fmedia&parent=474"}],"curies":[{"name":"wp","href":"https:\/\/api.w.org\/{rel}","templated":true}]}}