{"id":18,"date":"2025-03-14T11:45:41","date_gmt":"2025-03-14T11:45:41","guid":{"rendered":"https:\/\/www.cchla.ufpb.br\/memorial\/?page_id=18"},"modified":"2025-11-19T13:12:16","modified_gmt":"2025-11-19T13:12:16","slug":"documentos-da-ditadura-militar-sobre-o-cchla","status":"publish","type":"page","link":"https:\/\/www.cchla.ufpb.br\/memorial\/documentos-da-ditadura-militar-sobre-o-cchla\/","title":{"rendered":"Documentos da Ditadura Militar sobre o CCHLA"},"content":{"rendered":"\n<p>Durante a ditadura militar (1964-1985), a UFPB ficou marcada como uma das universidades federais que mais implementou medidas repressivas contra a sua comunidade. Acusados de \u201csubvers\u00e3o\u201d, professores e t\u00e9cnicos-administrativos foram demitidos ou n\u00e3o tiveram seus contratos de trabalho renovados, estudantes foram expulsos, suspensos, ou impedidos de se matricular.<\/p>\n\n\n\n<p>Comprometida com a ditadura, a UFPB foi pioneira e criou, ainda nos anos 1960, um Servi\u00e7o de Seguran\u00e7a e Informa\u00e7\u00f5es (SSI), vinculado ao Gabinete do Reitor, antes mesmo que a cria\u00e7\u00e3o de \u00f3rg\u00e3os dessa natureza nas universidades fosse tornada obrigat\u00f3ria pela ditadura militar. A fun\u00e7\u00e3o do SSI era vigiar a comunidade universit\u00e1ria, gerando informa\u00e7\u00f5es que visassem contribuir com a repress\u00e3o aos chamados \u201csubversivos\u201d. Posteriormente, o SSI foi transformado em Assessoria Especial de Seguran\u00e7a e Informa\u00e7\u00e3o (AESI) e, finalmente, Assessoria de Seguran\u00e7a e Informa\u00e7\u00e3o (ASI), vinculada \u00e0 Divis\u00e3o de Seguran\u00e7a e Informa\u00e7\u00e3o (DSI) do MEC, que integrava o Sistema Nacional de Informa\u00e7\u00f5es (SISNI), vinculado \u00e0 Presid\u00eancia da Rep\u00fablica.<\/p>\n\n\n\n<p>Al\u00e9m de pioneira, a ASI da UFPB foi uma das mais ativas entre as universidades federais, e era considerada exemplar pelo DSI do MEC. O Regimento da ASI da UFPB, datado de 1971, foi impresso em livro e distribu\u00eddo pelas universidades federais de todo o pa\u00eds. Apesar de sua atua\u00e7\u00e3o ter sido mais intensa at\u00e9 1976, a ASI da UFPB seguiu ativa at\u00e9 os anos 1980, s\u00f3 tendo sido definitivamente extinta ap\u00f3s a sa\u00edda dos militares do poder. Mesmo assim, a documenta\u00e7\u00e3o produzida pela ASI desapareceu da UFPB. As buscas realizadas por diversos pesquisadores nos arquivos da universidade t\u00eam se mostrado infrut\u00edferas.<\/p>\n\n\n\n<p>Essa documenta\u00e7\u00e3o que est\u00e1 aqui dispon\u00edvel, portanto, \u00e9 rara. Foi localizada no final dos anos 1980 pelo ent\u00e3o diretor do CCHLA, professor Luiz Albuquerque Couto, e entregue ao ent\u00e3o estudante e hoje professor do Departamento de Hist\u00f3ria do CCHLA, \u00c2ngelo Em\u00edlio Pessoa que, por sua vez, entregou-a ao NDIHR, mantendo c\u00f3pias da documenta\u00e7\u00e3o consigo. Trata-se de uma cole\u00e7\u00e3o de documentos produzidos pelo SSI e pela ASI da UFPB, al\u00e9m de outros \u00f3rg\u00e3os do aparato de seguran\u00e7a, informa\u00e7\u00e3o e repress\u00e3o pol\u00edtica da ditadura militar que tratam do CCHLA e do seu antecessor, o Instituto Central de Filosofia e Ci\u00eancias Humanas (ICFCH), abrangendo o per\u00edodo de 1969 a 1980.<\/p>\n\n\n\n<p>Al\u00e9m dessa cole\u00e7\u00e3o de documentos, tamb\u00e9m est\u00e1 aqui dispon\u00edvel uma c\u00f3pia digitalizada do livro que cont\u00e9m o Regimento Interno da AESI da UFPB e outras normativas do autoritarismo militar. Datado de 1971 e publicado pela Imprensa Universit\u00e1ria da UFPB, esse livro foi localizado no Arquivo da Universidade Federal Fluminense (UFF), em Niter\u00f3i-RJ, que gentilmente o enviou para um pesquisador do CCHLA.<\/p>\n\n\n\n<p>Analisados em conjunto, esses documentos s\u00e3o uma boa express\u00e3o do <em>modus operandi<\/em> da ditadura militar, e abrem amplas possibilidades de pesquisas nas m\u00faltiplas \u00e1reas das humanidades. Tamb\u00e9m servem como comprova\u00e7\u00e3o, para as novas gera\u00e7\u00f5es, dos efeitos delet\u00e9rios de um regime autorit\u00e1rio, como a ditadura militar brasileira, para as universidades, a ci\u00eancia, a livre produ\u00e7\u00e3o do conhecimento e o exerc\u00edcio das liberdades e garantias individuais, consagradas pela Constitui\u00e7\u00e3o Federal de 1988 e pelas declara\u00e7\u00f5es de direitos humanos.<\/p>\n\n\n\n<p>Publicando estes documentos, o CCHLA afirma seu compromisso com a mem\u00f3ria, a verdade e a realiza\u00e7\u00e3o da justi\u00e7a para as viola\u00e7\u00f5es de direitos humanos perpetradas pela ditadura militar. \u00c9 preciso lembrar desse passado autorit\u00e1rio, para que ele n\u00e3o mais ocorra.<\/p>\n\n\n\n<p><a href=\"https:\/\/onedrive.live.com\/?id=E93DE0488FDF493E%2159416&amp;cid=E93DE0488FDF493E\">Acessar documentos.<\/a><\/p>\n\n\n\n<p><\/p>\n\n\n\n<p class=\"has-text-align-center\"><strong>ARQUIVOS DITADURA <\/strong><\/p>\n\n\n\n<p><a href=\"https:\/\/1drv.ms\/b\/c\/12cf59abdd88c188\/EYAMcJvdtDhLmpne-F49dvABvV-gthVXjOAK4BSmL09WeA\" target=\"_blank\" rel=\"noreferrer noopener\">1969 &#8211; part. 1.pdf<\/a><\/p>\n\n\n\n<p><a href=\"https:\/\/1drv.ms\/b\/c\/12cf59abdd88c188\/EceFuh7r5gJIm9H_ETPcIEgBw-WZyX9GRDC0qr_yGzBHLA\" target=\"_blank\" rel=\"noreferrer noopener\">1969 &#8211; part. 2.pdf<\/a><\/p>\n\n\n\n<p><a href=\"https:\/\/1drv.ms\/b\/c\/12cf59abdd88c188\/EX5sTNpLxb1AkzOPYhRWiYgBw9tlPlW1y3-w1db8aDio5g\" target=\"_blank\" rel=\"noreferrer noopener\">1970.pdf<\/a><\/p>\n\n\n\n<p><a href=\"https:\/\/1drv.ms\/b\/c\/12cf59abdd88c188\/EehC6_jaHVhFpjmlo5YhBc8BRRXUGhAVvFoVfPekIZdeLg\" target=\"_blank\" rel=\"noreferrer noopener\">1971.pdf<\/a><\/p>\n\n\n\n<p><a href=\"https:\/\/1drv.ms\/b\/c\/12cf59abdd88c188\/EVDujWCtxw5Gknh71uUD0b8B4ZADBep9cTCX_JWAumRE2g\" target=\"_blank\" rel=\"noreferrer noopener\">1972.pdf<\/a><\/p>\n\n\n\n<p><a href=\"https:\/\/1drv.ms\/b\/c\/12cf59abdd88c188\/EYPG_v8OPhpPqyzVCrGfZtcBiYfnKroDYsaFfIZT47pXOA\" target=\"_blank\" rel=\"noreferrer noopener\">1973.pdf<\/a><\/p>\n\n\n\n<p><a href=\"https:\/\/1drv.ms\/b\/c\/12cf59abdd88c188\/Ec0MlzjbfCtChvLXuHBjCXUBbcEKl5sxvKYqm0vHIfmAvg\" target=\"_blank\" rel=\"noreferrer noopener\">1975.pdf<\/a><\/p>\n\n\n\n<p><a href=\"https:\/\/1drv.ms\/b\/c\/12cf59abdd88c188\/EQdx5Zl43IJEtFcuBWAMOGgBZynU1s_PFSMXxz3A2DhbCg\" target=\"_blank\" rel=\"noreferrer noopener\">1976.pdf<\/a><\/p>\n\n\n\n<p><a href=\"https:\/\/1drv.ms\/b\/c\/12cf59abdd88c188\/EQ_ctWOR6RFBhVA9OcnAAOsBVaBEPnaktiM2rVOS6sVIIg\" target=\"_blank\" rel=\"noreferrer noopener\">1977.pdf<\/a><\/p>\n\n\n\n<p><a href=\"https:\/\/1drv.ms\/b\/c\/12cf59abdd88c188\/EeM05Wcb8pBCi3Xap17GfJUBBn5fPXcJgBN3U6G8fZwdMw\" target=\"_blank\" rel=\"noreferrer noopener\">1978.pdf<\/a><\/p>\n\n\n\n<p><a href=\"https:\/\/1drv.ms\/b\/c\/12cf59abdd88c188\/EZz0oeqpM9VNiiyQYBaD9s0B6Ywji3VIGM-zH473QJyxzA\" target=\"_blank\" rel=\"noreferrer noopener\">1979.pdf<\/a><\/p>\n\n\n\n<p><a href=\"https:\/\/1drv.ms\/b\/c\/12cf59abdd88c188\/Ec37IMGs7uREqHRhsUUV1nsBhW_Mxs7S7-O1_oaaeMU9sg\" target=\"_blank\" rel=\"noreferrer noopener\">1980.pdf<\/a><\/p>\n\n\n<a class=\"wp-block-read-more\" href=\"https:\/\/www.cchla.ufpb.br\/memorial\/documentos-da-ditadura-militar-sobre-o-cchla\/\" target=\"_self\"><br><span class=\"screen-reader-text\">: Documentos da Ditadura Militar sobre o CCHLA<\/span><\/a>","protected":false},"excerpt":{"rendered":"<p>Durante a ditadura militar (1964-1985), a UFPB ficou marcada como uma das universidades federais que mais implementou medidas repressivas contra a sua comunidade. Acusados de \u201csubvers\u00e3o\u201d, professores e t\u00e9cnicos-administrativos foram demitidos ou n\u00e3o tiveram seus contratos de trabalho renovados, estudantes foram expulsos, suspensos, ou impedidos de se matricular. Comprometida com a ditadura, a UFPB foi [&hellip;]<\/p>\n","protected":false},"author":47,"featured_media":0,"parent":0,"menu_order":0,"comment_status":"closed","ping_status":"closed","template":"","meta":{"footnotes":""},"class_list":["post-18","page","type-page","status-publish","hentry"],"_links":{"self":[{"href":"https:\/\/www.cchla.ufpb.br\/memorial\/wp-json\/wp\/v2\/pages\/18","targetHints":{"allow":["GET"]}}],"collection":[{"href":"https:\/\/www.cchla.ufpb.br\/memorial\/wp-json\/wp\/v2\/pages"}],"about":[{"href":"https:\/\/www.cchla.ufpb.br\/memorial\/wp-json\/wp\/v2\/types\/page"}],"author":[{"embeddable":true,"href":"https:\/\/www.cchla.ufpb.br\/memorial\/wp-json\/wp\/v2\/users\/47"}],"replies":[{"embeddable":true,"href":"https:\/\/www.cchla.ufpb.br\/memorial\/wp-json\/wp\/v2\/comments?post=18"}],"version-history":[{"count":6,"href":"https:\/\/www.cchla.ufpb.br\/memorial\/wp-json\/wp\/v2\/pages\/18\/revisions"}],"predecessor-version":[{"id":62,"href":"https:\/\/www.cchla.ufpb.br\/memorial\/wp-json\/wp\/v2\/pages\/18\/revisions\/62"}],"wp:attachment":[{"href":"https:\/\/www.cchla.ufpb.br\/memorial\/wp-json\/wp\/v2\/media?parent=18"}],"curies":[{"name":"wp","href":"https:\/\/api.w.org\/{rel}","templated":true}]}}