{"id":1228,"date":"2018-05-18T17:44:12","date_gmt":"2018-05-18T17:44:12","guid":{"rendered":"http:\/\/www.cchla.ufpb.br\/ppgnec\/?page_id=1228"},"modified":"2018-08-13T22:39:37","modified_gmt":"2018-08-13T22:39:37","slug":"selecao-de-mestrado-2018-2","status":"publish","type":"page","link":"https:\/\/www.cchla.ufpb.br\/ppgnec\/selecao-de-mestrado-2018-2\/","title":{"rendered":"Sele\u00e7\u00e3o de Mestrado 2018.2"},"content":{"rendered":"<p>A Coordena\u00e7\u00e3o do Programa de P\u00f3s-Gradua\u00e7\u00e3o em Neuroci\u00eancia Cognitiva e Comportamento (PPGNeC) da Universidade Federal da Para\u00edba, no uso de suas atribui\u00e7\u00f5es, torna p\u00fablico o presente edital que regula as condi\u00e7\u00f5es de ingresso, por via de <strong>EXAME DE SELE\u00c7\u00c3O<\/strong>, no referido programa, ano letivo 2018.<\/p>\n<p>&nbsp;<\/p>\n<p>Para acessar o edital clique <a href=\"https:\/\/www.cchla.ufpb.br\/ppgnec\/wp-content\/uploads\/2018\/05\/Edital_Mestrado_2_2018_Final.pdf\" target=\"_blank\" rel=\"noopener\">Aqui<\/a><\/p>\n<p><a href=\"https:\/\/www.cchla.ufpb.br\/ppgnec\/wp-content\/uploads\/2018\/06\/Resultado-dos-pedidos-de-isenc\u0327a\u0303o.pdf\" target=\"_blank\" rel=\"noopener\">Resultado dos pedidos de isenc\u0327a\u0303o<\/a><\/p>\n<p><a href=\"https:\/\/www.cchla.ufpb.br\/ppgnec\/wp-content\/uploads\/2018\/06\/Inscri\u00e7\u00f5es-deferidas-e-indeferidas.pdf\" target=\"_blank\" rel=\"noopener\">Homologa\u00e7\u00e3o das inscri\u00e7\u00f5es<\/a><\/p>\n<p><a href=\"https:\/\/www.cchla.ufpb.br\/ppgnec\/wp-content\/uploads\/2018\/07\/Analise-pedidos-de-reconsidera\u00e7\u00e3o.pdf\" target=\"_blank\" rel=\"noopener\">Resultado dos pedidos de reconsidera\u00e7\u00e3o (inscri\u00e7\u00e3o)<\/a><\/p>\n<p>A prova de conhecimento da Sele\u00e7\u00e3o de Mestrado (2018.2) ser\u00e1 realizada na Sala Multim\u00eddia do Bloco C do CCHLA<\/p>\n<p><a href=\"https:\/\/www.cchla.ufpb.br\/ppgnec\/wp-content\/uploads\/2018\/07\/Notas-prova-conhecimento.pdf\" target=\"_blank\" rel=\"noopener\">Notas prova conhecimento<\/a><\/p>\n<p><a href=\"https:\/\/www.cchla.ufpb.br\/ppgnec\/wp-content\/uploads\/2018\/07\/Hora\u0301rio-e-local-das-entrevistas.pdf\" target=\"_blank\" rel=\"noopener\">Hora\u0301rio e local das entrevistas: todas ser\u00e3o realizadas no dia 26\/07\/2018<\/a><\/p>\n<p><a href=\"https:\/\/www.cchla.ufpb.br\/ppgnec\/wp-content\/uploads\/2018\/07\/Classificac\u0327a\u0303o-Entrevista-.pdf\" target=\"_blank\" rel=\"noopener\">Resultado das entrevistas<\/a><\/p>\n<p><a href=\"https:\/\/www.cchla.ufpb.br\/ppgnec\/wp-content\/uploads\/2018\/08\/Resultado-da-avalia\u00e7\u00e3o-curricular.pdf\" target=\"_blank\" rel=\"noopener\">Resultado da avalia\u00e7\u00e3o curricular<\/a><\/p>\n<p><a href=\"https:\/\/www.cchla.ufpb.br\/ppgnec\/wp-content\/uploads\/2018\/08\/Analise-pedidos-de-reconsidera\u00e7\u00e3o.pdf\" target=\"_blank\" rel=\"noopener\">Resultado dos pedidos de reconsidera\u00e7\u00e3o (curr\u00edculo)<\/a><\/p>\n<p><a href=\"https:\/\/www.cchla.ufpb.br\/ppgnec\/wp-content\/uploads\/2018\/08\/resultado-final.pdf\" target=\"_blank\" rel=\"noopener\">Resultado final<\/a><\/p>\n","protected":false},"excerpt":{"rendered":"<p>A Coordena\u00e7\u00e3o do Programa de P\u00f3s-Gradua\u00e7\u00e3o em Neuroci\u00eancia Cognitiva e Comportamento (PPGNeC) da Universidade Federal da Para\u00edba, no uso de suas atribui\u00e7\u00f5es, torna p\u00fablico o presente edital que regula as condi\u00e7\u00f5es de ingresso, por via de EXAME DE SELE\u00c7\u00c3O, no referido programa, ano letivo 2018. &nbsp; Para acessar o edital clique Aqui Resultado dos pedidos &#8230; <a title=\"Sele\u00e7\u00e3o de Mestrado 2018.2\" class=\"read-more\" href=\"https:\/\/www.cchla.ufpb.br\/ppgnec\/selecao-de-mestrado-2018-2\/\" aria-label=\"More on Sele\u00e7\u00e3o de Mestrado 2018.2\">Ler mais<\/a><\/p>\n","protected":false},"author":13,"featured_media":0,"parent":0,"menu_order":0,"comment_status":"closed","ping_status":"closed","template":"","meta":[],"_links":{"self":[{"href":"https:\/\/www.cchla.ufpb.br\/ppgnec\/wp-json\/wp\/v2\/pages\/1228"}],"collection":[{"href":"https:\/\/www.cchla.ufpb.br\/ppgnec\/wp-json\/wp\/v2\/pages"}],"about":[{"href":"https:\/\/www.cchla.ufpb.br\/ppgnec\/wp-json\/wp\/v2\/types\/page"}],"author":[{"embeddable":true,"href":"https:\/\/www.cchla.ufpb.br\/ppgnec\/wp-json\/wp\/v2\/users\/13"}],"replies":[{"embeddable":true,"href":"https:\/\/www.cchla.ufpb.br\/ppgnec\/wp-json\/wp\/v2\/comments?post=1228"}],"version-history":[{"count":12,"href":"https:\/\/www.cchla.ufpb.br\/ppgnec\/wp-json\/wp\/v2\/pages\/1228\/revisions"}],"predecessor-version":[{"id":1479,"href":"https:\/\/www.cchla.ufpb.br\/ppgnec\/wp-json\/wp\/v2\/pages\/1228\/revisions\/1479"}],"wp:attachment":[{"href":"https:\/\/www.cchla.ufpb.br\/ppgnec\/wp-json\/wp\/v2\/media?parent=1228"}],"curies":[{"name":"wp","href":"https:\/\/api.w.org\/{rel}","templated":true}]}}