{"id":163,"date":"2014-02-03T14:37:53","date_gmt":"2014-02-03T14:37:53","guid":{"rendered":"http:\/\/www.cchla.ufpb.br\/ppgnec\/?page_id=163"},"modified":"2025-03-12T19:36:54","modified_gmt":"2025-03-12T19:36:54","slug":"estrutura-academica","status":"publish","type":"page","link":"https:\/\/www.cchla.ufpb.br\/ppgnec\/estrutura-academica\/","title":{"rendered":"Estrutura Acad\u00eamica"},"content":{"rendered":"<p><b>Estrutura Curricular<\/b><\/p>\n<p style=\"text-align: justify;\">O curso de Mestrado do PPGNeC\/UFPB compreende um conjunto de disciplinas obrigat\u00f3rias e optativas que s\u00e3o oferecidas em regime semestral. As disciplinas s\u00e3o ministradas pelos professores do Programa, e outras, com a colabora\u00e7\u00e3o de professores convidados, podem vir a ser oferecidas. Os alunos do mestrado dever\u00e3o cursar 10 creditos em disciplinas obrigat\u00f3rias (Quadro A) e 12 creditos em disciplinas optativas (Quadro B). Nesta se\u00e7\u00e3o s\u00e3o apresentadas essas disciplinas, os respectivos n\u00famero de cr\u00e9ditos e as ementas. \u00a0Ver as\u00a0<a href=\"https:\/\/www.cchla.ufpb.br\/ppgnec\/wp-content\/uploads\/2014\/02\/EMENTAS-DAS-DISCIPLINAS1.pdf\">EMENTAS DAS DISCIPLINAS \/<\/a><b><\/b><a href=\"https:\/\/sig-arq.ufpb.br\/arquivos\/2025128114db6b7374287103c25c95305\/bibliografia-disciplinas-atualizadas.pdf\">\u00a0 BIBLIOGRAFIA DAS DISCIPLINAS<\/a><\/p>\n<p><b>Quadro A \u2013 Disciplinas Obrigat\u00f3rias<\/b><\/p>\n<table style=\"height: 405px;\" border=\"1\" width=\"1058\" cellspacing=\"0\" cellpadding=\"0\">\n<tbody>\n<tr>\n<td valign=\"top\" width=\"215\">\n<p align=\"center\"><b>IDENTIFICA\u00c7\u00c3O DAS<\/b><\/p>\n<p align=\"center\"><b>DISCIPLINAS<\/b><\/p>\n<\/td>\n<td valign=\"top\" width=\"69\"><b>CARGA<\/b><b>HOR.(*)<\/b><\/td>\n<td valign=\"top\" width=\"69\"><b>N\u00ba DE CR\u00c9DITOS<\/b><\/td>\n<\/tr>\n<tr>\n<td valign=\"top\" width=\"215\">Introdu\u00e7\u00e3o \u00e0 Neuroci\u00eancia Cognitiva e Comportamento<\/td>\n<td valign=\"top\" width=\"69\">\n<p align=\"center\">45<\/p>\n<\/td>\n<td valign=\"top\" width=\"69\">\n<p align=\"center\">03<\/p>\n<\/td>\n<\/tr>\n<tr>\n<td valign=\"top\" width=\"215\">M\u00e9todos e T\u00e9cnicas de Pesquisa em Neuroci\u00eancia Cognitiva e Comportamento<\/td>\n<td valign=\"top\" width=\"69\">\n<p align=\"center\">45<\/p>\n<\/td>\n<td valign=\"top\" width=\"69\">\n<p align=\"center\">03<\/p>\n<\/td>\n<\/tr>\n<tr>\n<td valign=\"top\" width=\"215\">Semin\u00e1rio de Pesquisa em Neuroci\u00eancia Cognitiva e Comportamento I<\/td>\n<td valign=\"top\" width=\"69\">\n<p align=\"center\">30<\/p>\n<\/td>\n<td valign=\"top\" width=\"69\">\n<p align=\"center\">02<\/p>\n<\/td>\n<\/tr>\n<tr>\n<td valign=\"top\" width=\"215\">Semin\u00e1rio de Pesquisa em Neuroci\u00eancia Cognitiva e Comportamento II<\/td>\n<td valign=\"top\" width=\"69\">\n<p align=\"center\">30<\/p>\n<\/td>\n<td valign=\"top\" width=\"69\">\n<p align=\"center\">02<\/p>\n<\/td>\n<\/tr>\n<\/tbody>\n<\/table>\n<p><b style=\"line-height: 1.714285714; font-size: 1rem;\">Quadro B &#8211; DISCIPLINAS OPTATIVAS<\/b><\/p>\n<table border=\"1\" width=\"346\" cellspacing=\"0\" cellpadding=\"0\">\n<tbody>\n<tr>\n<td rowspan=\"2\" valign=\"top\" width=\"215\">\n<p align=\"center\"><b>IDENTIFICA\u00c7\u00c3O DAS<\/b><\/p>\n<p align=\"center\"><b>DISCIPLINAS<\/b><\/p>\n<\/td>\n<td rowspan=\"2\" valign=\"top\" width=\"65\">\n<p align=\"center\"><b>CARGA<\/b><\/p>\n<p align=\"center\"><b>HOR.(*)<\/b><\/p>\n<\/td>\n<td valign=\"top\" width=\"65\">\n<p align=\"center\"><b>N\u00ba DE<\/b><\/p>\n<\/td>\n<\/tr>\n<tr>\n<td valign=\"top\" width=\"65\"><b>CREDITOS<\/b><\/td>\n<\/tr>\n<tr>\n<td valign=\"top\" width=\"215\">T\u00f3picos Especiais em Neuroci\u00eancia Cognitiva e Comportamento I<\/td>\n<td valign=\"top\" width=\"65\">\n<p align=\"center\">30<\/p>\n<\/td>\n<td valign=\"top\" width=\"65\">\n<p align=\"center\">02<\/p>\n<\/td>\n<\/tr>\n<tr>\n<td valign=\"top\" width=\"215\">T\u00f3picos Especiais em Neuroci\u00eancia Cognitiva e Comportamento II<\/td>\n<td valign=\"top\" width=\"65\">\n<p align=\"center\">30<\/p>\n<\/td>\n<td valign=\"top\" width=\"65\">\n<p align=\"center\">02<\/p>\n<\/td>\n<\/tr>\n<tr>\n<td valign=\"top\" width=\"215\">Est\u00e1gio Supervisionado de Doc\u00eancia em Neuroci\u00eancia Cognitiva e Comportamento<\/td>\n<td valign=\"top\" width=\"65\">\n<p align=\"center\">30<\/p>\n<\/td>\n<td valign=\"top\" width=\"65\">\n<p align=\"center\">02<\/p>\n<\/td>\n<\/tr>\n<tr>\n<td valign=\"top\" width=\"215\">Sensa\u00e7\u00e3o e Percep\u00e7\u00e3o<\/td>\n<td valign=\"top\" width=\"65\">\n<p align=\"center\">30<\/p>\n<\/td>\n<td valign=\"top\" width=\"65\">\n<p align=\"center\">02<\/p>\n<\/td>\n<\/tr>\n<tr>\n<td valign=\"top\" width=\"215\">Psicobiologia da Emo\u00e7\u00e3o e Motiva\u00e7\u00e3o<\/td>\n<td valign=\"top\" width=\"65\">\n<p align=\"center\">30<\/p>\n<\/td>\n<td valign=\"top\" width=\"65\">\n<p align=\"center\">02<\/p>\n<\/td>\n<\/tr>\n<tr>\n<td valign=\"top\" width=\"215\">Psicobiologia da Aten\u00e7\u00e3o e Mem\u00f3ria<\/td>\n<td valign=\"top\" width=\"65\">\n<p align=\"center\">30<\/p>\n<\/td>\n<td valign=\"top\" width=\"65\">\n<p align=\"center\">02<\/p>\n<\/td>\n<\/tr>\n<tr>\n<td valign=\"top\" width=\"215\">Psicolofarmacologia<\/td>\n<td valign=\"top\" width=\"65\">\n<p align=\"center\">30<\/p>\n<\/td>\n<td valign=\"top\" width=\"65\">\n<p align=\"center\">02<\/p>\n<\/td>\n<\/tr>\n<tr>\n<td valign=\"top\" width=\"215\">Neuropsicologia<\/td>\n<td valign=\"top\" width=\"65\">\n<p align=\"center\">30<\/p>\n<\/td>\n<td valign=\"top\" width=\"65\">\n<p align=\"center\">02<\/p>\n<\/td>\n<\/tr>\n<tr>\n<td valign=\"top\" width=\"215\">Psicolingu\u00edstica Experimental<\/td>\n<td valign=\"top\" width=\"65\">\n<p align=\"center\">30<\/p>\n<\/td>\n<td valign=\"top\" width=\"65\">\n<p align=\"center\">02<\/p>\n<\/td>\n<\/tr>\n<tr>\n<td valign=\"top\" width=\"215\">Neuroci\u00eancias da Linguagem<\/td>\n<td valign=\"top\" width=\"65\">\n<p align=\"center\">30<\/p>\n<\/td>\n<td valign=\"top\" width=\"65\">\n<p align=\"center\">02<\/p>\n<\/td>\n<\/tr>\n<tr>\n<td valign=\"top\" width=\"215\">Neuroci\u00eancias e Comunica\u00e7\u00e3o<\/td>\n<td valign=\"top\" width=\"65\">\n<p align=\"center\">30<\/p>\n<\/td>\n<td valign=\"top\" width=\"65\">\n<p align=\"center\">02<\/p>\n<\/td>\n<\/tr>\n<tr>\n<td valign=\"top\" width=\"215\">Bioestat\u00edstica<\/td>\n<td valign=\"top\" width=\"65\">\n<p align=\"center\">30<\/p>\n<\/td>\n<td valign=\"top\" width=\"65\">\n<p align=\"center\">02<\/p>\n<\/td>\n<\/tr>\n<tr>\n<td valign=\"top\" width=\"215\">T\u00f3picos Avan\u00e7ados em Neuroci\u00eancia Cognitiva e Comportamento I<\/td>\n<td valign=\"top\" width=\"65\">\n<p align=\"center\">30<\/p>\n<\/td>\n<td valign=\"top\" width=\"65\">\n<p align=\"center\">02<\/p>\n<\/td>\n<\/tr>\n<tr>\n<td valign=\"top\" width=\"215\">T\u00f3picos Avan\u00e7ados em Neuroci\u00eancia Cognitiva e Comportamento II<\/td>\n<td valign=\"top\" width=\"65\">\n<p align=\"center\">30<\/p>\n<\/td>\n<td valign=\"top\" width=\"65\">\n<p align=\"center\">02<\/p>\n<\/td>\n<\/tr>\n<tr>\n<td valign=\"top\" width=\"215\">T\u00f3picos Avan\u00e7ados em Neuroci\u00eancia Cognitiva e Comportamento III<\/td>\n<td valign=\"top\" width=\"65\">\n<p align=\"center\">30<\/p>\n<\/td>\n<td valign=\"top\" width=\"65\">\n<p align=\"center\">02<\/p>\n<\/td>\n<\/tr>\n<tr>\n<td valign=\"top\" width=\"215\">Semin\u00e1rio de Pesquisa em Neuroci\u00eancia Cognitiva e Comportamento III<\/td>\n<td valign=\"top\" width=\"65\">\n<p align=\"center\">30<\/p>\n<\/td>\n<td valign=\"top\" width=\"65\">\n<p align=\"center\">02<\/p>\n<\/td>\n<\/tr>\n<tr>\n<td valign=\"top\" width=\"215\">Semin\u00e1rio de Pesquisa em Neuroci\u00eancia Cognitiva e Comportamento IV<\/td>\n<td valign=\"top\" width=\"65\">\n<p align=\"center\">30<\/p>\n<\/td>\n<td valign=\"top\" width=\"65\">\n<p align=\"center\">02<\/p>\n<\/td>\n<\/tr>\n<\/tbody>\n<\/table>\n<p>(*) \u00a0\u00a0\u00a0\u00a0\u00a0\u00a0\u00a0\u00a0\u00a0 1 cr\u00e9dito te\u00f3rico \u2013 15 horas-aula de atividades te\u00f3ricas de ensino.<\/p>\n<p style=\"text-align: left;\"><span style=\"color: #3366ff;\"><strong>DOCUMENTA\u00c7\u00c3O NECESS\u00c1RIA PARA MATR\u00cdCULA<\/strong><\/span><\/p>\n<p style=\"text-align: left;\"><span style=\"color: #000000;\">Na matr\u00edcula, o candidato aprovado e classificado na sele\u00e7\u00e3o dever\u00e1 preencher a ficha de matr\u00edcula e apresentar as seguintes documenta\u00e7\u00f5es:<\/span><\/p>\n<ol style=\"text-align: left;\">\n<li><span style=\"color: #000000;\">a) c\u00f3pias autenticadas de Carteira de Identidade, CPF, T\u00edtulo de Eleitor e comprova\u00e7\u00e3o da \u00faltima vota\u00e7\u00e3o (ou passaporte, no caso de candidato estrangeiro);<\/span><\/li>\n<li><span style=\"color: #000000;\">b) uma (01) foto 3 x 4, recente;<\/span><\/li>\n<li><span style=\"color: #000000;\">c) c\u00f3pia do diploma de conclus\u00e3o do Curso de Gradua\u00e7\u00e3o reconhecido pelo MEC;<\/span><\/li>\n<li><span style=\"color: #000000;\">d) c\u00f3pia do hist\u00f3rico escolar do Curso de Gradua\u00e7\u00e3o. O candidato que n\u00e3o apresentar c\u00f3pia do diploma ou certificado de conclus\u00e3o do curso de gradua\u00e7\u00e3o ser\u00e1 desclassificado.<\/span><\/li>\n<li><span style=\"color: #000000;\">e) Certificado de Profici\u00eancia em Ingl\u00eas de Institui\u00e7\u00e3o de Ensino Superior P\u00fablica, tendo obtido nota equivalente ou superior a 6 [seis; escala de 0 (zero) a 10 (dez) pontos]. Ser\u00e3o aceitos tamb\u00e9m certificados IELTS ou TOEFL ou ainda os exames de Cambridge (PET, FCE, CAE ou CPE), com nota equivalente ou superior a 6 (seis). S\u00f3 ser\u00e1 aceito certificado de profici\u00eancia em l\u00edngua inglesa obtidos nos \u00faltimos dois anos, considerando o per\u00edodo de inscri\u00e7\u00e3o<\/span><\/li>\n<\/ol>\n<p style=\"text-align: left;\"><span style=\"color: #3366ff;\"><strong>DA MATR\u00cdCULA<\/strong><\/span><\/p>\n<p style=\"text-align: left;\"><span style=\"color: #000000;\">Art. 19. O candidato aprovado e classificado na sele\u00e7\u00e3o dever\u00e1 efetuar sua matr\u00edcula pr\u00e9via junto \u00e0 Secretaria da Coordena\u00e7\u00e3o do PPgNeC-MD, obedecendo aos prazos fixados no seu calend\u00e1rio escolar e recebendo um n\u00famero de matr\u00edcula que o qualificar\u00e1 como aluno regular desta Universidade.<\/span><\/p>\n<ul style=\"text-align: left;\">\n<li><span style=\"color: #000000;\">1\u00ba A n\u00e3o efetiva\u00e7\u00e3o da matr\u00edcula pr\u00e9via, no prazo fixado, implicar\u00e1 a desist\u00eancia do candidato em matricular-se no Curso, perdendo todos os direitos adquiridos pela aprova\u00e7\u00e3o e classifica\u00e7\u00e3o no processo seletivo.<\/span><\/li>\n<li><span style=\"color: #000000;\">2\u00ba Em concord\u00e2ncia com o estabelecido no par\u00e1grafo anterior deste artigo, ter\u00e1 o direito \u00e0 vaga gerada o primeiro candidato aprovado, mas n\u00e3o classificado.<\/span><\/li>\n<\/ul>\n<p style=\"text-align: left;\"><span style=\"color: #000000;\">Art. 20. Na \u00e9poca fixada no calend\u00e1rio escolar, antes do in\u00edcio de cada per\u00edodo letivo, cada aluno far\u00e1 junto \u00e0 Coordena\u00e7\u00e3o do Programa sua matr\u00edcula em disciplinas ou em trabalho de Disserta\u00e7\u00e3o\/Tese, salvo os casos de interrup\u00e7\u00e3o de estudos previstos no Regulamento Geral.<\/span><\/p>\n<ul style=\"text-align: left;\">\n<li><span style=\"color: #000000;\">1\u00ba O aluno, desde o primeiro per\u00edodo letivo, ficar\u00e1 vinculado a um laborat\u00f3rio ou grupo de Pesquisa, devendo desenvolver sua Disserta\u00e7\u00e3o\/Tese em conson\u00e2ncia com as atividades do referido laborat\u00f3rio.<\/span><\/li>\n<li><span style=\"color: #000000;\">2\u00ba No ato da primeira matr\u00edcula o aluno dever\u00e1 apresentar c\u00f3pia autenticada do diploma do curso de gradua\u00e7\u00e3o em Psicologia ou \u00e1rea afim.<\/span><\/li>\n<li><span style=\"color: #000000;\">3\u00ba Em todos os casos, a matr\u00edcula do aluno apenas ser\u00e1 realizada com a assinatura de concord\u00e2ncia do seu orientador.<\/span><\/li>\n<\/ul>\n<p style=\"text-align: left;\"><span style=\"color: #000000;\">Art. 21. Poder\u00e1 ser aceita a transfer\u00eancia de alunos matriculados regularmente em outros Programas de P\u00f3s-Gradua\u00e7\u00e3o em Psicologia ou \u00e1rea afim, desde que reconhecidos pelo CNE ou no sistema de acredita\u00e7\u00e3o no pa\u00eds de origem, a ju\u00edzo do Colegiado do Programa.<\/span><\/p>\n<p style=\"text-align: left;\"><span style=\"color: #000000;\">Par\u00e1grafo \u00fanico &#8211; A aceita\u00e7\u00e3o de transfer\u00eancia somente poder\u00e1 ser realizada ap\u00f3s conclu\u00eddo, pelo menos, o primeiro per\u00edodo letivo de estudos na institui\u00e7\u00e3o de ensino superior (IES) de origem.<\/span><\/p>\n<p style=\"text-align: left;\"><span style=\"color: #3366ff;\"><b>SUSPENS\u00c3O<\/b><strong>\u00a0E DO CANCELAMENTO DE MATR\u00cdCULA<\/strong><\/span><\/p>\n<p style=\"text-align: left;\"><span style=\"color: #000000;\">Art. 22. Ser\u00e1 permitida o trancamento de matr\u00edcula em uma ou mais disciplinas, desde que ainda n\u00e3o tenham sido realizadas 30% (trinta por cento) das atividades previstas para a disciplina, salvo caso especial a crit\u00e9rio do Colegiado do Programa.<\/span><\/p>\n<ul style=\"text-align: left;\">\n<li><span style=\"color: #000000;\">1\u00ba O pedido de trancamento de matr\u00edcula, em uma ou mais disciplinas, constar\u00e1 de um requerimento feito pelo aluno, com anu\u00eancia de seu orientador, e dirigido ao Coordenador do Programa.<\/span><\/li>\n<\/ul>\n<ul style=\"text-align: left;\">\n<li><span style=\"color: #000000;\">2\u00ba O deferimento do pedido compete ao Coordenador do Programa, ouvidos, previamente, o orientador do aluno e o professor da disciplina, respeitadas as disposi\u00e7\u00f5es em vigor.<\/span><\/li>\n<\/ul>\n<ul style=\"text-align: left;\">\n<li><span style=\"color: #000000;\">3\u00ba N\u00e3o constar\u00e1 no Hist\u00f3rico Escolar do aluno refer\u00eancia ao trancamento de matr\u00edcula em qualquer disciplina.<\/span><\/li>\n<\/ul>\n<ul style=\"text-align: left;\">\n<li><span style=\"color: #000000;\">4\u00ba \u00c9 vedado o trancamento de matr\u00edcula na mesma disciplina mais de uma vez, salvo casos excepcionais, a crit\u00e9rio do Colegiado do Programa.<\/span><\/li>\n<\/ul>\n<p style=\"text-align: left;\"><span style=\"color: #000000;\">Art. 23. O trancamento da matr\u00edcula em todo o conjunto de disciplinas corresponde \u00e0 interrup\u00e7\u00e3o de estudo e s\u00f3 poder\u00e1 ser concedido em car\u00e1ter excepcional e por solicita\u00e7\u00e3o do aluno e justificativa expressa do orientador, a crit\u00e9rio do Colegiado do Programa.<\/span><\/p>\n<ul style=\"text-align: left;\">\n<li><span style=\"color: #000000;\">1\u00ba O prazo m\u00e1ximo permitido de interrup\u00e7\u00e3o de estudos ser\u00e1 de seis meses para o mestrado e de um ano para o doutorado, n\u00e3o sendo computado no tempo de integraliza\u00e7\u00e3o do Curso de acordo com o Art. 27 deste regulamento.<\/span><\/li>\n<li><span style=\"color: #000000;\">2\u00ba O trancamento concedido ser\u00e1 mencionado no Hist\u00f3rico Escolar do aluno com a men\u00e7\u00e3o \u201cInterrup\u00e7\u00e3o de Estudos\u201d, acompanhada do per\u00edodo letivo de ocorr\u00eancia e da data de homologa\u00e7\u00e3o pelo Colegiado do Programa.<\/span><\/li>\n<\/ul>\n<p style=\"text-align: left;\"><span style=\"color: #3366ff;\"><strong>ESTRUTURA CURRICULAR DO PROGRAMA<\/strong><\/span><\/p>\n<p style=\"text-align: left;\"><span style=\"color: #000000;\"><strong>\u00a0<\/strong>Art. 24. O PPgNeC-MD abranger\u00e1 disciplinas obrigat\u00f3rias e optativas, da \u00e1rea de concentra\u00e7\u00e3o e de dom\u00ednio conexo. Par\u00e1grafo \u00fanico. As disciplinas da Estrutura Acad\u00eamica, com suas respectivas ementas e bibliografias b\u00e1sicas, est\u00e3o indicadas no Anexo I da Resolu\u00e7\u00e3o que aprovou este Regulamento.<\/span><\/p>\n<p style=\"text-align: left;\"><span style=\"color: #000000;\">Art. 25. O aluno dever\u00e1 integralizar um m\u00ednimo de 22 (vinte e dois) cr\u00e9ditos no curso de Mestrado ou de 36 (trinta e seis) cr\u00e9ditos no de Doutorado, assim distribu\u00eddos: I &#8211; Disciplinas Obrigat\u00f3rias: 10 cr\u00e9ditos em ambos os n\u00edveis; II &#8211; Disciplinas Optativas: m\u00ednimo de 12 (doze) cr\u00e9ditos no curso de Mestrado e 26 (vinte e seis) cr\u00e9ditos no de doutorado.<\/span><\/p>\n<ul style=\"text-align: left;\">\n<li><span style=\"color: #000000;\">1\u00ba Os doutorandos que tiverem realizado o mestrado no pr\u00f3prio programa poder\u00e3o solicitar o aproveitamento dos cr\u00e9ditos desde que o curso de mestrado tenha sido conclu\u00eddo nos \u00faltimos cinco anos.<\/span><\/li>\n<\/ul>\n<ul style=\"text-align: left;\">\n<li><span style=\"color: #000000;\">2\u00ba Os doutorandos provenientes de cursos de Mestrado de outros Programas de P\u00f3s-Gradua\u00e7\u00e3o reconhecidos pela Capes poder\u00e3o solicitar o aproveitamento de cr\u00e9ditos at\u00e9 o m\u00e1ximo de 18 (dezoito) cr\u00e9ditos, desde que o curso tenha sido conclu\u00eddo nos \u00faltimos cinco anos.<\/span><\/li>\n<\/ul>\n<p style=\"text-align: left;\"><span style=\"color: #000000;\">3\u00ba Na integraliza\u00e7\u00e3o dos cr\u00e9ditos, al\u00e9m das disciplinas optativas, obrigat\u00f3rias e as atividades acad\u00eamicas de Est\u00e1gio de Doc\u00eancia, os alunos de Mestrado e Doutorado poder\u00e3o contar tamb\u00e9m com a atividade acad\u00eamica Estudos Especiais, que diz respeito \u00e0 publica\u00e7\u00e3o de artigos e estudos individuais, conforme especificado, respectivamente, no Art. 28 deste Regulamento e no Art. 41 do Regulamento Geral.<\/span><\/p>\n<p style=\"text-align: left;\"><span style=\"color: #000000;\">Art. 26. Cada cr\u00e9dito corresponde a l5 (quinze) horas-aula te\u00f3ricas ou 30 (trinta) horas-aula pr\u00e1ticas ou trabalho equivalente.<\/span><\/p>\n<p style=\"text-align: left;\"><span style=\"color: #000000;\">Art. 27. As dura\u00e7\u00f5es m\u00ednima e m\u00e1xima dos cursos ser\u00e3o, respectivamente, de 12 (doze) e 24 (vinte quatro) meses para o Mestrado, e 24 (vinte e quatro) e 36 (trinta e seis) meses para o Doutorado, incluindo o tempo de prepara\u00e7\u00e3o e apresenta\u00e7\u00e3o da Disserta\u00e7\u00e3o\/Tese.<\/span><\/p>\n<ul style=\"text-align: left;\">\n<li><span style=\"color: #000000;\">1\u00ba Para fins do disposto no Art. 27\u00ba deste regulamento, o tempo de integraliza\u00e7\u00e3o do curso ser\u00e1 computado a partir da data da primeira matr\u00edcula, respeitado o que estabelece o seu Art. 22\u00ba .<\/span><\/li>\n<\/ul>\n<ul style=\"text-align: left;\">\n<li><span style=\"color: #000000;\">2\u00ba O Colegiado do Programa poder\u00e1 autorizar, quando julgar procedente, a prorroga\u00e7\u00e3o da dura\u00e7\u00e3o prevista no caput deste artigo por um per\u00edodo m\u00e1ximo de seis meses para o curso de Mestrado ou doze meses para o de Doutorado, mediante solicita\u00e7\u00e3o fundamentada do aluno e parecer favor\u00e1vel do professor orientador.<\/span><\/li>\n<\/ul>\n<p style=\"text-align: left;\"><span style=\"color: #000000;\">\u00a0Art. 28. A crit\u00e9rio do Colegiado do Programa poder\u00e3o ser atribu\u00eddos dois cr\u00e9ditos a cada artigo publicado pelo aluno e relacionado com o tema de sua disserta\u00e7\u00e3o\/tese, e que tenha sido aceito para publica\u00e7\u00e3o em revista Qualis A1, A2, B1 ou B2 e\/ou artigos publicados em revistas com JCR (Journal Citation Report) maior ou igual a hum (01), sendo aceitos para credita\u00e7\u00e3o no m\u00e1ximo 01 (hum) artigo para o curso de Mestrado e 02 (dois) artigos para o de Doutorado.<\/span><\/p>\n<p style=\"text-align: left;\"><span style=\"color: #3366ff;\"><strong>ALUNO ESPECIAL<\/strong><\/span><\/p>\n<p style=\"text-align: left;\"><span style=\"color: #000000;\">Em virtude do quantitativo de docentes pertencentes ao quadro do programa, n\u00e3o trabalhamos nesse momento com a figura do aluno especial.<\/span><\/p>\n<p style=\"text-align: left;\"><span style=\"color: #3366ff;\"><strong>EST\u00c1GIO DOC\u00caNCIA<\/strong><\/span><\/p>\n<p style=\"text-align: left;\"><span style=\"color: #000000;\">O componente curricular Est\u00e1gio Doc\u00eancia trata-se de uma atividade acad\u00eamica obrigat\u00f3ria a todos os discentes do programa. Ser\u00e1 realizado atrav\u00e9s da prepara\u00e7\u00e3o e ministra\u00e7\u00e3o de uma disciplina em curso de gradua\u00e7\u00e3o em Psicologia ou \u00e1rea afim, com a supervis\u00e3o do seu orientador e do professor da respectiva disciplina, os quais atribuir\u00e3o uma nota final ao aluno conferindo 02 (dois) cr\u00e9ditos pr\u00e1ticos para mestrando e 04 (quatro) cr\u00e9ditos pr\u00e1ticos para doutorandos.<\/span><\/p>\n<p style=\"text-align: left;\"><span style=\"color: #3366ff;\"><strong>VERIFICA\u00c7\u00c3O DO RENDIMENTO ESCOLAR<\/strong><\/span><\/p>\n<p style=\"text-align: left;\"><span style=\"color: #000000;\">Art. 30. A avalia\u00e7\u00e3o do rendimento escolar do aluno far-se-\u00e1 pela apura\u00e7\u00e3o da frequ\u00eancia e mensura\u00e7\u00e3o do aproveitamento.<\/span><\/p>\n<ul style=\"text-align: left;\">\n<li><span style=\"color: #000000;\">1 o O aproveitamento ser\u00e1 mensurado por meio de provas, exames, trabalhos e\/ou projetos. As notas ou os conceitos ser\u00e3o atribu\u00eddos ao aproveitamento em conformidade com o Regimento Geral da UFPB.<\/span><\/li>\n<\/ul>\n<ul style=\"text-align: left;\">\n<li><span style=\"color: #000000;\">2o O aluno que n\u00e3o atingir o percentual m\u00ednimo exigido da freq\u00fc\u00eancia (85%) em qualquer disciplina ser\u00e1 reprovado, sendo atribu\u00edda a nota 0 (zero) para efeito do c\u00e1lculo do CRA (Coeficiente de Rendimento Acad\u00eamico), e registrada a letra \u201cF\u201d no seu hist\u00f3rico escolar.<\/span><\/li>\n<\/ul>\n<ul style=\"text-align: left;\">\n<li><span style=\"color: #000000;\">3o O aluno reprovado em disciplina obrigat\u00f3ria dever\u00e1 repeti-la, por\u00e9m caso venha a ser reprovado em disciplina optativa, n\u00e3o estar\u00e1 obrigado a repeti-la, por\u00e9m em ambos os casos o resultado ser\u00e1 inclu\u00eddo no seu hist\u00f3rico escolar.<\/span><\/li>\n<\/ul>\n<ul style=\"text-align: left;\">\n<li><span style=\"color: #000000;\">4o O aluno reprovado em uma disciplina, seja optativa ou obrigat\u00f3ria, caso tenha bolsa de estudos (CNPq, CAPES ou outra ag\u00eancia), perder\u00e1 esta concess\u00e3o. \u00a7 5o O aluno reprovado duas vezes, seja na mesma disciplina ou em disciplinas diferentes (optativa ou obrigat\u00f3ria), ser\u00e1 desligado do programa.<\/span><\/li>\n<\/ul>\n<p style=\"text-align: left;\"><span style=\"color: #000000;\">Art. 31. Os exames de l\u00edngua estrangeira poder\u00e3o ser realizados pelo colegiado, garantida a presen\u00e7a de um docente do Departamento de L\u00ednguas e\/ou por institui\u00e7\u00f5es espec\u00edficas que realizam exames de profici\u00eancia a crit\u00e9rio do Colegiado do Programa.<\/span><\/p>\n<p style=\"text-align: left;\"><span style=\"color: #3366ff;\"><strong>APROVEITAMENTO DE ESTUDOS<\/strong><\/span><\/p>\n<p style=\"text-align: left;\"><span style=\"color: #000000;\">Art. 32. A crit\u00e9rio do Colegiado do Programa poder\u00e3o ser aceitos cr\u00e9ditos em disciplinas j\u00e1 cursadas anteriormente pelo aluno em outro Programa de P\u00f3s-Gradua\u00e7\u00e3o Stricto Sensu, reconhecido pelo CNE, que sejam semelhantes quanto ao conte\u00fado program\u00e1tico e carga hor\u00e1ria, at\u00e9 o limite de 50% (vinte por cento) dos cr\u00e9ditos exigidos para a integraliza\u00e7\u00e3o curricular em ambos os n\u00edveis.<\/span><\/p>\n<p style=\"text-align: left;\"><span style=\"color: #000000;\">Par\u00e1grafo \u00fanico. S\u00f3 poder\u00e3o ser aproveitados estudos em disciplinas cursadas com avalia\u00e7\u00f5es A (10) e B (8-9) ou correspondentes e conclu\u00eddas h\u00e1, no m\u00e1ximo, 5 (cinco) anos.<\/span><\/p>\n<p style=\"text-align: left;\"><span style=\"color: #3366ff;\"><strong>\u00a0DESLIGAMENTO E ABANDONO<\/strong><\/span><\/p>\n<p style=\"text-align: left;\"><span style=\"color: #000000;\">Art. 33. Al\u00e9m dos casos previstos no Regulamento Geral, ser\u00e1 desligado do curso o aluno que n\u00e3o atender \u00e0s determina\u00e7\u00f5es dispostas aos requerimentos de prazos m\u00e1ximos estabelecidos neste Regimento.<\/span><\/p>\n<p style=\"text-align: left;\"><span style=\"color: #000000;\">Art. 34. Ser\u00e1 considerado como tendo abandonado o curso o aluno que, em qualquer per\u00edodo letivo regular, n\u00e3o efetuar sua matr\u00edcula em disciplina ou em trabalho final. Par\u00e1grafo \u00fanico. O disposto neste Artigo n\u00e3o se aplicar\u00e1 ao aluno que estiver com os estudos interrompidos, na forma do Art. 23\u00ba deste Regulamento.<\/span><\/p>\n<p style=\"text-align: left;\"><span style=\"color: #000000;\">Art. 35. Ao final de cada ano letivo, o aluno dever\u00e1 apresentar \u00e0 Coordena\u00e7\u00e3o do Programa, Relat\u00f3rio de atividades acad\u00eamicas desenvolvidas, segundo modelo aprovado pelo Colegiado. Par\u00e1grafo \u00fanico. O relat\u00f3rio de que trata o caput deste artigo somente ter\u00e1 validade com a anu\u00eancia do professor orientador.<\/span><\/p>\n<p style=\"text-align: left;\"><span style=\"color: #3366ff;\"><strong>TRABALHO FINAL<\/strong><\/span><\/p>\n<p style=\"text-align: left;\"><span style=\"color: #000000;\">Art. 36. O aluno de Mestrado e Doutorado dever\u00e1 ser submetido, respectivamente, ao exame de Pr\u00e9- Banca e de Qualifica\u00e7\u00e3o.<\/span><\/p>\n<ul style=\"text-align: left;\">\n<li><span style=\"color: #000000;\">1\u00ba Os exames de que trata o caput deste artigo dever\u00e3o ser avaliados por Comiss\u00f5es compostas pelo orientador e por dois outros professores, que dever\u00e3o emitir parecer sobre o n\u00edvel do trabalho e sugerir mudan\u00e7as quando necess\u00e1rias.<\/span><\/li>\n<\/ul>\n<ul style=\"text-align: left;\">\n<li><span style=\"color: #000000;\">2\u00ba O aluno de mestrado dever\u00e1 ser submetido ao exame de Pr\u00e9-Banca at\u00e9 o final dos 12 meses e aluno de doutorado ao de Qualifica\u00e7\u00e3o at\u00e9 ao final dos 18 meses de curso, a contar da data da matr\u00edcula pr\u00e9via.<\/span><\/li>\n<\/ul>\n<p style=\"text-align: left;\"><span style=\"color: #000000;\">\u00a0Art. 37. A defesa da Disserta\u00e7\u00e3o\/Tese dever\u00e1 ser requerida pelo aluno ao Coordenador do Programa, que determinar\u00e1 a data de sua realiza\u00e7\u00e3o, ouvida a Comiss\u00e3o Examinadora.<\/span><\/p>\n<ul style=\"text-align: left;\">\n<li><span style=\"color: #000000;\">1\u00ba O requerimento dever\u00e1 vir acompanhado de:<\/span><\/li>\n<\/ul>\n<p style=\"text-align: left;\"><span style=\"color: #000000;\">I &#8211; declara\u00e7\u00e3o do Orientador de que o trabalho est\u00e1 em condi\u00e7\u00f5es de ser defendido;<\/span><\/p>\n<p style=\"text-align: left;\"><span style=\"color: #000000;\">\u00a0II &#8211; apresenta\u00e7\u00e3o de tr\u00eas ou cinco exemplares, respectivamente, da Disserta\u00e7\u00e3o ou da Tese, com anteced\u00eancia de um m\u00eas em rela\u00e7\u00e3o \u00e0 data de sua defesa, obedecendo \u00e0s normas constantes do Manual de disserta\u00e7\u00f5es e Teses da Universidade Federal da Para\u00edba.<\/span><\/p>\n<p style=\"text-align: left;\"><span style=\"color: #000000;\">\u00a0 \u00a0 III &#8211; formul\u00e1rio preenchido, do Banco de Disserta\u00e7\u00f5es\/Teses do Minist\u00e9rio da Educa\u00e7\u00e3o (MEC).<\/span><\/p>\n<ul style=\"text-align: left;\">\n<li><span style=\"color: #000000;\">2\u00ba &#8211; O trabalho final dever\u00e1 ser redigido em portugu\u00eas.<\/span><\/li>\n<li><span style=\"color: #000000;\">3\u00ba &#8211; A defesa do Trabalho Final ser\u00e1 feita publicamente.<\/span><\/li>\n<\/ul>\n<p style=\"text-align: left;\"><span style=\"color: #000000;\">Art. 38. No julgamento da Disserta\u00e7\u00e3o\/Tese ser\u00e1 atribu\u00eddo um conceito de acordo com as normas da Universidade Federal da Para\u00edba.<\/span><\/p>\n<ul style=\"text-align: left;\">\n<li><span style=\"color: #000000;\">1\u00ba \u2013 O aluno poder\u00e1 ser considerado:<\/span><\/li>\n<\/ul>\n<p style=\"text-align: left;\"><span style=\"color: #000000;\">\u00a0I &#8211; Aprovado com Distin\u00e7\u00e3o;<\/span><\/p>\n<p style=\"text-align: left;\"><span style=\"color: #000000;\">II \u2013 Aprovado;<\/span><\/p>\n<p style=\"text-align: left;\"><span style=\"color: #000000;\">III \u2013 Reprovado; ou,<\/span><\/p>\n<p style=\"text-align: left;\"><span style=\"color: #000000;\">IV &#8211; Indeterminado.<\/span><\/p>\n<ul style=\"text-align: left;\">\n<li><span style=\"color: #000000;\">2\u00ba No caso de atribui\u00e7\u00e3o do Conceito Indeterminado, a Banca Examinadora apresentar\u00e1 relat\u00f3rio \u00e0 Coordena\u00e7\u00e3o do Programa, dando os motivos de sua atribui\u00e7\u00e3o.<\/span><\/li>\n<\/ul>\n<ul style=\"text-align: left;\">\n<li><span style=\"color: #000000;\">3\u00ba A atribui\u00e7\u00e3o do Conceito Indeterminado implicar\u00e1 o estabelecimento do prazo m\u00e1ximo de 06 (seis) meses para a reelabora\u00e7\u00e3o, nova apresenta\u00e7\u00e3o e defesa da Disserta\u00e7\u00e3o e de 12 (doze) meses para a Tese, desde que n\u00e3o ultrapasse o prazo m\u00e1ximo para conclus\u00e3o do curso, quando j\u00e1 n\u00e3o se admitir\u00e1 a atribui\u00e7\u00e3o do Conceito Indeterminado.<\/span><\/li>\n<\/ul>\n<ul style=\"text-align: left;\">\n<li><span style=\"color: #000000;\">4\u00ba No caso de nova apresenta\u00e7\u00e3o do trabalho final, a Banca Examinadora dever\u00e1 ser, preferencialmente, a mesma.<\/span><\/li>\n<\/ul>\n<p style=\"text-align: left;\"><span style=\"color: #000000;\">Art. 39. A designa\u00e7\u00e3o e os requisitos para a composi\u00e7\u00e3o da Banca Examinadora do Trabalho Final devem satisfazer as exig\u00eancias contidas no Regulamento Geral, devendo-se considerar pelo menos um membro da Banca de Mestrado e dois membros da Banca de Doutorado, vinculados a outras IES (Institui\u00e7\u00f5es de Ensino Superior).<\/span><\/p>\n<p style=\"text-align: left;\"><span style=\"color: #000000;\">Art. 40. A expedi\u00e7\u00e3o e o registro do Diploma ser\u00e3o efetuados de acordo com o disposto no Regulamento Geral.<\/span><\/p>\n<p style=\"text-align: left;\"><span style=\"color: #3366ff;\"><strong>VERIFICA\u00c7\u00c3O DO RENDIMENTO ESCOLAR<\/strong><\/span><\/p>\n<p style=\"text-align: left;\"><span style=\"color: #000000;\">Art. 30. A avalia\u00e7\u00e3o do rendimento escolar do aluno far-se-\u00e1 pela apura\u00e7\u00e3o da frequ\u00eancia e mensura\u00e7\u00e3o do aproveitamento.<\/span><\/p>\n<ul style=\"text-align: left;\">\n<li><span style=\"color: #000000;\">1\u00ba O aproveitamento ser\u00e1 mensurado por meio de provas, exames, trabalhos e\/ou projetos. As notas ou os conceitos ser\u00e3o atribu\u00eddos ao aproveitamento em conformidade com o Regimento Geral da UFPB.<\/span><\/li>\n<\/ul>\n<ul style=\"text-align: left;\">\n<li><span style=\"color: #000000;\">2\u00ba O aluno que n\u00e3o atingir o percentual m\u00ednimo exigido da freq\u00fc\u00eancia (85%) em qualquer disciplina ser\u00e1 reprovado, sendo atribu\u00edda a nota 0 (zero) para efeito do c\u00e1lculo do CRA (Coeficiente de Rendimento Acad\u00eamico), e registrada a letra \u201cF\u201d no seu hist\u00f3rico escolar.<\/span><\/li>\n<\/ul>\n<ul style=\"text-align: left;\">\n<li><span style=\"color: #000000;\">3\u00ba O aluno reprovado em disciplina obrigat\u00f3ria dever\u00e1 repeti-la, por\u00e9m caso venha a ser reprovado em disciplina optativa, n\u00e3o estar\u00e1 obrigado a repeti-la, por\u00e9m em ambos os casos o resultado ser\u00e1 inclu\u00eddo no seu hist\u00f3rico escolar.<\/span><\/li>\n<\/ul>\n<ul style=\"text-align: left;\">\n<li><span style=\"color: #000000;\">4\u00ba O aluno reprovado em uma disciplina, seja optativa ou obrigat\u00f3ria, caso tenha bolsa de estudos (CNPq, CAPES ou outra ag\u00eancia), perder\u00e1 esta concess\u00e3o.<\/span><\/li>\n<\/ul>\n<ul style=\"text-align: left;\">\n<li><span style=\"color: #000000;\">5\u00ba O aluno reprovado duas vezes, seja na mesma disciplina ou em disciplinas diferentes (optativa ou obrigat\u00f3ria), ser\u00e1 desligado do programa.<\/span><\/li>\n<\/ul>\n<p style=\"text-align: left;\"><span style=\"color: #000000;\">Art. 31. Os exames de l\u00edngua estrangeira poder\u00e3o ser realizados pelo colegiado, garantida a presen\u00e7a de um docente do Departamento de L\u00ednguas e\/ou por institui\u00e7\u00f5es espec\u00edficas que realizam exames de profici\u00eancia a crit\u00e9rio do Colegiado do Programa.<\/span><\/p>\n<p style=\"text-align: left;\"><span style=\"color: #3366ff;\"><strong>PROCEDIMENTOS PARA QUALIFICA\u00c7\u00c3O E DEFESA<\/strong><\/span><\/p>\n<p style=\"text-align: left;\"><span style=\"color: #000000;\">Para que o discente possa defender seu projeto de Qualifica\u00e7\u00e3o e sua disserta\u00e7\u00e3o \u00e9 necess\u00e1ria a solicita\u00e7\u00e3o ao colegiado do programa a aprova\u00e7\u00e3o da sua banca de qualifica\u00e7\u00e3o e defesa. Ap\u00f3s aprovado pelo colegiado a banca de Qualifica\u00e7\u00e3o ou de Disserta\u00e7\u00e3o, o discente dever\u00e1 redigir a ata de defesa de Qualifica\u00e7\u00e3o e Disserta\u00e7\u00e3o e entregar na secret\u00e1ria do programa para seu arquivamento no livro de atas. Seguem os modelos abaixo de solicita\u00e7\u00e3o de aprova\u00e7\u00e3o de banca e ata de defesa (qualifica\u00e7\u00e3o e disserta\u00e7\u00e3o).<\/span><\/p>\n<p style=\"text-align: left;\"><span style=\"color: #3366ff;\"><strong>DOCUMENTA\u00c7\u00d5ES NECESS\u00c1RIAS PARA EMISS\u00c3O DO DIPLOMA<\/strong><\/span><\/p>\n<p style=\"text-align: left;\"><span style=\"color: #000000;\">Documentos que o <strong>discente<\/strong> dever\u00e1 entregar a Coordena\u00e7\u00e3o do PPGNEC para solicitar a homologa\u00e7\u00e3o da defesa e encaminhamento da expedi\u00e7\u00e3o do diploma:<\/span><\/p>\n<p style=\"text-align: left;\"><span style=\"color: #000000;\">1) O relat\u00f3rio final do orientador, em formul\u00e1rio padr\u00e3o da PRPG, (<strong>a data do relat\u00f3rio dever\u00e1 ser a mesma data da defesa do aluno ou posterior ).<\/strong><\/span><\/p>\n<p style=\"text-align: left;\"><span style=\"color: #000000;\">2) ata da sess\u00e3o p\u00fablica de defesa do trabalho final; (<strong>ORIGINAL e C\u00d3PIA<\/strong>)<\/span><\/p>\n<p style=\"text-align: left;\"><span style=\"color: #000000;\">3) declara\u00e7\u00e3o expedida pelo sistema de bibliotecas da UFPB de dep\u00f3sito de um <strong>exemplar impresso<\/strong> do trabalho na <strong>vers\u00e3o final<\/strong> e de sua c\u00f3pia em m\u00eddia digital.<\/span><\/p>\n<p style=\"text-align: left;\"><span style=\"color: #000000;\">4) Declara\u00e7\u00e3o de encerramento de v\u00ednculo (biblioteca central)<\/span><\/p>\n<p style=\"text-align: left;\"><span style=\"color: #000000;\">5) Ficha Catalogr\u00e1fica<\/span><\/p>\n<p style=\"text-align: left;\"><span style=\"color: #000000;\">6) c\u00f3pia leg\u00edvel do diploma de gradua\u00e7\u00e3o;<\/span><\/p>\n<p style=\"text-align: left;\"><span style=\"color: #000000;\">7) c\u00f3pia leg\u00edvel da <strong>RG<\/strong> e do <strong>CPF<\/strong> <strong>(n\u00e3o ser\u00e1 aceita Carteira de Habilita\u00e7\u00e3o, pois \u00e9 necess\u00e1rio constar a naturalidade do discente)<\/strong><\/span><\/p>\n<p style=\"text-align: left;\"><span style=\"color: #000000;\">8) documento comprobat\u00f3rio em caso de altera\u00e7\u00e3o do nome.<\/span><\/p>\n<p style=\"text-align: left;\"><span style=\"color: #000000;\">9) declara\u00e7\u00e3o de quita\u00e7\u00e3o com a CODISMA<\/span><\/p>\n<p style=\"text-align: left;\"><span style=\"color: #000000;\">10) C\u00f3pia das atas de qualifica\u00e7\u00e3o e defesa (<strong>caso ainda n\u00e3o tenha entregue<\/strong>)<\/span><\/p>\n<p><strong>\u00a0<\/strong><\/p>\n","protected":false},"excerpt":{"rendered":"<p>Estrutura Curricular O curso de Mestrado do PPGNeC\/UFPB compreende um conjunto de disciplinas obrigat\u00f3rias e optativas que s\u00e3o oferecidas em regime semestral. As disciplinas s\u00e3o ministradas pelos professores do Programa, e outras, com a colabora\u00e7\u00e3o de professores convidados, podem vir a ser oferecidas. Os alunos do mestrado dever\u00e3o cursar 10 creditos em disciplinas obrigat\u00f3rias (Quadro &#8230; <a title=\"Estrutura Acad\u00eamica\" class=\"read-more\" href=\"https:\/\/www.cchla.ufpb.br\/ppgnec\/estrutura-academica\/\" aria-label=\"More on Estrutura Acad\u00eamica\">Ler mais<\/a><\/p>\n","protected":false},"author":13,"featured_media":0,"parent":0,"menu_order":0,"comment_status":"closed","ping_status":"closed","template":"","meta":[],"_links":{"self":[{"href":"https:\/\/www.cchla.ufpb.br\/ppgnec\/wp-json\/wp\/v2\/pages\/163"}],"collection":[{"href":"https:\/\/www.cchla.ufpb.br\/ppgnec\/wp-json\/wp\/v2\/pages"}],"about":[{"href":"https:\/\/www.cchla.ufpb.br\/ppgnec\/wp-json\/wp\/v2\/types\/page"}],"author":[{"embeddable":true,"href":"https:\/\/www.cchla.ufpb.br\/ppgnec\/wp-json\/wp\/v2\/users\/13"}],"replies":[{"embeddable":true,"href":"https:\/\/www.cchla.ufpb.br\/ppgnec\/wp-json\/wp\/v2\/comments?post=163"}],"version-history":[{"count":15,"href":"https:\/\/www.cchla.ufpb.br\/ppgnec\/wp-json\/wp\/v2\/pages\/163\/revisions"}],"predecessor-version":[{"id":4097,"href":"https:\/\/www.cchla.ufpb.br\/ppgnec\/wp-json\/wp\/v2\/pages\/163\/revisions\/4097"}],"wp:attachment":[{"href":"https:\/\/www.cchla.ufpb.br\/ppgnec\/wp-json\/wp\/v2\/media?parent=163"}],"curies":[{"name":"wp","href":"https:\/\/api.w.org\/{rel}","templated":true}]}}