{"id":2404,"date":"2021-03-04T20:20:50","date_gmt":"2021-03-04T20:20:50","guid":{"rendered":"http:\/\/www.cchla.ufpb.br\/ppgnec\/?page_id=2404"},"modified":"2024-07-03T18:58:04","modified_gmt":"2024-07-03T18:58:04","slug":"laboratorio-de-neurociencia-social","status":"publish","type":"page","link":"https:\/\/www.cchla.ufpb.br\/ppgnec\/laboratorio-de-neurociencia-social\/","title":{"rendered":"Laborat\u00f3rio de Neuroci\u00eancia Social"},"content":{"rendered":"\n<p>Laborat\u00f3rio multiusu\u00e1rio compartilhado por docentes e alunos do Programa de P\u00f3s-gradua\u00e7\u00e3o em Neuroci\u00eancia Cognitiva e Comportamento e do Programa P\u00f3s-gradua\u00e7\u00e3o em Psicologia Social do Centro de Ci\u00eancias Humanas, Letras e Artes (CCHLA) da UFPB.  O LNS \u00e9 o primeiro laborat\u00f3rio no campo das ci\u00eancias sociais e humanas na Regi\u00e3o Nordeste planejado para integrar as \u00e1reas da Psicologia Social e das Neuroci\u00eancias Sociais e Cognitivas na realiza\u00e7\u00e3o de pesquisas b\u00e1sicas e aplicadas. O seu objetivo \u00e9 desenvolver pesquisas em todos os campos de aplica\u00e7\u00e3o destas disciplinas, servindo como refer\u00eancia na realiza\u00e7\u00e3o de estudos inovadores e no suporte \u00e0 internacionaliza\u00e7\u00e3o da produ\u00e7\u00e3o cient\u00edfica do PPGNEC. <\/p>\n\n\n\n<p><strong>Link do Laborat\u00f3rio de Neuroci\u00eancia Social<\/strong><\/p>\n\n\n\n<p><a href=\"https:\/\/labneurosocial.com\/\">Laborat\u00f3rio de Neuroci\u00eancia Social &#8211; Pesquisas em Neuroci\u00eancia na UFPB | Laborat\u00f3rio de Neuroci\u00eancia Social (labneurosocial.com)<\/a><\/p>\n\n\n\n<p><strong>Agenda\npara reserva dos equipamentos<\/strong><\/p>\n\n\n\n<p><a href=\"https:\/\/calendar.google.com\/calendar\/u\/1?cid=MXRsbGlmcWdobjM3c2RraGhtOHQ3MXJibzBAZ3JvdXAuY2FsZW5kYXIuZ29vZ2xlLmNvbQ\" target=\"_blank\" rel=\"noreferrer noopener\" aria-label=\" (abre numa nova aba)\">https:\/\/calendar.google.com\/calendar\/u\/1?cid=MXRsbGlmcWdobjM3c2RraGhtOHQ3MXJibzBAZ3JvdXAuY2FsZW5kYXIuZ29vZ2xlLmNvbQ<\/a><\/p>\n\n\n\n<p><strong>Descri\u00e7\u00e3o na Plataforma Nacional de Infraestrutura de Pesquisa do\nMCTI<\/strong><\/p>\n\n\n\n<p><a href=\"https:\/\/pnipe.mctic.gov.br\/laboratory\/335\" target=\"_blank\" rel=\"noreferrer noopener\" aria-label=\" (abre numa nova aba)\">https:\/\/pnipe.mctic.gov.br\/laboratory\/335<\/a><\/p>\n\n\n\n<p><strong>Termo de solicita\u00e7\u00e3o de autoriza\u00e7\u00e3o para retomada\nde atividades laboratoriais de pesquisa\ndurante pandemia<\/strong><\/p>\n\n\n\n<ul><li>C<a href=\"https:\/\/sig-arq.ufpb.br\/arquivos\/20212540091989295855854f87d460ecf\/Plano_de_retorno_-_Laboratrio_de_Neurocincia_Social_-_UFPB.pdf\" target=\"_blank\" rel=\"noreferrer noopener\" aria-label=\" (abre numa nova aba)\">https:\/\/sig-arq.ufpb.br\/arquivos\/20212540091989295855854f87d460ecf\/Plano_de_retorno_-_Laboratrio_de_Neurocincia_Social_-_UFPB.pdf<\/a><\/li><\/ul>\n\n\n\n<p><strong>Estudos realizados<\/strong><\/p>\n\n\n\n<p><a href=\"https:\/\/www.ufpb.br\/ufpb\/contents\/noticias\/pesquisa-da-ufpb-testa-tratamento-para-transtorno-de-ansiedade-social\" target=\"_blank\" rel=\"noreferrer noopener\" aria-label=\" (abre numa nova aba)\">https:\/\/www.ufpb.br\/ufpb\/contents\/noticias\/pesquisa-da-ufpb-testa-tratamento-para-transtorno-de-ansiedade-social<\/a><\/p>\n\n\n\n<p><a href=\"https:\/\/g1.globo.com\/pb\/paraiba\/noticia\/2020\/01\/25\/tratamento-gratuito-melhora-qualidade-de-vida-de-pessoas-com-alzheimer-em-estagio-leve-na-pb.ghtml\" target=\"_blank\" rel=\"noreferrer noopener\" aria-label=\" (abre numa nova aba)\">https:\/\/g1.globo.com\/pb\/paraiba\/noticia\/2020\/01\/25\/tratamento-gratuito-melhora-qualidade-de-vida-de-pessoas-com-alzheimer-em-estagio-leve-na-pb.ghtml<\/a><\/p>\n\n\n\n<figure class=\"wp-block-embed-wordpress wp-block-embed is-type-wp-embed is-provider-portal-tech-4-health\"><div class=\"wp-block-embed__wrapper\">\n<blockquote class=\"wp-embedded-content\" data-secret=\"LG6RVfkMPJ\"><a href=\"https:\/\/www.t4h.com.br\/noticias\/pesquisa-da-ufpb-testa-tratamento-para-transtorno-de-ansiedade-social\/\">Pesquisa da UFPB testa tratamento para transtorno de ansiedade social<\/a><\/blockquote><iframe class=\"wp-embedded-content\" sandbox=\"allow-scripts\" security=\"restricted\" style=\"position: absolute; clip: rect(1px, 1px, 1px, 1px);\" title=\"&#8220;Pesquisa da UFPB testa tratamento para transtorno de ansiedade social&#8221; &#8212; tech4health t4h | Sa\u00fade e Tecnologias\" src=\"https:\/\/www.t4h.com.br\/noticias\/pesquisa-da-ufpb-testa-tratamento-para-transtorno-de-ansiedade-social\/embed\/#?secret=5QTfPw0wIR#?secret=LG6RVfkMPJ\" data-secret=\"LG6RVfkMPJ\" width=\"600\" height=\"338\" frameborder=\"0\" marginwidth=\"0\" marginheight=\"0\" scrolling=\"no\"><\/iframe>\n<\/div><\/figure>\n\n\n\n<p><a href=\"https:\/\/paraiba.pb.gov.br\/noticias\/rede-cuidar-participa-de-pesquisa-que-identifica-estimulo-cerebral-em-criancas-com-microcefalia\" target=\"_blank\" rel=\"noreferrer noopener\" aria-label=\" (abre numa nova aba)\">https:\/\/paraiba.pb.gov.br\/noticias\/rede-cuidar-participa-de-pesquisa-que-identifica-estimulo-cerebral-em-criancas-com-microcefalia<\/a><\/p>\n\n\n\n<p><strong>Publica\u00e7\u00f5es recentes <\/strong><\/p>\n\n\n\n<p>de Melo GA, Madruga MLLH, Torro N.\nElectroencephalographic Evaluation in Fibromyalgia: A Systematic Review. Clinical\nEEG Neuroscience. 2021 Mar 17:1550059421997128. doi: 10.1177\/1550059421997128.\nPMID: 33729025.<\/p>\n\n\n\n<p>Rafaela Martins-Rodrigues, \u00c9gina Karoline Gon\u00e7alves da\nFons\u00eaca, Silvia Sanaly Lucena-Alves, Israel Contador, Luigi Trojano, Dario\nGrossi, Bernardino Fern\u00e1ndez-Calvo, Clinical Utility of Two- and\nThree-Dimensional Visuoconstructional Tasks in Mild Cognitive Impairment and\nEarly Alzheimer&#8217;s Disease., Archives of Clinical Neuropsychology, Volume 36,\nIssue 2, March 2021, Pages 177\u2013185, https:\/\/doi.org\/10.1093\/arclin\/acz046<\/p>\n\n\n\n<p>Herrero P, Contador I, Stern Y, Fern\u00e1ndez-Calvo B,\nS\u00e1nchez A, Ramos F. (2020). Influence of\ncognitive reserve in schizophrenia: A systematic review. Neuroscience Biobehavioral\nReviews. Jan;108:149-159. doi: 10.1016\/j.neubiorev.2019.10.019. Epub 2019 Nov\n2. PMID: 31689453<\/p>\n\n\n\n<p>Joenilton Saturnino\nCaz\u00e9 Da Silva, Fl\u00e1vio Freitas Barbosa, \u00c9gina Karoline Gon\u00e7alves Da Fons\u00eaca,\nFab\u00edola Da Silva Albuquerque, Lucy G. Cheke &amp; Bernardino Fern\u00e1ndez-Calvo\n(2020) Load effect on what-where-when memory in younger and older adults,\nAging, Neuropsychology, and Cognition, 27:6, 841-853, DOI:\n10.1080\/13825585.2019.1700207<\/p>\n\n\n\n<p>Cyntia Di\u00f3genes\nFerreira, Maria Jos\u00e9 Nunes Gadelha, \u00c9gina Karoline Gon\u00e7alves da Fons\u00eaca,\nJoenilton Saturnino Caz\u00e9 da Silva, Nelson Torro &amp; Bernardino\nFern\u00e1ndez-Calvo (2021) Long-term memory of haptic and visual information in\nolder adults, Aging, Neuropsychology, and Cognition, 28:1, 65-77, DOI:\n10.1080\/13825585.2019.1710450<\/p>\n\n\n\n<p>Melo, G. A., Oliveira, E. A., Andrade, S. M. M. S.,\nFern\u00e1ndez-Calvo, B., Torro, N. Comparison of two tDCS protocols on pain and EEG\nalpha-2 oscillations in women with fibromyalgia. Scientific Reports (Nature), <strong>10,&nbsp;<\/strong>18955 (2020).<\/p>\n\n\n\n<p>Souza, D. S. et al. (2020). Transcranial\ndirect current stimulation improves tinnitus perception and modulates cortical\nelectrical activity in patients with tinnitus: a randomized clinical trial. Neurophysiologie\nClinique, 1-12.<\/p>\n\n\n\n<p>Melo, G. A.,\nde Oliveira, E. A., dos Santos Andrade, S. M. M., &amp; Torro, N. (2020). Neuromodulation complementary to physiotherapy in\nfibromyalgia and its electroencephalographic correlates: a randomized clinical\ntrial protocol. Research, Society and\nDevelopment, 9(9), 1-16. <\/p>\n\n\n\n<p>Alves, N. T., Melo, G. A., Marinho, J. S., Madruga, M.\nL. L. H., Andrade, S. M., Oliveira, E. A. Effects of transcranial direct\ncurrent stimulation on frontal alpha2 oscillations in women with fibromyalgia.\n(2019). International Neuropsychological Society, 145-146. <\/p>\n\n\n\n<p>de Almeida\nRodrigues ET, da Silva Machado DG, Leon de Mendon\u00e7a CTP, da Rocha Souto C, Ries\nA, Torro N, de Souza IC, Fern\u00e1ndez-Calvo B, Andrade SM. Multisite transcranial direct current stimulation in\ntwo patients with Alzheimer&#8217;s disease: A 10-month follow-up study. -Clinical\nNeurophysiology. 2020 Oct;50(5):393-395. <\/p>\n\n\n\n<p>Andrade SM, Alves NT, and Fern\u00e1ndez-Calvo B (2018)\nNeurostimulation Combined With Cognitive Intervention in Alzheimer\u2019s Disease\n(NeuroAD): Study Protocol of Double-Blind, Randomized, Factorial Clinical Trial.\nFrontier in Aging Neuroscience. 10:334. doi: 10.3389\/fnagi.2018.00334<\/p>\n","protected":false},"excerpt":{"rendered":"<p>Laborat\u00f3rio multiusu\u00e1rio compartilhado por docentes e alunos do Programa de P\u00f3s-gradua\u00e7\u00e3o em Neuroci\u00eancia Cognitiva e Comportamento e do Programa P\u00f3s-gradua\u00e7\u00e3o em Psicologia Social do Centro de Ci\u00eancias Humanas, Letras e Artes (CCHLA) da UFPB. O LNS \u00e9 o primeiro laborat\u00f3rio no campo das ci\u00eancias sociais e humanas na Regi\u00e3o Nordeste planejado para integrar as \u00e1reas &#8230; <a title=\"Laborat\u00f3rio de Neuroci\u00eancia Social\" class=\"read-more\" href=\"https:\/\/www.cchla.ufpb.br\/ppgnec\/laboratorio-de-neurociencia-social\/\" aria-label=\"More on Laborat\u00f3rio de Neuroci\u00eancia Social\">Ler mais<\/a><\/p>\n","protected":false},"author":13,"featured_media":0,"parent":0,"menu_order":0,"comment_status":"closed","ping_status":"closed","template":"","meta":[],"_links":{"self":[{"href":"https:\/\/www.cchla.ufpb.br\/ppgnec\/wp-json\/wp\/v2\/pages\/2404"}],"collection":[{"href":"https:\/\/www.cchla.ufpb.br\/ppgnec\/wp-json\/wp\/v2\/pages"}],"about":[{"href":"https:\/\/www.cchla.ufpb.br\/ppgnec\/wp-json\/wp\/v2\/types\/page"}],"author":[{"embeddable":true,"href":"https:\/\/www.cchla.ufpb.br\/ppgnec\/wp-json\/wp\/v2\/users\/13"}],"replies":[{"embeddable":true,"href":"https:\/\/www.cchla.ufpb.br\/ppgnec\/wp-json\/wp\/v2\/comments?post=2404"}],"version-history":[{"count":4,"href":"https:\/\/www.cchla.ufpb.br\/ppgnec\/wp-json\/wp\/v2\/pages\/2404\/revisions"}],"predecessor-version":[{"id":3510,"href":"https:\/\/www.cchla.ufpb.br\/ppgnec\/wp-json\/wp\/v2\/pages\/2404\/revisions\/3510"}],"wp:attachment":[{"href":"https:\/\/www.cchla.ufpb.br\/ppgnec\/wp-json\/wp\/v2\/media?parent=2404"}],"curies":[{"name":"wp","href":"https:\/\/api.w.org\/{rel}","templated":true}]}}