{"id":642,"date":"2022-05-03T07:49:34","date_gmt":"2022-05-03T10:49:34","guid":{"rendered":"http:\/\/www.cchla.ufpb.br\/proling3\/?page_id=642"},"modified":"2022-05-03T07:53:38","modified_gmt":"2022-05-03T10:53:38","slug":"noticias","status":"publish","type":"page","link":"https:\/\/www.cchla.ufpb.br\/proling\/noticias\/","title":{"rendered":"Not\u00edcias"},"content":{"rendered":"<style>.wp-show-posts-columns#wpsp-641 {margin-left: -2em; }.wp-show-posts-columns#wpsp-641 .wp-show-posts-inner {margin: 0 0 2em 2em; }<\/style><section id=\"wpsp-641\" class=\" wp-show-posts-columns wp-show-posts\" style=\"\"><article class=\" wp-show-posts-single post-2673 post type-post status-publish format-standard has-post-thumbnail hentry category-destaques category-selecao-proling-2026 wpsp-col-4\" itemtype=\"http:\/\/schema.org\/CreativeWork\" itemscope><div class=\"wp-show-posts-inner\" style=\"\">\t\t<div class=\"wp-show-posts-image  wpsp-image-center \">\n\t\t\t<a href=\"https:\/\/www.cchla.ufpb.br\/proling\/destaques\/processo-seletivo-2026-mestrado-e-doutorado-academicos\/\"  title=\"Processo Seletivo 2026 &#8211; Mestrado e Doutorado Acad\u00eamicos\"><img loading=\"lazy\" decoding=\"async\" width=\"1080\" height=\"1080\" src=\"https:\/\/www.cchla.ufpb.br\/proling\/wp-content\/uploads\/2026\/01\/1Selecao2026.png\" class=\"attachment-full size-full wp-post-image\" alt=\"\" itemprop=\"image\" srcset=\"https:\/\/www.cchla.ufpb.br\/proling\/wp-content\/uploads\/2026\/01\/1Selecao2026.png 1080w, https:\/\/www.cchla.ufpb.br\/proling\/wp-content\/uploads\/2026\/01\/1Selecao2026-300x300.png 300w, https:\/\/www.cchla.ufpb.br\/proling\/wp-content\/uploads\/2026\/01\/1Selecao2026-1024x1024.png 1024w, https:\/\/www.cchla.ufpb.br\/proling\/wp-content\/uploads\/2026\/01\/1Selecao2026-150x150.png 150w, https:\/\/www.cchla.ufpb.br\/proling\/wp-content\/uploads\/2026\/01\/1Selecao2026-768x768.png 768w\" sizes=\"auto, (max-width: 1080px) 100vw, 1080px\" \/><\/a>\t\t<\/div>\n\t\t\t\t\t\t\t\t<header class=\"wp-show-posts-entry-header\">\n\t\t\t\t\t\t\t<h4 class=\"wp-show-posts-entry-title\" itemprop=\"headline\"><a href=\"https:\/\/www.cchla.ufpb.br\/proling\/destaques\/processo-seletivo-2026-mestrado-e-doutorado-academicos\/\" rel=\"bookmark\">Processo Seletivo 2026 &#8211; Mestrado e Doutorado Acad\u00eamicos<\/a><\/h4><div class=\"wp-show-posts-entry-meta wp-show-posts-entry-meta-below-title post-meta-inline\"><span class=\"wp-show-posts-posted-on wp-show-posts-meta\">\n\t\t\t\t\t<a href=\"https:\/\/www.cchla.ufpb.br\/proling\/destaques\/processo-seletivo-2026-mestrado-e-doutorado-academicos\/\" title=\"16:24\" rel=\"bookmark\"><time class=\"wp-show-posts-entry-date published\" datetime=\"2026-04-17T16:24:37-03:00\" itemprop=\"datePublished\">17 de abril de 2026<\/time><time class=\"wp-show-posts-updated\" datetime=\"2026-04-29T21:05:47-03:00\" itemprop=\"dateModified\">29 de abril de 2026<\/time><\/a>\n\t\t\t\t<\/span><\/div>\t\t\t\t\t\t<\/header><!-- .entry-header -->\n\t\t\t\t\t\t\t\t\t\t\t<div class=\"wp-show-posts-entry-summary\" itemprop=\"text\">\n\t\t\t\t\t\t\t<p>Resumo informativo sobre o Edital 01\/2026 do Processo Seletivo para&#8230;<\/p>\n\t\t\t\t\t\t<\/div><!-- .entry-summary -->\n\t\t\t\t\t<div class=\"wpsp-read-more\"><a title=\"Processo Seletivo 2026 &#8211; Mestrado e Doutorado Acad\u00eamicos\" class=\"wp-show-posts-read-more\" href=\"https:\/\/www.cchla.ufpb.br\/proling\/destaques\/processo-seletivo-2026-mestrado-e-doutorado-academicos\/\">Leia +<\/a><\/div><\/div><!-- wp-show-posts-inner --><\/article><article class=\" wp-show-posts-single post-2740 post type-post status-publish format-standard has-post-thumbnail hentry category-credenciamento-docente category-destaques category-noticia wpsp-col-4\" itemtype=\"http:\/\/schema.org\/CreativeWork\" itemscope><div class=\"wp-show-posts-inner\" style=\"\">\t\t<div class=\"wp-show-posts-image  wpsp-image-center \">\n\t\t\t<a href=\"https:\/\/www.cchla.ufpb.br\/proling\/noticia\/processo-seletivo-simplificado-professor-visitante-2026\/\"  title=\"Processo Seletivo Simplificado Professor Visitante 2026\"><img loading=\"lazy\" decoding=\"async\" width=\"1424\" height=\"1400\" src=\"https:\/\/www.cchla.ufpb.br\/proling\/wp-content\/uploads\/2026\/04\/Screenshot-2026-04-20-at-12.37.18.png\" class=\"attachment-full size-full wp-post-image\" alt=\"professor visitante\" itemprop=\"image\" srcset=\"https:\/\/www.cchla.ufpb.br\/proling\/wp-content\/uploads\/2026\/04\/Screenshot-2026-04-20-at-12.37.18.png 1424w, https:\/\/www.cchla.ufpb.br\/proling\/wp-content\/uploads\/2026\/04\/Screenshot-2026-04-20-at-12.37.18-300x295.png 300w, https:\/\/www.cchla.ufpb.br\/proling\/wp-content\/uploads\/2026\/04\/Screenshot-2026-04-20-at-12.37.18-1024x1007.png 1024w, https:\/\/www.cchla.ufpb.br\/proling\/wp-content\/uploads\/2026\/04\/Screenshot-2026-04-20-at-12.37.18-768x755.png 768w\" sizes=\"auto, (max-width: 1424px) 100vw, 1424px\" \/><\/a>\t\t<\/div>\n\t\t\t\t\t\t\t\t<header class=\"wp-show-posts-entry-header\">\n\t\t\t\t\t\t\t<h4 class=\"wp-show-posts-entry-title\" itemprop=\"headline\"><a href=\"https:\/\/www.cchla.ufpb.br\/proling\/noticia\/processo-seletivo-simplificado-professor-visitante-2026\/\" rel=\"bookmark\">Processo Seletivo Simplificado Professor Visitante 2026<\/a><\/h4><div class=\"wp-show-posts-entry-meta wp-show-posts-entry-meta-below-title post-meta-inline\"><span class=\"wp-show-posts-posted-on wp-show-posts-meta\">\n\t\t\t\t\t<a href=\"https:\/\/www.cchla.ufpb.br\/proling\/noticia\/processo-seletivo-simplificado-professor-visitante-2026\/\" title=\"16:54\" rel=\"bookmark\"><time class=\"wp-show-posts-entry-date published\" datetime=\"2026-04-13T16:54:39-03:00\" itemprop=\"datePublished\">13 de abril de 2026<\/time><time class=\"wp-show-posts-updated\" datetime=\"2026-04-28T21:10:56-03:00\" itemprop=\"dateModified\">28 de abril de 2026<\/time><\/a>\n\t\t\t\t<\/span><\/div>\t\t\t\t\t\t<\/header><!-- .entry-header -->\n\t\t\t\t\t\t\t\t\t\t\t<div class=\"wp-show-posts-entry-summary\" itemprop=\"text\">\n\t\t\t\t\t\t\t<p>Encontram-se abertas, no per\u00edodo de 10 a 27 de abril&#8230;<\/p>\n\t\t\t\t\t\t<\/div><!-- .entry-summary -->\n\t\t\t\t\t<div class=\"wpsp-read-more\"><a title=\"Processo Seletivo Simplificado Professor Visitante 2026\" class=\"wp-show-posts-read-more\" href=\"https:\/\/www.cchla.ufpb.br\/proling\/noticia\/processo-seletivo-simplificado-professor-visitante-2026\/\">Leia +<\/a><\/div><\/div><!-- wp-show-posts-inner --><\/article><article class=\" wp-show-posts-single post-2697 post type-post status-publish format-standard has-post-thumbnail hentry category-destaques category-noticia category-pos-doutorado wpsp-col-4\" itemtype=\"http:\/\/schema.org\/CreativeWork\" itemscope><div class=\"wp-show-posts-inner\" style=\"\">\t\t<div class=\"wp-show-posts-image  wpsp-image-center \">\n\t\t\t<a href=\"https:\/\/www.cchla.ufpb.br\/proling\/noticia\/edital-04-2026-processo-seletivo-de-candidatos-a-bolsa-de-pos-doutorado\/\"  title=\"EDITAL 04\/2026 &#8211; Processo Seletivo de Candidatos a Bolsa de P\u00f3s-Doutorado\"><img loading=\"lazy\" decoding=\"async\" width=\"1080\" height=\"1080\" src=\"https:\/\/www.cchla.ufpb.br\/proling\/wp-content\/uploads\/2026\/02\/posdoc.png\" class=\"attachment-full size-full wp-post-image\" alt=\"\" itemprop=\"image\" srcset=\"https:\/\/www.cchla.ufpb.br\/proling\/wp-content\/uploads\/2026\/02\/posdoc.png 1080w, https:\/\/www.cchla.ufpb.br\/proling\/wp-content\/uploads\/2026\/02\/posdoc-300x300.png 300w, https:\/\/www.cchla.ufpb.br\/proling\/wp-content\/uploads\/2026\/02\/posdoc-1024x1024.png 1024w, https:\/\/www.cchla.ufpb.br\/proling\/wp-content\/uploads\/2026\/02\/posdoc-150x150.png 150w, https:\/\/www.cchla.ufpb.br\/proling\/wp-content\/uploads\/2026\/02\/posdoc-768x768.png 768w\" sizes=\"auto, (max-width: 1080px) 100vw, 1080px\" \/><\/a>\t\t<\/div>\n\t\t\t\t\t\t\t\t<header class=\"wp-show-posts-entry-header\">\n\t\t\t\t\t\t\t<h4 class=\"wp-show-posts-entry-title\" itemprop=\"headline\"><a href=\"https:\/\/www.cchla.ufpb.br\/proling\/noticia\/edital-04-2026-processo-seletivo-de-candidatos-a-bolsa-de-pos-doutorado\/\" rel=\"bookmark\">EDITAL 04\/2026 &#8211; Processo Seletivo de Candidatos a Bolsa de P\u00f3s-Doutorado<\/a><\/h4><div class=\"wp-show-posts-entry-meta wp-show-posts-entry-meta-below-title post-meta-inline\"><span class=\"wp-show-posts-posted-on wp-show-posts-meta\">\n\t\t\t\t\t<a href=\"https:\/\/www.cchla.ufpb.br\/proling\/noticia\/edital-04-2026-processo-seletivo-de-candidatos-a-bolsa-de-pos-doutorado\/\" title=\"16:26\" rel=\"bookmark\"><time class=\"wp-show-posts-entry-date published\" datetime=\"2026-02-04T16:26:52-03:00\" itemprop=\"datePublished\">4 de fevereiro de 2026<\/time><time class=\"wp-show-posts-updated\" datetime=\"2026-03-02T17:55:41-03:00\" itemprop=\"dateModified\">2 de mar\u00e7o de 2026<\/time><\/a>\n\t\t\t\t<\/span><\/div>\t\t\t\t\t\t<\/header><!-- .entry-header -->\n\t\t\t\t\t\t\t\t\t\t\t<div class=\"wp-show-posts-entry-summary\" itemprop=\"text\">\n\t\t\t\t\t\t\t<p>O Programa de P\u00f3s-Gradua\u00e7\u00e3o em Lingu\u00edstica (PROLING) da Universidade Federal&#8230;<\/p>\n\t\t\t\t\t\t<\/div><!-- .entry-summary -->\n\t\t\t\t\t<div class=\"wpsp-read-more\"><a title=\"EDITAL 04\/2026 &#8211; Processo Seletivo de Candidatos a Bolsa de P\u00f3s-Doutorado\" class=\"wp-show-posts-read-more\" href=\"https:\/\/www.cchla.ufpb.br\/proling\/noticia\/edital-04-2026-processo-seletivo-de-candidatos-a-bolsa-de-pos-doutorado\/\">Leia +<\/a><\/div><\/div><!-- wp-show-posts-inner --><\/article><article class=\" wp-show-posts-single post-2690 post type-post status-publish format-standard has-post-thumbnail hentry category-bolsas category-noticia wpsp-col-4\" itemtype=\"http:\/\/schema.org\/CreativeWork\" itemscope><div class=\"wp-show-posts-inner\" style=\"\">\t\t<div class=\"wp-show-posts-image  wpsp-image-center \">\n\t\t\t<a href=\"https:\/\/www.cchla.ufpb.br\/proling\/noticia\/edital-03-2026\/\"  title=\"EDITAL 03\/2026 &#8211; Convoca\u00e7\u00e3o de candidatos classificados no Processo Seletivo 2025 para bolsa de estudo FAPESQ\"><img loading=\"lazy\" decoding=\"async\" width=\"1080\" height=\"1080\" src=\"https:\/\/www.cchla.ufpb.br\/proling\/wp-content\/uploads\/2026\/02\/bolsa.png\" class=\"attachment-full size-full wp-post-image\" alt=\"\" itemprop=\"image\" srcset=\"https:\/\/www.cchla.ufpb.br\/proling\/wp-content\/uploads\/2026\/02\/bolsa.png 1080w, https:\/\/www.cchla.ufpb.br\/proling\/wp-content\/uploads\/2026\/02\/bolsa-300x300.png 300w, https:\/\/www.cchla.ufpb.br\/proling\/wp-content\/uploads\/2026\/02\/bolsa-1024x1024.png 1024w, https:\/\/www.cchla.ufpb.br\/proling\/wp-content\/uploads\/2026\/02\/bolsa-150x150.png 150w, https:\/\/www.cchla.ufpb.br\/proling\/wp-content\/uploads\/2026\/02\/bolsa-768x768.png 768w\" sizes=\"auto, (max-width: 1080px) 100vw, 1080px\" \/><\/a>\t\t<\/div>\n\t\t\t\t\t\t\t\t<header class=\"wp-show-posts-entry-header\">\n\t\t\t\t\t\t\t<h4 class=\"wp-show-posts-entry-title\" itemprop=\"headline\"><a href=\"https:\/\/www.cchla.ufpb.br\/proling\/noticia\/edital-03-2026\/\" rel=\"bookmark\">EDITAL 03\/2026 &#8211; Convoca\u00e7\u00e3o de candidatos classificados no Processo Seletivo 2025 para bolsa de estudo FAPESQ<\/a><\/h4><div class=\"wp-show-posts-entry-meta wp-show-posts-entry-meta-below-title post-meta-inline\"><span class=\"wp-show-posts-posted-on wp-show-posts-meta\">\n\t\t\t\t\t<a href=\"https:\/\/www.cchla.ufpb.br\/proling\/noticia\/edital-03-2026\/\" title=\"16:19\" rel=\"bookmark\"><time class=\"wp-show-posts-entry-date published\" datetime=\"2026-02-04T16:19:00-03:00\" itemprop=\"datePublished\">4 de fevereiro de 2026<\/time><time class=\"wp-show-posts-updated\" datetime=\"2026-02-20T17:42:01-03:00\" itemprop=\"dateModified\">20 de fevereiro de 2026<\/time><\/a>\n\t\t\t\t<\/span><\/div>\t\t\t\t\t\t<\/header><!-- .entry-header -->\n\t\t\t\t\t\t\t\t\t\t\t<div class=\"wp-show-posts-entry-summary\" itemprop=\"text\">\n\t\t\t\t\t\t\t<p>O COORDENADOR do Programa de P\u00f3s-Gradua\u00e7\u00e3o em Lingu\u00edstica da UFPB,&#8230;<\/p>\n\t\t\t\t\t\t<\/div><!-- .entry-summary -->\n\t\t\t\t\t<div class=\"wpsp-read-more\"><a title=\"EDITAL 03\/2026 &#8211; Convoca\u00e7\u00e3o de candidatos classificados no Processo Seletivo 2025 para bolsa de estudo FAPESQ\" class=\"wp-show-posts-read-more\" href=\"https:\/\/www.cchla.ufpb.br\/proling\/noticia\/edital-03-2026\/\">Leia +<\/a><\/div><\/div><!-- wp-show-posts-inner --><\/article><article class=\" wp-show-posts-single post-2685 post type-post status-publish format-standard has-post-thumbnail hentry category-processos-seletivos wpsp-col-4\" itemtype=\"http:\/\/schema.org\/CreativeWork\" itemscope><div class=\"wp-show-posts-inner\" style=\"\">\t\t<div class=\"wp-show-posts-image  wpsp-image-center \">\n\t\t\t<a href=\"https:\/\/www.cchla.ufpb.br\/proling\/processos-seletivos\/edital-02-2026-selecao-simplificada-para-matricula-de-alunosas-especiais-2026-1\/\"  title=\"Edital 02\/2026 &#8211; Sele\u00e7\u00e3o Simplificada para Matr\u00edcula de Alunos(as) Especiais 2026.1\"><img loading=\"lazy\" decoding=\"async\" width=\"1080\" height=\"1080\" src=\"https:\/\/www.cchla.ufpb.br\/proling\/wp-content\/uploads\/2026\/01\/proling.png\" class=\"attachment-full size-full wp-post-image\" alt=\"\" itemprop=\"image\" srcset=\"https:\/\/www.cchla.ufpb.br\/proling\/wp-content\/uploads\/2026\/01\/proling.png 1080w, https:\/\/www.cchla.ufpb.br\/proling\/wp-content\/uploads\/2026\/01\/proling-300x300.png 300w, https:\/\/www.cchla.ufpb.br\/proling\/wp-content\/uploads\/2026\/01\/proling-1024x1024.png 1024w, https:\/\/www.cchla.ufpb.br\/proling\/wp-content\/uploads\/2026\/01\/proling-150x150.png 150w, https:\/\/www.cchla.ufpb.br\/proling\/wp-content\/uploads\/2026\/01\/proling-768x768.png 768w\" sizes=\"auto, (max-width: 1080px) 100vw, 1080px\" \/><\/a>\t\t<\/div>\n\t\t\t\t\t\t\t\t<header class=\"wp-show-posts-entry-header\">\n\t\t\t\t\t\t\t<h4 class=\"wp-show-posts-entry-title\" itemprop=\"headline\"><a href=\"https:\/\/www.cchla.ufpb.br\/proling\/processos-seletivos\/edital-02-2026-selecao-simplificada-para-matricula-de-alunosas-especiais-2026-1\/\" rel=\"bookmark\">Edital 02\/2026 &#8211; Sele\u00e7\u00e3o Simplificada para Matr\u00edcula de Alunos(as) Especiais 2026.1<\/a><\/h4><div class=\"wp-show-posts-entry-meta wp-show-posts-entry-meta-below-title post-meta-inline\"><span class=\"wp-show-posts-posted-on wp-show-posts-meta\">\n\t\t\t\t\t<a href=\"https:\/\/www.cchla.ufpb.br\/proling\/processos-seletivos\/edital-02-2026-selecao-simplificada-para-matricula-de-alunosas-especiais-2026-1\/\" title=\"15:08\" rel=\"bookmark\"><time class=\"wp-show-posts-entry-date published\" datetime=\"2026-01-23T15:08:14-03:00\" itemprop=\"datePublished\">23 de janeiro de 2026<\/time><time class=\"wp-show-posts-updated\" datetime=\"2026-04-17T17:41:52-03:00\" itemprop=\"dateModified\">17 de abril de 2026<\/time><\/a>\n\t\t\t\t<\/span><\/div>\t\t\t\t\t\t<\/header><!-- .entry-header -->\n\t\t\t\t\t\t\t\t\t\t\t<div class=\"wp-show-posts-entry-summary\" itemprop=\"text\">\n\t\t\t\t\t\t\t<p>Nota: Excepcionalmente, devido ao per\u00edodo de carnaval, os pedidos de&#8230;<\/p>\n\t\t\t\t\t\t<\/div><!-- .entry-summary -->\n\t\t\t\t\t<div class=\"wpsp-read-more\"><a title=\"Edital 02\/2026 &#8211; Sele\u00e7\u00e3o Simplificada para Matr\u00edcula de Alunos(as) Especiais 2026.1\" class=\"wp-show-posts-read-more\" href=\"https:\/\/www.cchla.ufpb.br\/proling\/processos-seletivos\/edital-02-2026-selecao-simplificada-para-matricula-de-alunosas-especiais-2026-1\/\">Leia +<\/a><\/div><\/div><!-- wp-show-posts-inner --><\/article><article class=\" wp-show-posts-single post-2670 post type-post status-publish format-standard has-post-thumbnail hentry category-destaques category-noticia wpsp-col-4\" itemtype=\"http:\/\/schema.org\/CreativeWork\" itemscope><div class=\"wp-show-posts-inner\" style=\"\">\t\t<div class=\"wp-show-posts-image  wpsp-image-center \">\n\t\t\t<a href=\"https:\/\/www.cchla.ufpb.br\/proling\/noticia\/capes-mantem-conceito-de-excelencia-do-programa\/\"  title=\"Capes mant\u00e9m conceito de excel\u00eancia do Programa\"><img loading=\"lazy\" decoding=\"async\" width=\"1080\" height=\"1080\" src=\"https:\/\/www.cchla.ufpb.br\/proling\/wp-content\/uploads\/2026\/01\/Post-Conceito-6-Proling-1.jpg\" class=\"attachment-full size-full wp-post-image\" alt=\"\" itemprop=\"image\" srcset=\"https:\/\/www.cchla.ufpb.br\/proling\/wp-content\/uploads\/2026\/01\/Post-Conceito-6-Proling-1.jpg 1080w, https:\/\/www.cchla.ufpb.br\/proling\/wp-content\/uploads\/2026\/01\/Post-Conceito-6-Proling-1-300x300.jpg 300w, https:\/\/www.cchla.ufpb.br\/proling\/wp-content\/uploads\/2026\/01\/Post-Conceito-6-Proling-1-1024x1024.jpg 1024w, https:\/\/www.cchla.ufpb.br\/proling\/wp-content\/uploads\/2026\/01\/Post-Conceito-6-Proling-1-150x150.jpg 150w, https:\/\/www.cchla.ufpb.br\/proling\/wp-content\/uploads\/2026\/01\/Post-Conceito-6-Proling-1-768x768.jpg 768w\" sizes=\"auto, (max-width: 1080px) 100vw, 1080px\" \/><\/a>\t\t<\/div>\n\t\t\t\t\t\t\t\t<header class=\"wp-show-posts-entry-header\">\n\t\t\t\t\t\t\t<h4 class=\"wp-show-posts-entry-title\" itemprop=\"headline\"><a href=\"https:\/\/www.cchla.ufpb.br\/proling\/noticia\/capes-mantem-conceito-de-excelencia-do-programa\/\" rel=\"bookmark\">Capes mant\u00e9m conceito de excel\u00eancia do Programa<\/a><\/h4><div class=\"wp-show-posts-entry-meta wp-show-posts-entry-meta-below-title post-meta-inline\"><span class=\"wp-show-posts-posted-on wp-show-posts-meta\">\n\t\t\t\t\t<a href=\"https:\/\/www.cchla.ufpb.br\/proling\/noticia\/capes-mantem-conceito-de-excelencia-do-programa\/\" title=\"16:10\" rel=\"bookmark\"><time class=\"wp-show-posts-entry-date published\" datetime=\"2026-01-15T16:10:32-03:00\" itemprop=\"datePublished\">15 de janeiro de 2026<\/time><time class=\"wp-show-posts-updated\" datetime=\"2026-02-20T17:42:40-03:00\" itemprop=\"dateModified\">20 de fevereiro de 2026<\/time><\/a>\n\t\t\t\t<\/span><\/div>\t\t\t\t\t\t<\/header><!-- .entry-header -->\n\t\t\t\t\t\t\t\t\t\t\t<div class=\"wp-show-posts-entry-summary\" itemprop=\"text\">\n\t\t\t\t\t\t\t<p>Resultado preliminar da avalia\u00e7\u00e3o quadrienal 2021-2024 da Capes reconhece, pelo&#8230;<\/p>\n\t\t\t\t\t\t<\/div><!-- .entry-summary -->\n\t\t\t\t\t<div class=\"wpsp-read-more\"><a title=\"Capes mant\u00e9m conceito de excel\u00eancia do Programa\" class=\"wp-show-posts-read-more\" href=\"https:\/\/www.cchla.ufpb.br\/proling\/noticia\/capes-mantem-conceito-de-excelencia-do-programa\/\">Leia +<\/a><\/div><\/div><!-- wp-show-posts-inner --><\/article><article class=\" wp-show-posts-single post-2655 post type-post status-publish format-standard has-post-thumbnail hentry category-noticia wpsp-col-4\" itemtype=\"http:\/\/schema.org\/CreativeWork\" itemscope><div class=\"wp-show-posts-inner\" style=\"\">\t\t<div class=\"wp-show-posts-image  wpsp-image-center \">\n\t\t\t<a href=\"https:\/\/www.cchla.ufpb.br\/proling\/noticia\/nota\/\"  title=\"Nota\"><img loading=\"lazy\" decoding=\"async\" width=\"1600\" height=\"1600\" src=\"https:\/\/www.cchla.ufpb.br\/proling\/wp-content\/uploads\/2025\/10\/nota.jpeg\" class=\"attachment-full size-full wp-post-image\" alt=\"\" itemprop=\"image\" srcset=\"https:\/\/www.cchla.ufpb.br\/proling\/wp-content\/uploads\/2025\/10\/nota.jpeg 1600w, https:\/\/www.cchla.ufpb.br\/proling\/wp-content\/uploads\/2025\/10\/nota-300x300.jpeg 300w, https:\/\/www.cchla.ufpb.br\/proling\/wp-content\/uploads\/2025\/10\/nota-1024x1024.jpeg 1024w, https:\/\/www.cchla.ufpb.br\/proling\/wp-content\/uploads\/2025\/10\/nota-150x150.jpeg 150w, https:\/\/www.cchla.ufpb.br\/proling\/wp-content\/uploads\/2025\/10\/nota-768x768.jpeg 768w, https:\/\/www.cchla.ufpb.br\/proling\/wp-content\/uploads\/2025\/10\/nota-1536x1536.jpeg 1536w\" sizes=\"auto, (max-width: 1600px) 100vw, 1600px\" \/><\/a>\t\t<\/div>\n\t\t\t\t\t\t\t\t<header class=\"wp-show-posts-entry-header\">\n\t\t\t\t\t\t\t<h4 class=\"wp-show-posts-entry-title\" itemprop=\"headline\"><a href=\"https:\/\/www.cchla.ufpb.br\/proling\/noticia\/nota\/\" rel=\"bookmark\">Nota<\/a><\/h4><div class=\"wp-show-posts-entry-meta wp-show-posts-entry-meta-below-title post-meta-inline\"><span class=\"wp-show-posts-posted-on wp-show-posts-meta\">\n\t\t\t\t\t<a href=\"https:\/\/www.cchla.ufpb.br\/proling\/noticia\/nota\/\" title=\"19:00\" rel=\"bookmark\"><time class=\"wp-show-posts-entry-date published\" datetime=\"2025-10-10T19:00:00-03:00\" itemprop=\"datePublished\">10 de outubro de 2025<\/time><time class=\"wp-show-posts-updated\" datetime=\"2026-01-12T10:00:13-03:00\" itemprop=\"dateModified\">12 de janeiro de 2026<\/time><\/a>\n\t\t\t\t<\/span><\/div>\t\t\t\t\t\t<\/header><!-- .entry-header -->\n\t\t\t\t\t\t\t\t\t\t\t<div class=\"wp-show-posts-entry-summary\" itemprop=\"text\">\n\t\t\t\t\t\t\t\t\t\t\t\t\t<\/div><!-- .entry-summary -->\n\t\t\t\t\t<div class=\"wpsp-read-more\"><a title=\"Nota\" class=\"wp-show-posts-read-more\" href=\"https:\/\/www.cchla.ufpb.br\/proling\/noticia\/nota\/\">Leia +<\/a><\/div><\/div><!-- wp-show-posts-inner --><\/article><article class=\" wp-show-posts-single post-2652 post type-post status-publish format-standard has-post-thumbnail hentry category-destaques category-noticia wpsp-col-4\" itemtype=\"http:\/\/schema.org\/CreativeWork\" itemscope><div class=\"wp-show-posts-inner\" style=\"\">\t\t<div class=\"wp-show-posts-image  wpsp-image-center \">\n\t\t\t<a href=\"https:\/\/www.cchla.ufpb.br\/proling\/noticia\/aviso-importante\/\"  title=\"Aviso Importante\"><img loading=\"lazy\" decoding=\"async\" width=\"1080\" height=\"1080\" src=\"https:\/\/www.cchla.ufpb.br\/proling\/wp-content\/uploads\/2025\/10\/proling-1.png\" class=\"attachment-full size-full wp-post-image\" alt=\"\" itemprop=\"image\" srcset=\"https:\/\/www.cchla.ufpb.br\/proling\/wp-content\/uploads\/2025\/10\/proling-1.png 1080w, https:\/\/www.cchla.ufpb.br\/proling\/wp-content\/uploads\/2025\/10\/proling-1-300x300.png 300w, https:\/\/www.cchla.ufpb.br\/proling\/wp-content\/uploads\/2025\/10\/proling-1-1024x1024.png 1024w, https:\/\/www.cchla.ufpb.br\/proling\/wp-content\/uploads\/2025\/10\/proling-1-150x150.png 150w, https:\/\/www.cchla.ufpb.br\/proling\/wp-content\/uploads\/2025\/10\/proling-1-768x768.png 768w\" sizes=\"auto, (max-width: 1080px) 100vw, 1080px\" \/><\/a>\t\t<\/div>\n\t\t\t\t\t\t\t\t<header class=\"wp-show-posts-entry-header\">\n\t\t\t\t\t\t\t<h4 class=\"wp-show-posts-entry-title\" itemprop=\"headline\"><a href=\"https:\/\/www.cchla.ufpb.br\/proling\/noticia\/aviso-importante\/\" rel=\"bookmark\">Aviso Importante<\/a><\/h4><div class=\"wp-show-posts-entry-meta wp-show-posts-entry-meta-below-title post-meta-inline\"><span class=\"wp-show-posts-posted-on wp-show-posts-meta\">\n\t\t\t\t\t<a href=\"https:\/\/www.cchla.ufpb.br\/proling\/noticia\/aviso-importante\/\" title=\"16:40\" rel=\"bookmark\"><time class=\"wp-show-posts-entry-date published\" datetime=\"2025-10-10T16:40:58-03:00\" itemprop=\"datePublished\">10 de outubro de 2025<\/time><time class=\"wp-show-posts-updated\" datetime=\"2025-10-10T18:06:32-03:00\" itemprop=\"dateModified\">10 de outubro de 2025<\/time><\/a>\n\t\t\t\t<\/span><\/div>\t\t\t\t\t\t<\/header><!-- .entry-header -->\n\t\t\t\t\t\t\t\t\t\t\t<div class=\"wp-show-posts-entry-summary\" itemprop=\"text\">\n\t\t\t\t\t\t\t\t\t\t\t\t\t<\/div><!-- .entry-summary -->\n\t\t\t\t\t<div class=\"wpsp-read-more\"><a title=\"Aviso Importante\" class=\"wp-show-posts-read-more\" href=\"https:\/\/www.cchla.ufpb.br\/proling\/noticia\/aviso-importante\/\">Leia +<\/a><\/div><\/div><!-- wp-show-posts-inner --><\/article><article class=\" wp-show-posts-single post-2645 post type-post status-publish format-standard has-post-thumbnail hentry category-bolsas category-destaques category-noticia wpsp-col-4\" itemtype=\"http:\/\/schema.org\/CreativeWork\" itemscope><div class=\"wp-show-posts-inner\" style=\"\">\t\t<div class=\"wp-show-posts-image  wpsp-image-center \">\n\t\t\t<a href=\"https:\/\/www.cchla.ufpb.br\/proling\/noticia\/edital-no-07-2025\/\"  title=\"EDITAL N\u00ba 07\/2025\"><img loading=\"lazy\" decoding=\"async\" width=\"1080\" height=\"1080\" src=\"https:\/\/www.cchla.ufpb.br\/proling\/wp-content\/uploads\/2025\/09\/proling.png\" class=\"attachment-full size-full wp-post-image\" alt=\"\" itemprop=\"image\" srcset=\"https:\/\/www.cchla.ufpb.br\/proling\/wp-content\/uploads\/2025\/09\/proling.png 1080w, https:\/\/www.cchla.ufpb.br\/proling\/wp-content\/uploads\/2025\/09\/proling-300x300.png 300w, https:\/\/www.cchla.ufpb.br\/proling\/wp-content\/uploads\/2025\/09\/proling-1024x1024.png 1024w, https:\/\/www.cchla.ufpb.br\/proling\/wp-content\/uploads\/2025\/09\/proling-150x150.png 150w, https:\/\/www.cchla.ufpb.br\/proling\/wp-content\/uploads\/2025\/09\/proling-768x768.png 768w\" sizes=\"auto, (max-width: 1080px) 100vw, 1080px\" \/><\/a>\t\t<\/div>\n\t\t\t\t\t\t\t\t<header class=\"wp-show-posts-entry-header\">\n\t\t\t\t\t\t\t<h4 class=\"wp-show-posts-entry-title\" itemprop=\"headline\"><a href=\"https:\/\/www.cchla.ufpb.br\/proling\/noticia\/edital-no-07-2025\/\" rel=\"bookmark\">EDITAL N\u00ba 07\/2025<\/a><\/h4><div class=\"wp-show-posts-entry-meta wp-show-posts-entry-meta-below-title post-meta-inline\"><span class=\"wp-show-posts-posted-on wp-show-posts-meta\">\n\t\t\t\t\t<a href=\"https:\/\/www.cchla.ufpb.br\/proling\/noticia\/edital-no-07-2025\/\" title=\"11:29\" rel=\"bookmark\"><time class=\"wp-show-posts-entry-date published\" datetime=\"2025-09-25T11:29:47-03:00\" itemprop=\"datePublished\">25 de setembro de 2025<\/time><time class=\"wp-show-posts-updated\" datetime=\"2025-09-25T11:38:42-03:00\" itemprop=\"dateModified\">25 de setembro de 2025<\/time><\/a>\n\t\t\t\t<\/span><\/div>\t\t\t\t\t\t<\/header><!-- .entry-header -->\n\t\t\t\t\t\t\t\t\t\t\t<div class=\"wp-show-posts-entry-summary\" itemprop=\"text\">\n\t\t\t\t\t\t\t<p>PROCESSO SELETIVO INTERNO PARA BOLSA PDSE\/CAPES A COORDENA\u00c7\u00c3O DO PROGRAMA&#8230;<\/p>\n\t\t\t\t\t\t<\/div><!-- .entry-summary -->\n\t\t\t\t\t<div class=\"wpsp-read-more\"><a title=\"EDITAL N\u00ba 07\/2025\" class=\"wp-show-posts-read-more\" href=\"https:\/\/www.cchla.ufpb.br\/proling\/noticia\/edital-no-07-2025\/\">Leia +<\/a><\/div><\/div><!-- wp-show-posts-inner --><\/article><div class=\"wpsp-clear\"><\/div><\/section><!-- .wp-show-posts --><div class=\"wpsp-load-more\"><span aria-current=\"page\" class=\"page-numbers current\">1<\/span>\n<a class=\"page-numbers\" href=\"https:\/\/www.cchla.ufpb.br\/proling\/wp-json\/wp\/v2\/pages\/642\/page\/2\/\">2<\/a>\n<span class=\"page-numbers dots\">&hellip;<\/span>\n<a class=\"page-numbers\" href=\"https:\/\/www.cchla.ufpb.br\/proling\/wp-json\/wp\/v2\/pages\/642\/page\/8\/\">8<\/a>\n<a class=\"next page-numbers\" href=\"https:\/\/www.cchla.ufpb.br\/proling\/wp-json\/wp\/v2\/pages\/642\/page\/2\/\">Pr\u00f3ximo &rarr;<\/a><\/div>\n","protected":false},"excerpt":{"rendered":"","protected":false},"author":3,"featured_media":0,"parent":0,"menu_order":0,"comment_status":"closed","ping_status":"closed","template":"","meta":{"neve_meta_sidebar":"right","neve_meta_container":"","neve_meta_enable_content_width":"on","neve_meta_content_width":70,"neve_meta_title_alignment":"","neve_meta_author_avatar":"","neve_post_elements_order":"","neve_meta_disable_header":"","neve_meta_disable_footer":"","neve_meta_disable_title":"","footnotes":""},"class_list":["post-642","page","type-page","status-publish","hentry"],"featured_image_src":null,"_links":{"self":[{"href":"https:\/\/www.cchla.ufpb.br\/proling\/wp-json\/wp\/v2\/pages\/642","targetHints":{"allow":["GET"]}}],"collection":[{"href":"https:\/\/www.cchla.ufpb.br\/proling\/wp-json\/wp\/v2\/pages"}],"about":[{"href":"https:\/\/www.cchla.ufpb.br\/proling\/wp-json\/wp\/v2\/types\/page"}],"author":[{"embeddable":true,"href":"https:\/\/www.cchla.ufpb.br\/proling\/wp-json\/wp\/v2\/users\/3"}],"replies":[{"embeddable":true,"href":"https:\/\/www.cchla.ufpb.br\/proling\/wp-json\/wp\/v2\/comments?post=642"}],"version-history":[{"count":1,"href":"https:\/\/www.cchla.ufpb.br\/proling\/wp-json\/wp\/v2\/pages\/642\/revisions"}],"predecessor-version":[{"id":643,"href":"https:\/\/www.cchla.ufpb.br\/proling\/wp-json\/wp\/v2\/pages\/642\/revisions\/643"}],"wp:attachment":[{"href":"https:\/\/www.cchla.ufpb.br\/proling\/wp-json\/wp\/v2\/media?parent=642"}],"curies":[{"name":"wp","href":"https:\/\/api.w.org\/{rel}","templated":true}]}}