{"id":9,"date":"2014-04-25T14:51:03","date_gmt":"2014-04-25T14:51:03","guid":{"rendered":"http:\/\/www.cchla.ufpb.br\/redhbrasil\/?page_id=9"},"modified":"2014-05-20T20:13:29","modified_gmt":"2014-05-20T20:13:29","slug":"biblioteca","status":"publish","type":"page","link":"https:\/\/www.cchla.ufpb.br\/redhbrasil\/?page_id=9","title":{"rendered":"Biblioteca Online"},"content":{"rendered":"<p>1. V\u00cdDEOS PARA DOWNLOAD<\/p>\n<p><a href=\"https:\/\/www.cchla.ufpb.br\/redhbrasil\/wp-content\/uploads\/2014\/04\/1.edh_na_multiplicidade_de_suas_vozes.wmv\">M\u00f3dulo 1: EDH na multiplicidade de suas vozes (42 MB)<\/a><\/p>\n<p><a href=\"https:\/\/www.cchla.ufpb.br\/redhbrasil\/wp-content\/uploads\/2014\/04\/2.o_estado_e_a_norma.wmv\">M\u00f3dulo 2: O Estado e a Norma (66 MB)<\/a><\/p>\n<p><a href=\"https:\/\/www.cchla.ufpb.br\/redhbrasil\/wp-content\/uploads\/2014\/04\/3.apresentacao_globalizacao_diversidade_e_inclusao.wmv\">M\u00f3dulo 3: Apresenta\u00e7\u00e3o &#8211; Globaliza\u00e7\u00e3o Diversidade e Inclus\u00e3o (500 kB)<\/a><\/p>\n<p><a href=\"https:\/\/www.cchla.ufpb.br\/redhbrasil\/wp-content\/uploads\/2014\/04\/4.globalizacao_diversidade_e_inclusao.wmv\">M\u00f3dulo 3: Globaliza\u00e7\u00e3o Diversidade e Inclus\u00e3o (110 MB)<\/a><\/p>\n<p><a href=\"https:\/\/www.cchla.ufpb.br\/redhbrasil\/wp-content\/uploads\/2014\/04\/5.educacao_em_dh_na_educacao_basica.wmv\">M\u00f3dulo 4: Educa\u00e7\u00e3o em Direitos Humanos na Educa\u00e7\u00e3o B\u00e1sica (94 MB)<\/a><\/p>\n<p>&nbsp;<\/p>\n<p>2. M\u00d3DULO 1<\/p>\n<p><a href=\"https:\/\/www.cchla.ufpb.br\/redhbrasil\/wp-content\/uploads\/2014\/04\/O-QUE-S\u00c3O-DIREITOS-HUMANOS.ppt\">O QUE S\u00c3O DIREITOS HUMANOS<\/a><\/p>\n<p><a href=\"https:\/\/www.cchla.ufpb.br\/redhbrasil\/wp-content\/uploads\/2014\/04\/modulo1_2.o_fundamento_do_dh.ppt\">O FUNDAMENTO DOS DIREITOS HUMANOS<\/a><\/p>\n<p><a href=\"https:\/\/www.cchla.ufpb.br\/redhbrasil\/wp-content\/uploads\/2014\/04\/modulo1_3.osujeitodosdh.ppt\">O SUJEITO DOS DIREITOS HUMANOS<\/a><\/p>\n<p><a href=\"https:\/\/www.cchla.ufpb.br\/redhbrasil\/wp-content\/uploads\/2014\/04\/modulo1_4.eticaeducacaocidadania.ppt\">\u00c9TICA, EDUCA\u00c7\u00c3O E CIDADANIA<\/a><\/p>\n<p><a href=\"https:\/\/www.cchla.ufpb.br\/redhbrasil\/wp-content\/uploads\/2014\/04\/modulo1_5_liberdade_igualdade_fraternidade.ppt\">LIBERDADE, IGUALDADE E FRATERNIDADE<\/a><\/p>\n<p><a href=\"https:\/\/www.cchla.ufpb.br\/redhbrasil\/wp-content\/uploads\/2014\/04\/modulo1_6.significados_da_dudh.ppt\">O SIGNIFICADO E AS CONSEQ\u00dc\u00caNCIAS DA DECLARA\u00c7\u00c3O UNIVERSAL DE 1948<\/a><\/p>\n<p><a href=\"https:\/\/www.cchla.ufpb.br\/redhbrasil\/wp-content\/uploads\/2014\/04\/modulo1_8.dh_fundamentos_e_validade.ppt\">DIREITOS HUMANOS: FUNDAMENTOS E VALIDADE DE UM PROJETO POL\u00cdTICO \u00c0 LUZ DO DESENVOLVIMENTO<\/a><\/p>\n<p><a href=\"https:\/\/www.cchla.ufpb.br\/redhbrasil\/wp-content\/uploads\/2014\/04\/modulo1_9.dhememorias.ppt\">DIREITOS HUMANOS E MEM\u00d3RIAS<\/a><\/p>\n<p><a href=\"https:\/\/www.cchla.ufpb.br\/redhbrasil\/wp-content\/uploads\/2014\/04\/PLANEJAMENTO.pdf\">PLANEJAMENTO<\/a>.pdf<\/p>\n<p><a href=\"https:\/\/www.cchla.ufpb.br\/redhbrasil\/wp-content\/uploads\/2014\/04\/O-QUE-S\u00c3O-DIREITOS-HUMANOS.pdf\">O QUE S\u00c3O DIREITOS HUMANOS.pdf<\/a><\/p>\n<p><a href=\"https:\/\/www.cchla.ufpb.br\/redhbrasil\/wp-content\/uploads\/2014\/04\/O-FUNDAMENTO-DOS-DIREITOS-HUMANOS.pdf\">O FUNDAMENTO DOS DIREITOS HUMANOS.pdf<\/a><\/p>\n<p><a href=\"https:\/\/www.cchla.ufpb.br\/redhbrasil\/wp-content\/uploads\/2014\/04\/O-SUJEITO-DOS-DIREITOS-HUMANOS.pdf\">O SUJEITO DOS DIREITOS HUMANOS.pdf<\/a><\/p>\n<p><a href=\"https:\/\/www.cchla.ufpb.br\/redhbrasil\/wp-content\/uploads\/2014\/04\/\u00c9TICA-EDUCA\u00c7\u00c3O-E-CIDADANIA.pdf\">\u00c9TICA, EDUCA\u00c7\u00c3O E CIDADANIA.pdf<\/a><\/p>\n<p><a href=\"https:\/\/www.cchla.ufpb.br\/redhbrasil\/wp-content\/uploads\/2014\/04\/LIBERDADE-IGUALDADE-E-FRATERNIDADE-NA-CONSTRU\u00c7\u00c3O-DOS-DHs.pdf\">LIBERDADE, IGUALDADE E FRATERNIDADE NA CONSTRU\u00c7\u00c3O DOS DHs.pdf<\/a><\/p>\n<p><a href=\"https:\/\/www.cchla.ufpb.br\/redhbrasil\/wp-content\/uploads\/2014\/04\/O-SIGNIFICADO-E-AS-CONSEQU\u00caNCIAS-DA-DECLARA\u00c7\u00c3O-UNIVERSAL-DE-1948.pdf\">O SIGNIFICADO E AS CONSEQU\u00caNCIAS DA DECLARA\u00c7\u00c3O UNIVERSAL DE 1948.pdf<\/a><\/p>\n<p><a href=\"https:\/\/www.cchla.ufpb.br\/redhbrasil\/wp-content\/uploads\/2014\/04\/DIREITOS-HUMANOS-UM-PROJETO-POL\u00cdTICO-\u00c0-LUZ-DO-DESENVOLVIMENTO-.pdf\">DIREITOS HUMANOS, UM PROJETO POL\u00cdTICO \u00c0 LUZ DO DESENVOLVIMENTO.pdf<\/a><\/p>\n<p><a href=\"https:\/\/www.cchla.ufpb.br\/redhbrasil\/wp-content\/uploads\/2014\/04\/DIREITOS-HUMANOS-E-MEM\u00d3RIAS-.pdf\">DIREITOS HUMANOS E MEM\u00d3RIAS.pdf<\/a><\/p>\n<p><a href=\"https:\/\/www.cchla.ufpb.br\/redhbrasil\/wp-content\/uploads\/2014\/04\/OFICINA-Direitos-Humanos-\u2013-Justificativa.pdf\">OFICINA- Direitos Humanos \u2013 Justificativa.pdf<\/a><\/p>\n<p><a href=\"https:\/\/www.cchla.ufpb.br\/redhbrasil\/wp-content\/uploads\/2014\/04\/CADASTRO-INSTITUCIONAL-EM-DIREITOS-HUMANOS.doc\">CADASTRO INSTITUCIONAL EM DIREITOS HUMANOS<\/a><\/p>\n<p><a href=\"https:\/\/www.cchla.ufpb.br\/redhbrasil\/wp-content\/uploads\/2014\/04\/AVALIAC\u00c3O-DO-MODULO-I.doc\">AVALIAC\u00c3O DO MODULO I<\/a><\/p>\n<p>&nbsp;<\/p>\n<p>3. M\u00d3DULO 2<\/p>\n<p><a href=\"https:\/\/www.cchla.ufpb.br\/redhbrasil\/wp-content\/uploads\/2014\/04\/mod2_1.fabio_viver_a_democracia.ppt\">VIVER A DEMOCRACIA: UMA BREVE AN\u00c1LISE SOBRE DEMOCRACIA, DIREITOS HUMANOS E CIDADANIA<\/a><\/p>\n<p><a href=\"https:\/\/www.cchla.ufpb.br\/redhbrasil\/wp-content\/uploads\/2014\/04\/mod2_2.pndh_pnedh_alexandre.ppt\">PNDH E PNEDH: FONTES E ARTICULA\u00c7\u00d5ES <\/a><\/p>\n<p><a href=\"https:\/\/www.cchla.ufpb.br\/redhbrasil\/wp-content\/uploads\/2014\/04\/mod2_3.pnedh_.ppt\">PLANO NACIONAL DE\u2028EDUCA\u00c7\u00c3O EM DIREITOS HUMANOS VERS\u00c3O 2 (2006)<\/a><\/p>\n<p><a href=\"https:\/\/www.cchla.ufpb.br\/redhbrasil\/wp-content\/uploads\/2014\/04\/mod2_4.plano_de_acao_naza.ppt\">ESQUEMA GERAL PARA A ESTRUTURA\u00c7\u00c3O E ELABORA\u00c7\u00c3O DO PLANO DE A\u00c7\u00c3O DE EDUCA\u00c7\u00c3O EM DIREITOS HUMANOS<\/a><\/p>\n<p><a href=\"https:\/\/www.cchla.ufpb.br\/redhbrasil\/wp-content\/uploads\/2014\/04\/mod2_5.fundamentos_m_luiza.ppt\">FUNDAMENTOS POL\u00cdTICOS E JUR\u00cdDICOS DA EDUCA\u00c7\u00c3O EM DIREITOS HUMANOS <\/a><\/p>\n<p><a href=\"https:\/\/www.cchla.ufpb.br\/redhbrasil\/wp-content\/uploads\/2014\/04\/modulo1_7.linhadotempo.ppt\">LINHA DO TEMPO<\/a><\/p>\n<p><a href=\"https:\/\/www.cchla.ufpb.br\/redhbrasil\/wp-content\/uploads\/2014\/04\/VIVER-A-DEMOCRACIA-DIREITOS-HUMANOS-E-CIDADANIA.pdf\">VIVER A DEMOCRACIA- DIREITOS HUMANOS E CIDADANIA.pdf<\/a><\/p>\n<p><a href=\"https:\/\/www.cchla.ufpb.br\/redhbrasil\/wp-content\/uploads\/2014\/04\/PNDH-E-PNEDH-FONTES-E-ARTICULA\u00c7\u00d5ES-.pdf\">PNDH E PNEDH- FONTES E ARTICULA\u00c7\u00d5ES.pdf<\/a><\/p>\n<p><a href=\"https:\/\/www.cchla.ufpb.br\/redhbrasil\/wp-content\/uploads\/2014\/04\/PLANO-DE-A\u00c7\u00c3O-EM-DH-NA-EDUCA\u00c7\u00c3O-B\u00c1SICA.pdf\">PLANO DE A\u00c7\u00c3O EM DH NA EDUCA\u00c7\u00c3O B\u00c1SICA.pdf<\/a><\/p>\n<p><a href=\"https:\/\/www.cchla.ufpb.br\/redhbrasil\/wp-content\/uploads\/2014\/04\/FUNDAMENTOS-CONSTITUCIONAIS-E-MARCOS-JUR\u00cdDICOS-INTERNACIONAIS-DOS-DIREITOS-HUMANOS-DO-TRABALHADOR.pdf\">FUNDAMENTOS CONSTITUCIONAIS E MARCOS JUR\u00cdDICOS INTERNACIONAIS DOS DIREITOS HUMANOS DO TRABALHADOR.pdf<\/a><\/p>\n<p><a href=\"https:\/\/www.cchla.ufpb.br\/redhbrasil\/wp-content\/uploads\/2014\/04\/ATIVIDADE-I-.pdf\">ATIVIDADE I.pdf<\/a><\/p>\n<p><a href=\"https:\/\/www.cchla.ufpb.br\/redhbrasil\/wp-content\/uploads\/2014\/04\/ATIVIDADE-II.pdf\">ATIVIDADE II.pdf<\/a><\/p>\n<p><a href=\"https:\/\/www.cchla.ufpb.br\/redhbrasil\/wp-content\/uploads\/2014\/04\/ATIVIDADE-III-.pdf\">ATIVIDADE III.pdf<\/a><\/p>\n<p><a href=\"https:\/\/www.cchla.ufpb.br\/redhbrasil\/wp-content\/uploads\/2014\/04\/LINHA-DO-TEMPO..pdf\">LINHA DO TEMPO.pdf<\/a><\/p>\n<p>&nbsp;<\/p>\n<p>4. M\u00d3DULO 3<\/p>\n<p><a href=\"https:\/\/www.cchla.ufpb.br\/redhbrasil\/wp-content\/uploads\/2014\/04\/mod3_dinamica_questoes_geradoras.doc\">Din\u00e2mica\/Quest\u00f5es geradoras.doc<\/a><\/p>\n<p><a href=\"https:\/\/www.cchla.ufpb.br\/redhbrasil\/wp-content\/uploads\/2014\/04\/mod3_mapas_conceituais.ppt\">Mapas conceituais<\/a><\/p>\n<p><a href=\"https:\/\/www.cchla.ufpb.br\/redhbrasil\/wp-content\/uploads\/2014\/04\/1.globalizacao_bernardo.ppt\">Globaliza\u00e7\u00e3o e Multiculturalismo<\/a><\/p>\n<p><a href=\"https:\/\/www.cchla.ufpb.br\/redhbrasil\/wp-content\/uploads\/2014\/04\/2.etnicidade_elio.ppt\">Diversidade \u00c9tnica<\/a><\/p>\n<p><a href=\"https:\/\/www.cchla.ufpb.br\/redhbrasil\/wp-content\/uploads\/2014\/04\/3.divers_cultural_jane.ppt\">Diversidade Cultural <\/a><\/p>\n<p><a href=\"https:\/\/www.cchla.ufpb.br\/redhbrasil\/wp-content\/uploads\/2014\/04\/4.diver_genero_rosa.ppt\">Diversidade de G\u00eanero<\/a><\/p>\n<p><a href=\"https:\/\/www.cchla.ufpb.br\/redhbrasil\/wp-content\/uploads\/2014\/04\/5.dignidadesexual_neto.ppt\">Diversidade de Orienta\u00e7\u00e3o Sexual<\/a><\/p>\n<p><a href=\"https:\/\/www.cchla.ufpb.br\/redhbrasil\/wp-content\/uploads\/2014\/04\/6.infancia_luciana.ppt\">Diversidade Geracional: crian\u00e7a, adolescentes e idosos <\/a><\/p>\n<p><a href=\"https:\/\/www.cchla.ufpb.br\/redhbrasil\/wp-content\/uploads\/2014\/04\/7.deficiencia_windyz.ppt\">Diversidade por Defici\u00eancias<\/a><\/p>\n<p><a href=\"https:\/\/www.cchla.ufpb.br\/redhbrasil\/wp-content\/uploads\/2014\/04\/8.edhmodulo3divreligiosa.ppt\">Diversidade Religiosa<\/a><\/p>\n<p><a href=\"https:\/\/www.cchla.ufpb.br\/redhbrasil\/wp-content\/uploads\/2014\/04\/9.edhmodulo3dhmidia.ppt\">M\u00eddia e Direitos Humanos<\/a><\/p>\n<p><a href=\"https:\/\/www.cchla.ufpb.br\/redhbrasil\/wp-content\/uploads\/2014\/04\/mod3_dh_e_cultura_rosa.ppt\">Direitos Humanos e Cultura<\/a><\/p>\n<p><a href=\"https:\/\/www.cchla.ufpb.br\/redhbrasil\/wp-content\/uploads\/2014\/04\/mod_3_planejamento.pdf\">PLANEJAMENTO.pdf<\/a><\/p>\n<p><a href=\"https:\/\/www.cchla.ufpb.br\/redhbrasil\/wp-content\/uploads\/2014\/04\/mod_3_3.3.1a_-etnicidade_elio.pdf\">N\u00d3S E ELES: ETNIA, ETNICIDADE, ETNOCENTRISMO.pdf<\/a><\/p>\n<p><a href=\"https:\/\/www.cchla.ufpb.br\/redhbrasil\/wp-content\/uploads\/2014\/04\/DIVERSIDADE-CULTURAL-OU-CONVERSAS-A-PROP\u00d3SITO-DO-BRASIL-PLURAL.pdf\">DIVERSIDADE CULTURAL OU CONVERSAS A PROP\u00d3SITO DO BRASIL PLURAL.pdf<\/a><\/p>\n<p><a href=\"https:\/\/www.cchla.ufpb.br\/redhbrasil\/wp-content\/uploads\/2014\/04\/DIVERSIDADE-DE-G\u00caNERO-MULHERES.pdf\">DIVERSIDADE DE G\u00caNERO &#8211; MULHERES.pdf<\/a><\/p>\n<p><a href=\"https:\/\/www.cchla.ufpb.br\/redhbrasil\/wp-content\/uploads\/2014\/04\/MODERNIDADE-GLOBALIZA\u00c7\u00c3O-E-DIVERSIDADE-CULTURAL.pdf\">MODERNIDADE, GLOBALIZA\u00c7\u00c3O E DIVERSIDADE CULTURAL.pdf<\/a><\/p>\n<p><a href=\"https:\/\/www.cchla.ufpb.br\/redhbrasil\/wp-content\/uploads\/2014\/04\/DIGNIDADE-SEXUAL-E-DIVERSIDADE-HUMANA.pdf\">DIGNIDADE SEXUAL E DIVERSIDADE HUMANA.pdf<\/a><\/p>\n<p><a href=\"https:\/\/www.cchla.ufpb.br\/redhbrasil\/wp-content\/uploads\/2014\/04\/HIST\u00d3RIAS-DA-INF\u00c2NCIA-E-DO-MUNDO-ADULTO.pdf\">HIST\u00d3RIAS DA INF\u00c2NCIA E DO MUNDO ADULTO.pdf<\/a><\/p>\n<p><a href=\"https:\/\/www.cchla.ufpb.br\/redhbrasil\/wp-content\/uploads\/2014\/04\/M\u00cdDIA-E-DIREITOS-HUMANOS.pdf\">M\u00cdDIA E DIREITOS HUMANOS.pdf<\/a><\/p>\n<p><a href=\"https:\/\/www.cchla.ufpb.br\/redhbrasil\/wp-content\/uploads\/2014\/04\/DIREITOS-DA-PESSOA-COM-DEFICI\u00caNCIA-E-INCLUS\u00c3O-NAS-ESCOLAS.pdf\">DIREITOS DA PESSOA COM DEFICI\u00caNCIA E INCLUS\u00c3O NAS ESCOLAS.pdf<\/a><\/p>\n<p><a href=\"https:\/\/www.cchla.ufpb.br\/redhbrasil\/wp-content\/uploads\/2014\/04\/DIVERSIDADE-RELIGIOSA-E-DIREITOS-HUMANOS.pdf\">DIVERSIDADE RELIGIOSA E DIREITOS HUMANOS.pdf<\/a><\/p>\n<p>&nbsp;<\/p>\n<p>5.\u00a0M\u00d3DULO 4<\/p>\n<p><a href=\"https:\/\/www.cchla.ufpb.br\/redhbrasil\/wp-content\/uploads\/2014\/04\/mod_4_educacaoemeparaosdireitoshumanosconquistaedireito_nazaredefinitivo.ppt\">A EDUCA\u00c7\u00c3O EM E PARA OS DIREITOS HUMANOS: CONQUISTA E DIREITO<\/a><\/p>\n<p><a href=\"https:\/\/www.cchla.ufpb.br\/redhbrasil\/wp-content\/uploads\/2014\/04\/mod_4_democracia_dh_maria_victoriaadefinitivo.ppt\">DEMOCRACIA E DIREITOS HUMANOS <\/a><\/p>\n<p><a href=\"https:\/\/www.cchla.ufpb.br\/redhbrasil\/wp-content\/uploads\/2014\/04\/mod_4_a_construcao_da_cidadania_ulissesdefinitivo.ppt\">A CONSTRU\u00c7\u00c3O DA CIDADANIA E DAS RELA\u00c7\u00d5ES DEMOCR\u00c1TICAS NO COTIDIANO ESCOLAR<\/a><\/p>\n<p><a href=\"https:\/\/www.cchla.ufpb.br\/redhbrasil\/wp-content\/uploads\/2014\/04\/mod_4_a_escolacomoespacodeemancipacaodossujeitos_bittardefinitivo.ppt\">A ESCOLA COMO ESPA\u00c7O DE EMANCIPA\u00c7\u00c3O DOS SUJEITOS<\/a><\/p>\n<p><a href=\"https:\/\/www.cchla.ufpb.br\/redhbrasil\/wp-content\/uploads\/2014\/04\/mod_4_odialogo_zeneto2definitivo-1.ppt\">O DI\u00c1LOGO NA CONSTRU\u00c7\u00c3O DO CURR\u00cdCULO EM EDUCA\u00c7\u00c3O PARA OS DIREITOS HUMANOS<\/a><\/p>\n<p><a href=\"https:\/\/www.cchla.ufpb.br\/redhbrasil\/wp-content\/uploads\/2014\/04\/mod_4_educacao_em_dh_vera_candaudefinitivo.ppt\">EDUCA\u00c7\u00c3O EM DIREITOS HUMANOS, CURR\u00cdCULO E ESTRAT\u00c9GIAS PEDAG\u00d3GICAS<\/a><\/p>\n<p><a href=\"https:\/\/www.cchla.ufpb.br\/redhbrasil\/wp-content\/uploads\/2014\/04\/mod_4_formacao_de_educadores_susanadefinitivo.ppt\">FORMA\u00c7\u00c3O DE EDUCADORES(AS) <\/a><\/p>\n<p><a href=\"https:\/\/www.cchla.ufpb.br\/redhbrasil\/wp-content\/uploads\/2014\/04\/mod_4_metodologiasparticipativas_zeneto1definitivo.ppt\">METODOLOGIAS PARTICIPATIVAS <\/a><\/p>\n<p><a href=\"https:\/\/www.cchla.ufpb.br\/redhbrasil\/wp-content\/uploads\/2014\/04\/PLANEJAMENTO1.pdf\">PLANEJAMENTO.pdf<\/a><\/p>\n<p><a href=\"https:\/\/www.cchla.ufpb.br\/redhbrasil\/wp-content\/uploads\/2014\/04\/EDUCA\u00c7\u00c3O-EM-E-PARA-OS-DIREITOS-HUMANOS-CONQUISTA-E-DIREITO.pdf\">EDUCA\u00c7\u00c3O EM E PARA OS DIREITOS HUMANOS- CONQUISTA E DIREITO.pdf<\/a><\/p>\n<p><a href=\"https:\/\/www.cchla.ufpb.br\/redhbrasil\/wp-content\/uploads\/2014\/04\/DEMOCRACIA-E-DIREITOS-HUMANOS.pdf\">DEMOCRACIA E DIREITOS HUMANOS &#8211; JOVENS.pdf<\/a><\/p>\n<p><a href=\"https:\/\/www.cchla.ufpb.br\/redhbrasil\/wp-content\/uploads\/2014\/04\/A-ESCOLA-COMO-ESPA\u00c7O-DE-SOCIALIZA\u00c7\u00c3O.pdf\">A ESCOLA COMO ESPA\u00c7O DE SOCIALIZA\u00c7\u00c3O.pdf<\/a><\/p>\n<p><a href=\"https:\/\/www.cchla.ufpb.br\/redhbrasil\/wp-content\/uploads\/2014\/04\/A-CONSTRU\u00c7\u00c3O-DA-CIDADANIA-E-DE-RELA\u00c7\u00d5ES-DEMOCR\u00c1TICAS-.pdf\">A CONSTRU\u00c7\u00c3O DA CIDADANIA E DE RELA\u00c7\u00d5ES DEMOCR\u00c1TICAS.pdf<\/a><\/p>\n<p><a href=\"https:\/\/www.cchla.ufpb.br\/redhbrasil\/wp-content\/uploads\/2014\/04\/A-ESCOLA-COMO-ESPA\u00c7O-DE-EMANCIPA\u00c7\u00c3O-DOS-SUJEITOS-.pdf\">A ESCOLA COMO ESPA\u00c7O DE EMANCIPA\u00c7\u00c3O DOS SUJEITOS.pdf<\/a><\/p>\n<p><a href=\"https:\/\/www.cchla.ufpb.br\/redhbrasil\/wp-content\/uploads\/2014\/04\/O-DI\u00c1LOGO-NA-CONSTRU\u00c7\u00c3O-DO-CURR\u00cdCULO-.pdf\">O DI\u00c1LOGO NA CONSTRU\u00c7\u00c3O DO CURR\u00cdCULO.pdf<\/a><\/p>\n<p><a href=\"https:\/\/www.cchla.ufpb.br\/redhbrasil\/wp-content\/uploads\/2014\/04\/EDUCA\u00c7\u00c3O-E-DIREITOS-HUMANOS-CURR\u00cdCULO-E-ESTRAT\u00c9GIAS-.pdf\">EDUCA\u00c7\u00c3O E DIREITOS HUMANOS, CURR\u00cdCULO E ESTRAT\u00c9GIAS.pdf<\/a><\/p>\n<p><a href=\"https:\/\/www.cchla.ufpb.br\/redhbrasil\/wp-content\/uploads\/2014\/04\/FORMA\u00c7\u00c3O-DE-EDUCADORESAS-EMPARA-OS-DIREITOS-HUMANOS.pdf\">FORMA\u00c7\u00c3O DE EDUCADORES:AS EM:PARA OS DIREITOS HUMANOS.pdf<\/a><\/p>\n<p><a href=\"https:\/\/www.cchla.ufpb.br\/redhbrasil\/wp-content\/uploads\/2014\/04\/METODOLOGIAS-PARTICIPATIVAS-EM-EDUCA\u00c7\u00c3O-.pdf\">METODOLOGIAS PARTICIPATIVAS EM EDUCA\u00c7\u00c3O.pdf<\/a><\/p>\n<p>&nbsp;<\/p>\n","protected":false},"excerpt":{"rendered":"<p>1. V\u00cdDEOS PARA DOWNLOAD M\u00f3dulo 1: EDH na multiplicidade de suas vozes (42 MB) M\u00f3dulo 2: O Estado e a Norma (66 MB) M\u00f3dulo 3: Apresenta\u00e7\u00e3o &#8211; Globaliza\u00e7\u00e3o Diversidade e Inclus\u00e3o (500 kB) M\u00f3dulo 3: Globaliza\u00e7\u00e3o Diversidade e Inclus\u00e3o (110 MB) M\u00f3dulo 4: Educa\u00e7\u00e3o em Direitos Humanos na Educa\u00e7\u00e3o B\u00e1sica (94 MB) &nbsp; 2. M\u00d3DULO [&hellip;]<\/p>\n","protected":false},"author":5,"featured_media":0,"parent":0,"menu_order":0,"comment_status":"closed","ping_status":"open","template":"","meta":[],"_links":{"self":[{"href":"https:\/\/www.cchla.ufpb.br\/redhbrasil\/index.php?rest_route=\/wp\/v2\/pages\/9"}],"collection":[{"href":"https:\/\/www.cchla.ufpb.br\/redhbrasil\/index.php?rest_route=\/wp\/v2\/pages"}],"about":[{"href":"https:\/\/www.cchla.ufpb.br\/redhbrasil\/index.php?rest_route=\/wp\/v2\/types\/page"}],"author":[{"embeddable":true,"href":"https:\/\/www.cchla.ufpb.br\/redhbrasil\/index.php?rest_route=\/wp\/v2\/users\/5"}],"replies":[{"embeddable":true,"href":"https:\/\/www.cchla.ufpb.br\/redhbrasil\/index.php?rest_route=%2Fwp%2Fv2%2Fcomments&post=9"}],"version-history":[{"count":55,"href":"https:\/\/www.cchla.ufpb.br\/redhbrasil\/index.php?rest_route=\/wp\/v2\/pages\/9\/revisions"}],"predecessor-version":[{"id":183,"href":"https:\/\/www.cchla.ufpb.br\/redhbrasil\/index.php?rest_route=\/wp\/v2\/pages\/9\/revisions\/183"}],"wp:attachment":[{"href":"https:\/\/www.cchla.ufpb.br\/redhbrasil\/index.php?rest_route=%2Fwp%2Fv2%2Fmedia&parent=9"}],"curies":[{"name":"wp","href":"https:\/\/api.w.org\/{rel}","templated":true}]}}